{"id":262,"date":"2023-10-16T09:46:24","date_gmt":"2023-10-16T08:46:24","guid":{"rendered":"https:\/\/www.zeitgeistirland24.com\/homepage\/"},"modified":"2024-12-30T10:34:14","modified_gmt":"2024-12-30T10:34:14","slug":"homepage","status":"publish","type":"page","link":"https:\/\/www.zeitgeistirland24.com\/de\/","title":{"rendered":"Homepage"},"content":{"rendered":"\n<div class=\"wp-block-uagb-container uagb-block-02789802 alignfull uagb-is-root-container\"><div class=\"uagb-container-inner-blocks-wrap\">\r\n<div class=\"content-highlight event-highlight section-container w-100  position-relative\">\r\n\t<div class=\"row\">\r\n\t\t<div class=\"col-md-7\">\r\n\t\t\t<div class=\"event-highlight-content\">\t\t\t\t\r\n\t\t\t\t\n\n<div class=\"wp-block-uagb-advanced-heading uagb-block-69749701\"><h1 class=\"uagb-heading-text\"><strong>Zeitgeist Irland 24 war eine Initiative von Culture Ireland und der irischen Botschaft, die 2024 in ganz Deutschland stattfand<\/strong><\/h1><\/div>\n\n\n\n<div class=\"wp-block-uagb-advanced-heading uagb-block-4914323c\"><p class=\"uagb-heading-text\">Mit einem ganzj\u00e4hrigen Programm von \u00fcber 400 Veranstaltungen in \u00fcber 100 St\u00e4dten war Zeitgeist Irland 24 ein Meilenstein f\u00fcr irische Kunst und Kultur in Deutschland. Es wurde eine neue Generation irischer K\u00fcnstler*innen, die den Reichtum und die Vielfalt der irischen Kultur darstellen und den Geist einer sich wandelnden Nation einfingen, pr\u00e4sentiert.<\/p><\/div>\n\n\n\n<div class=\"wp-block-uagb-advanced-heading uagb-block-bbe566e5\"><p class=\"uagb-heading-text\">Wir m\u00f6chten uns bei allen beteiligten K\u00fcnster*innen, Veranstaltern und dem Publikum, die das ganze Jahr \u00fcber mitgemacht und zusammen mit unseren institutionellen und Medienpartnern daf\u00fcr gesorgt haben, dass das Programm ein so gro\u00dfer Erfolg war, herzlich bedanken. Besonders dank gilt unserem Zeitgeist Irland 24-Werbepartner Entdecke Irland f\u00fcr die Unterst\u00fctzung.<\/p><\/div>\n\n\n\n<div class=\"wp-block-uagb-advanced-heading uagb-block-b8a4af5d\"><p class=\"uagb-heading-text\">Die Initiative zielte darauf ab, das Profil der zeitgen\u00f6ssischen irischen Kunst in Deutschland zu st\u00e4rken. Nachdem nun Tausende neuer Kontakte gekn\u00fcpft und Millionen von Menschen erreicht wurden, freuen wir uns auf die positiven Ergebnisse in den kommenden Jahren.<\/p><\/div>\n\n\r\n\t\t\t<\/div>\r\n\t\t<\/div>\r\n\t\t<div class=\"col-md-5\">\r\n\t\t\t<div class=\"event-highlight-image\">\r\n\t\t\t\t\t\r\n\t\t\t\t\t\t\t\t\t\t<div class=\"ratio ratio-16x9\"><iframe loading=\"lazy\" title=\"DFA - Zeitgeist Irland 24 - Closing Video - DE\" src=\"https:\/\/player.vimeo.com\/video\/1041046238?dnt=1&amp;app_id=122963\" width=\"640\" height=\"360\" frameborder=\"0\" allow=\"autoplay; fullscreen; picture-in-picture; clipboard-write; encrypted-media; web-share\" referrerpolicy=\"strict-origin-when-cross-origin\"><\/iframe><\/div>\r\n\t\t\t\t\t\t\t\t\r\n\t\t\t<\/div>\r\n\t\t<\/div>\r\n\t<\/div>\r\n<\/div><\/div><\/div>\n\n\n\n<div class=\"wp-block-uagb-container uagb-block-4a767e0f alignfull uagb-is-root-container\"><div class=\"uagb-container-inner-blocks-wrap\">\n<div style=\"background-color:#6BBDB2; text-align:center; margin-top:20px; padding: 0 10px; border-radius:10px;\">\n<h2>Unsere Podcast-Reihe pr\u00e4sentiert die K\u00fcnstler*innen von Zeitgeist Irland 24<\/h2>\n<p>Erleben Sie mit uns eine Podcast-Serie von Neil Hoare f\u00fcr Zeitgeist Irland 24, inwelcher Kreativit\u00e4t, Schaffen und Vorstellungskraft diskutiert werden. <a href=\"\/de\/podcasts\/\" style=\"color: #1B1412;\"><strong>Hier anh\u00f6ren<\/strong><\/a><\/p>\n<\/div>\n<\/div><\/div>\n\n\n\n<div class=\"wp-block-uagb-container uagb-block-de59683b alignfull uagb-is-root-container\"><div class=\"uagb-container-inner-blocks-wrap\">\n<div class=\"wp-block-uagb-advanced-heading uagb-block-14916ac8\"><h2 class=\"uagb-heading-text\"><a href=\"https:\/\/www.zeitgeistirland24.com\/de\/news\/\">Aktuelle Neuigkeiten<\/a><\/h2><\/div>\n<\/div><\/div>\n\n\n\n<div class=\"wp-block-uagb-container uagb-block-eaddcbc4 alignfull uagb-is-root-container\"><div class=\"uagb-container-inner-blocks-wrap\">\n\t\t\t<div class=\"wp-block-uagb-post-grid uagb-post-grid  uagb-post__image-position-top uagb-post__image-enabled uagb-block-c40fc9be     uagb-post__items uagb-post__columns-3 is-grid uagb-post__columns-tablet-2 uagb-post__columns-mobile-1 uagb-post__equal-height\" data-total=\"2\" style=\"\">\n\n\t\t\t\t\t\t\t\t\t\t\t\t<article class=\"uagb-post__inner-wrap\">\t\t\t\t\t\t\t\t<div class='uagb-post__image'>\n\t\t\t\t\t\t\t\t\t<a href=\"https:\/\/www.zeitgeistirland24.com\/de\/zeitgeist-irland-24-kommt-zu-einem-ende\/\" target=\"_self\" rel=\"bookmark noopener noreferrer\" class='uagb-image-ratio-inherit'><img loading=\"lazy\" decoding=\"async\" width=\"960\" height=\"640\" src=\"https:\/\/www.zeitgeistirland24.com\/app\/uploads\/2024\/12\/end-of-year-news-post.png\" class=\"attachment-large size-large\" alt=\"\" srcset=\"https:\/\/www.zeitgeistirland24.com\/app\/uploads\/2024\/12\/end-of-year-news-post.png 960w, https:\/\/www.zeitgeistirland24.com\/app\/uploads\/2024\/12\/end-of-year-news-post-300x200.png 300w, https:\/\/www.zeitgeistirland24.com\/app\/uploads\/2024\/12\/end-of-year-news-post-768x512.png 768w\" sizes=\"auto, (max-width: 960px) 100vw, 960px\" \/>\t\t\t\t\t<\/a>\n\t\t\t\t\t\t\t<\/div>\n\t\t\t\t\t\t<h3 class=\"uagb-post__title uagb-post__text\">\n\t\t\t\t<a href=\"https:\/\/www.zeitgeistirland24.com\/de\/zeitgeist-irland-24-kommt-zu-einem-ende\/\" target=\"_self\" rel=\"bookmark noopener noreferrer\">Zeitgeist Irland 24 kommt zu einem Ende<\/a>\n\t\t\t<\/h3>\n\t\t\t\t\t\t<div class='uagb-post__text uagb-post-grid-byline'>\n\t\t\t\t\t\t\t\t<time datetime=\"2024-12-30T12:02:45+00:00\" class=\"uagb-post__date\">\n\t\t\t\t\t\t\t\t\t30 December 2024\t\t\t\t<\/time>\n\t\t\t\t\t\t<\/div>\n\t\t\t\t\t\t\t<div class='uagb-post__text uagb-post__excerpt'>\n\t\t\t\t\tZeitgeist Irland 24 war ein einj\u00e4hriges irisches Kulturprogramm mit \u00fcber 400 Veranstaltungen in \u00fcber 100&#8230;\t\t\t\t<\/div>\n\t\t\t\n\t\t\t\t\t\t\t\t\t<\/article>\n\t\t\t\t\t\t\t\t\t\t\t\t\t\t\t\t<article class=\"uagb-post__inner-wrap\">\t\t\t\t\t\t\t\t<div class='uagb-post__image'>\n\t\t\t\t\t\t\t\t\t<a href=\"https:\/\/www.zeitgeistirland24.com\/de\/deutsche-premiere-des-neuen-films-der-im-rahmen-von-zeitgeist-irland-24-in-auftrag-gegeben-wurde\/\" target=\"_self\" rel=\"bookmark noopener noreferrer\" class='uagb-image-ratio-inherit'><img loading=\"lazy\" decoding=\"async\" width=\"960\" height=\"640\" src=\"https:\/\/www.zeitgeistirland24.com\/app\/uploads\/2024\/09\/ZI24-webimage-960-x-640_if-i-fall-dont-pick-me-up.png\" class=\"attachment-large size-large\" alt=\"\" srcset=\"https:\/\/www.zeitgeistirland24.com\/app\/uploads\/2024\/09\/ZI24-webimage-960-x-640_if-i-fall-dont-pick-me-up.png 960w, https:\/\/www.zeitgeistirland24.com\/app\/uploads\/2024\/09\/ZI24-webimage-960-x-640_if-i-fall-dont-pick-me-up-300x200.png 300w, https:\/\/www.zeitgeistirland24.com\/app\/uploads\/2024\/09\/ZI24-webimage-960-x-640_if-i-fall-dont-pick-me-up-768x512.png 768w\" sizes=\"auto, (max-width: 960px) 100vw, 960px\" \/>\t\t\t\t\t<\/a>\n\t\t\t\t\t\t\t<\/div>\n\t\t\t\t\t\t<h3 class=\"uagb-post__title uagb-post__text\">\n\t\t\t\t<a href=\"https:\/\/www.zeitgeistirland24.com\/de\/deutsche-premiere-des-neuen-films-der-im-rahmen-von-zeitgeist-irland-24-in-auftrag-gegeben-wurde\/\" target=\"_self\" rel=\"bookmark noopener noreferrer\">Deutsche Premiere des neuen Films, der im Rahmen von Zeitgeist Irland 24 in Auftrag gegeben wurde<\/a>\n\t\t\t<\/h3>\n\t\t\t\t\t\t<div class='uagb-post__text uagb-post-grid-byline'>\n\t\t\t\t\t\t\t\t<time datetime=\"2024-10-01T09:31:08+01:00\" class=\"uagb-post__date\">\n\t\t\t\t\t\t\t\t\t1 October 2024\t\t\t\t<\/time>\n\t\t\t\t\t\t<\/div>\n\t\t\t\t\t\t\t<div class='uagb-post__text uagb-post__excerpt'>\n\t\t\t\t\t\u201eIf I Fall Don&#8217;t Pick me Up\u201c erkundet die Beziehung zwischen dem ber\u00fchmten irischen Autor&#8230;\t\t\t\t<\/div>\n\t\t\t\n\t\t\t\t\t\t\t\t\t<\/article>\n\t\t\t\t\t\t\t\t\t\t\t\t\t\t\t\t<article class=\"uagb-post__inner-wrap\">\t\t\t\t\t\t\t\t<div class='uagb-post__image'>\n\t\t\t\t\t\t\t\t\t<a href=\"https:\/\/www.zeitgeistirland24.com\/de\/zeitgeist-irland-24-ausstellungen-waehrend-der-berlin-art-week\/\" target=\"_self\" rel=\"bookmark noopener noreferrer\" class='uagb-image-ratio-inherit'><img loading=\"lazy\" decoding=\"async\" width=\"960\" height=\"624\" src=\"https:\/\/www.zeitgeistirland24.com\/app\/uploads\/2024\/08\/MD-Clouded-in-Veins-photo-Roman-Marz.png\" class=\"attachment-large size-large\" alt=\"\" srcset=\"https:\/\/www.zeitgeistirland24.com\/app\/uploads\/2024\/08\/MD-Clouded-in-Veins-photo-Roman-Marz.png 960w, https:\/\/www.zeitgeistirland24.com\/app\/uploads\/2024\/08\/MD-Clouded-in-Veins-photo-Roman-Marz-300x195.png 300w, https:\/\/www.zeitgeistirland24.com\/app\/uploads\/2024\/08\/MD-Clouded-in-Veins-photo-Roman-Marz-768x499.png 768w\" sizes=\"auto, (max-width: 960px) 100vw, 960px\" \/>\t\t\t\t\t<\/a>\n\t\t\t\t\t\t\t<\/div>\n\t\t\t\t\t\t<h3 class=\"uagb-post__title uagb-post__text\">\n\t\t\t\t<a href=\"https:\/\/www.zeitgeistirland24.com\/de\/zeitgeist-irland-24-ausstellungen-waehrend-der-berlin-art-week\/\" target=\"_self\" rel=\"bookmark noopener noreferrer\">Zeitgeist Irland 24 Ausstellungen w\u00e4hrend der Berlin Art Week<\/a>\n\t\t\t<\/h3>\n\t\t\t\t\t\t<div class='uagb-post__text uagb-post-grid-byline'>\n\t\t\t\t\t\t\t\t<time datetime=\"2024-08-14T15:54:38+01:00\" class=\"uagb-post__date\">\n\t\t\t\t\t\t\t\t\t14 August 2024\t\t\t\t<\/time>\n\t\t\t\t\t\t<\/div>\n\t\t\t\t\t\t\t<div class='uagb-post__text uagb-post__excerpt'>\n\t\t\t\t\tW\u00e4hrend der Berlin Art Week finden eine Reihe von Zeitgeist Irland 24-Ausstellungen irischer K\u00fcnstler statt.\t\t\t\t<\/div>\n\t\t\t\n\t\t\t\t\t\t\t\t\t<\/article>\n\t\t\t\t\t\t\t\t\t\t\t\t\t\t\t\t<article class=\"uagb-post__inner-wrap\">\t\t\t\t\t\t\t\t<div class='uagb-post__image'>\n\t\t\t\t\t\t\t\t\t<a href=\"https:\/\/www.zeitgeistirland24.com\/de\/creative-frameworks-info-und-networking-veranstaltungen\/\" target=\"_self\" rel=\"bookmark noopener noreferrer\" class='uagb-image-ratio-inherit'><img loading=\"lazy\" decoding=\"async\" width=\"960\" height=\"640\" src=\"https:\/\/www.zeitgeistirland24.com\/app\/uploads\/2024\/08\/CF-news-post-for-ZI24-_Websiteformated.png\" class=\"attachment-large size-large\" alt=\"\" srcset=\"https:\/\/www.zeitgeistirland24.com\/app\/uploads\/2024\/08\/CF-news-post-for-ZI24-_Websiteformated.png 960w, https:\/\/www.zeitgeistirland24.com\/app\/uploads\/2024\/08\/CF-news-post-for-ZI24-_Websiteformated-300x200.png 300w, https:\/\/www.zeitgeistirland24.com\/app\/uploads\/2024\/08\/CF-news-post-for-ZI24-_Websiteformated-768x512.png 768w\" sizes=\"auto, (max-width: 960px) 100vw, 960px\" \/>\t\t\t\t\t<\/a>\n\t\t\t\t\t\t\t<\/div>\n\t\t\t\t\t\t<h3 class=\"uagb-post__title uagb-post__text\">\n\t\t\t\t<a href=\"https:\/\/www.zeitgeistirland24.com\/de\/creative-frameworks-info-und-networking-veranstaltungen\/\" target=\"_self\" rel=\"bookmark noopener noreferrer\">Creative Frameworks \u2013 Info- und Networking- Veranstaltungen<\/a>\n\t\t\t<\/h3>\n\t\t\t\t\t\t<div class='uagb-post__text uagb-post-grid-byline'>\n\t\t\t\t\t\t\t\t<time datetime=\"2024-08-13T16:10:50+01:00\" class=\"uagb-post__date\">\n\t\t\t\t\t\t\t\t\t13 August 2024\t\t\t\t<\/time>\n\t\t\t\t\t\t<\/div>\n\t\t\t\t\t\t\t<div class='uagb-post__text uagb-post__excerpt'>\n\t\t\t\t\tEine regelm\u00e4\u00dfige Reihe von Treffen f\u00fcr irische Kreative in Deutschland im Rahmen von Zeitgeist Irland&#8230;\t\t\t\t<\/div>\n\t\t\t\n\t\t\t\t\t\t\t\t\t<\/article>\n\t\t\t\t\t\t\t\t\t\t\t\t\t\t\t\t<article class=\"uagb-post__inner-wrap\">\t\t\t\t\t\t\t\t<div class='uagb-post__image'>\n\t\t\t\t\t\t\t\t\t<a href=\"https:\/\/www.zeitgeistirland24.com\/de\/irisches-theater-in-deutschland\/\" target=\"_self\" rel=\"bookmark noopener noreferrer\" class='uagb-image-ratio-inherit'><img loading=\"lazy\" decoding=\"async\" width=\"960\" height=\"640\" src=\"https:\/\/www.zeitgeistirland24.com\/app\/uploads\/2024\/05\/960-x-640-ZI24-webimage-2.png\" class=\"attachment-large size-large\" alt=\"\" srcset=\"https:\/\/www.zeitgeistirland24.com\/app\/uploads\/2024\/05\/960-x-640-ZI24-webimage-2.png 960w, https:\/\/www.zeitgeistirland24.com\/app\/uploads\/2024\/05\/960-x-640-ZI24-webimage-2-300x200.png 300w, https:\/\/www.zeitgeistirland24.com\/app\/uploads\/2024\/05\/960-x-640-ZI24-webimage-2-768x512.png 768w\" sizes=\"auto, (max-width: 960px) 100vw, 960px\" \/>\t\t\t\t\t<\/a>\n\t\t\t\t\t\t\t<\/div>\n\t\t\t\t\t\t<h3 class=\"uagb-post__title uagb-post__text\">\n\t\t\t\t<a href=\"https:\/\/www.zeitgeistirland24.com\/de\/irisches-theater-in-deutschland\/\" target=\"_self\" rel=\"bookmark noopener noreferrer\">Irisches Theater in Deutschland<\/a>\n\t\t\t<\/h3>\n\t\t\t\t\t\t<div class='uagb-post__text uagb-post-grid-byline'>\n\t\t\t\t\t\t\t\t<time datetime=\"2024-05-17T14:12:14+01:00\" class=\"uagb-post__date\">\n\t\t\t\t\t\t\t\t\t17 May 2024\t\t\t\t<\/time>\n\t\t\t\t\t\t<\/div>\n\t\t\t\t\t\t\t<div class='uagb-post__text uagb-post__excerpt'>\n\t\t\t\t\tIm Rahmen von Zeitgeist Irland 24 finden im Mai und Juni zahlreiche spannende Produktionen statt\t\t\t\t<\/div>\n\t\t\t\n\t\t\t\t\t\t\t\t\t<\/article>\n\t\t\t\t\t\t\t\t\t\t\t\t\t\t\t\t<article class=\"uagb-post__inner-wrap\">\t\t\t\t\t\t\t\t<div class='uagb-post__image'>\n\t\t\t\t\t\t\t\t\t<a href=\"https:\/\/www.zeitgeistirland24.com\/de\/auftaktveranstaltung-von-zeitgeist-irland-24-ein-einjaehriges-programm-mit-irischer-kunst-und-kultur-in-ganz-deutschland\/\" target=\"_self\" rel=\"bookmark noopener noreferrer\" class='uagb-image-ratio-inherit'><img loading=\"lazy\" decoding=\"async\" width=\"960\" height=\"640\" src=\"https:\/\/www.zeitgeistirland24.com\/app\/uploads\/2024\/01\/launch-opening_960-x-640-ZI24-webimage.png\" class=\"attachment-large size-large\" alt=\"\" srcset=\"https:\/\/www.zeitgeistirland24.com\/app\/uploads\/2024\/01\/launch-opening_960-x-640-ZI24-webimage.png 960w, https:\/\/www.zeitgeistirland24.com\/app\/uploads\/2024\/01\/launch-opening_960-x-640-ZI24-webimage-300x200.png 300w, https:\/\/www.zeitgeistirland24.com\/app\/uploads\/2024\/01\/launch-opening_960-x-640-ZI24-webimage-768x512.png 768w\" sizes=\"auto, (max-width: 960px) 100vw, 960px\" \/>\t\t\t\t\t<\/a>\n\t\t\t\t\t\t\t<\/div>\n\t\t\t\t\t\t<h3 class=\"uagb-post__title uagb-post__text\">\n\t\t\t\t<a href=\"https:\/\/www.zeitgeistirland24.com\/de\/auftaktveranstaltung-von-zeitgeist-irland-24-ein-einjaehriges-programm-mit-irischer-kunst-und-kultur-in-ganz-deutschland\/\" target=\"_self\" rel=\"bookmark noopener noreferrer\">Auftaktveranstaltung von Zeitgeist Irland 24 &#8211; ein einj\u00e4hriges Programm mit irischer Kunst und Kultur in ganz Deutschland<\/a>\n\t\t\t<\/h3>\n\t\t\t\t\t\t<div class='uagb-post__text uagb-post-grid-byline'>\n\t\t\t\t\t\t\t\t<time datetime=\"2024-01-18T12:41:27+00:00\" class=\"uagb-post__date\">\n\t\t\t\t\t\t\t\t\t18 January 2024\t\t\t\t<\/time>\n\t\t\t\t\t\t<\/div>\n\t\t\t\t\t\t\t<div class='uagb-post__text uagb-post__excerpt'>\n\t\t\t\t\t<p>Heute Abend wird der T\u00e1naiste und Minister f\u00fcr Ausw\u00e4rtige Angelegenheiten und Verteidigung, Miche\u00e1l Martin TD,&#8230;\t\t\t\t<\/div>\n\t\t\t\n\t\t\t\t\t\t\t\t\t<\/article>\n\t\t\t\t\t\t\t\t\t\t\t<\/div>\n\t\t\t<\/div><\/div>\n","protected":false},"excerpt":{"rendered":"<p>Unsere Podcast-Reihe pr\u00e4sentiert die K\u00fcnstler*innen von Zeitgeist Irland 24 Erleben Sie mit uns eine Podcast-Serie von Neil Hoare f\u00fcr Zeitgeist Irland 24, inwelcher Kreativit\u00e4t, Schaffen und Vorstellungskraft diskutiert werden. Hier &hellip; <a href=\"https:\/\/www.zeitgeistirland24.com\/de\/\">Continued<\/a><\/p>\n","protected":false},"author":1,"featured_media":0,"parent":0,"menu_order":0,"comment_status":"closed","ping_status":"closed","template":"","meta":{"_acf_changed":false,"_uag_custom_page_level_css":"","footnotes":""},"class_list":["post-262","page","type-page","status-publish","hentry"],"acf":[],"yoast_head":"<!-- This site is optimized with the Yoast SEO plugin v25.0 - https:\/\/yoast.com\/wordpress\/plugins\/seo\/ -->\n<title>Zeitgeist Irland 24 - A season of Irish arts and culture in Germany throughout 2024<\/title>\n<meta name=\"robots\" content=\"index, follow, max-snippet:-1, max-image-preview:large, max-video-preview:-1\" \/>\n<link rel=\"canonical\" href=\"https:\/\/www.zeitgeistirland24.com\/de\/\" \/>\n<meta property=\"og:locale\" content=\"de_DE\" \/>\n<meta property=\"og:type\" content=\"article\" \/>\n<meta property=\"og:title\" content=\"Zeitgeist Irland 24 - A season of Irish arts and culture in Germany throughout 2024\" \/>\n<meta property=\"og:description\" content=\"Unsere Podcast-Reihe pr\u00e4sentiert die K\u00fcnstler*innen von Zeitgeist Irland 24 Erleben Sie mit uns eine Podcast-Serie von Neil Hoare f\u00fcr Zeitgeist Irland 24, inwelcher Kreativit\u00e4t, Schaffen und Vorstellungskraft diskutiert werden. Hier &hellip; Continued\" \/>\n<meta property=\"og:url\" content=\"https:\/\/www.zeitgeistirland24.com\/de\/\" \/>\n<meta property=\"og:site_name\" content=\"Zeitgeist Irland 24\" \/>\n<meta property=\"article:publisher\" content=\"https:\/\/www.facebook.com\/DepartmentofCultureIRL\/\" \/>\n<meta property=\"article:modified_time\" content=\"2024-12-30T10:34:14+00:00\" \/>\n<meta name=\"twitter:card\" content=\"summary_large_image\" \/>\n<meta name=\"twitter:site\" content=\"@DeptCultureIRL\" \/>\n<meta name=\"twitter:label1\" content=\"Est. reading time\" \/>\n\t<meta name=\"twitter:data1\" content=\"2 minutes\" \/>\n<script type=\"application\/ld+json\" class=\"yoast-schema-graph\">{\"@context\":\"https:\/\/schema.org\",\"@graph\":[{\"@type\":\"WebPage\",\"@id\":\"https:\/\/www.zeitgeistirland24.com\/de\/\",\"url\":\"https:\/\/www.zeitgeistirland24.com\/de\/\",\"name\":\"Zeitgeist Irland 24 - A season of Irish arts and culture in Germany throughout 2024\",\"isPartOf\":{\"@id\":\"https:\/\/www.zeitgeistirland24.com\/#website\"},\"datePublished\":\"2023-10-16T08:46:24+00:00\",\"dateModified\":\"2024-12-30T10:34:14+00:00\",\"breadcrumb\":{\"@id\":\"https:\/\/www.zeitgeistirland24.com\/de\/#breadcrumb\"},\"inLanguage\":\"de-DE\",\"potentialAction\":[{\"@type\":\"ReadAction\",\"target\":[\"https:\/\/www.zeitgeistirland24.com\/de\/\"]}]},{\"@type\":\"BreadcrumbList\",\"@id\":\"https:\/\/www.zeitgeistirland24.com\/de\/#breadcrumb\",\"itemListElement\":[{\"@type\":\"ListItem\",\"position\":1,\"name\":\"Home\",\"item\":\"https:\/\/www.zeitgeistirland24.com\/de\/\"},{\"@type\":\"ListItem\",\"position\":2,\"name\":\"Homepage\"}]},{\"@type\":\"WebSite\",\"@id\":\"https:\/\/www.zeitgeistirland24.com\/#website\",\"url\":\"https:\/\/www.zeitgeistirland24.com\/\",\"name\":\"Zeitgeist Irland 24\",\"description\":\"A season of Irish arts and culture in Germany throughout 2024\",\"publisher\":{\"@id\":\"https:\/\/www.zeitgeistirland24.com\/#organization\"},\"potentialAction\":[{\"@type\":\"SearchAction\",\"target\":{\"@type\":\"EntryPoint\",\"urlTemplate\":\"https:\/\/www.zeitgeistirland24.com\/?s={search_term_string}\"},\"query-input\":{\"@type\":\"PropertyValueSpecification\",\"valueRequired\":true,\"valueName\":\"search_term_string\"}}],\"inLanguage\":\"de-DE\"},{\"@type\":\"Organization\",\"@id\":\"https:\/\/www.zeitgeistirland24.com\/#organization\",\"name\":\"Zeitgeist Irland 24\",\"url\":\"https:\/\/www.zeitgeistirland24.com\/\",\"logo\":{\"@type\":\"ImageObject\",\"inLanguage\":\"de-DE\",\"@id\":\"https:\/\/www.zeitgeistirland24.com\/#\/schema\/logo\/image\/\",\"url\":\"https:\/\/www.zeitgeistirland24.com\/app\/uploads\/2023\/11\/zeitgeist-logo.png\",\"contentUrl\":\"https:\/\/www.zeitgeistirland24.com\/app\/uploads\/2023\/11\/zeitgeist-logo.png\",\"width\":640,\"height\":352,\"caption\":\"Zeitgeist Irland 24\"},\"image\":{\"@id\":\"https:\/\/www.zeitgeistirland24.com\/#\/schema\/logo\/image\/\"},\"sameAs\":[\"https:\/\/www.facebook.com\/DepartmentofCultureIRL\/\",\"https:\/\/x.com\/DeptCultureIRL\",\"https:\/\/www.instagram.com\/tourism.culture.gaeltacht\"]}]}<\/script>\n<!-- \/ Yoast SEO plugin. -->","yoast_head_json":{"title":"Zeitgeist Irland 24 - A season of Irish arts and culture in Germany throughout 2024","robots":{"index":"index","follow":"follow","max-snippet":"max-snippet:-1","max-image-preview":"max-image-preview:large","max-video-preview":"max-video-preview:-1"},"canonical":"https:\/\/www.zeitgeistirland24.com\/de\/","og_locale":"de_DE","og_type":"article","og_title":"Zeitgeist Irland 24 - A season of Irish arts and culture in Germany throughout 2024","og_description":"Unsere Podcast-Reihe pr\u00e4sentiert die K\u00fcnstler*innen von Zeitgeist Irland 24 Erleben Sie mit uns eine Podcast-Serie von Neil Hoare f\u00fcr Zeitgeist Irland 24, inwelcher Kreativit\u00e4t, Schaffen und Vorstellungskraft diskutiert werden. Hier &hellip; Continued","og_url":"https:\/\/www.zeitgeistirland24.com\/de\/","og_site_name":"Zeitgeist Irland 24","article_publisher":"https:\/\/www.facebook.com\/DepartmentofCultureIRL\/","article_modified_time":"2024-12-30T10:34:14+00:00","twitter_card":"summary_large_image","twitter_site":"@DeptCultureIRL","twitter_misc":{"Est. reading time":"2 minutes"},"schema":{"@context":"https:\/\/schema.org","@graph":[{"@type":"WebPage","@id":"https:\/\/www.zeitgeistirland24.com\/de\/","url":"https:\/\/www.zeitgeistirland24.com\/de\/","name":"Zeitgeist Irland 24 - A season of Irish arts and culture in Germany throughout 2024","isPartOf":{"@id":"https:\/\/www.zeitgeistirland24.com\/#website"},"datePublished":"2023-10-16T08:46:24+00:00","dateModified":"2024-12-30T10:34:14+00:00","breadcrumb":{"@id":"https:\/\/www.zeitgeistirland24.com\/de\/#breadcrumb"},"inLanguage":"de-DE","potentialAction":[{"@type":"ReadAction","target":["https:\/\/www.zeitgeistirland24.com\/de\/"]}]},{"@type":"BreadcrumbList","@id":"https:\/\/www.zeitgeistirland24.com\/de\/#breadcrumb","itemListElement":[{"@type":"ListItem","position":1,"name":"Home","item":"https:\/\/www.zeitgeistirland24.com\/de\/"},{"@type":"ListItem","position":2,"name":"Homepage"}]},{"@type":"WebSite","@id":"https:\/\/www.zeitgeistirland24.com\/#website","url":"https:\/\/www.zeitgeistirland24.com\/","name":"Zeitgeist Irland 24","description":"A season of Irish arts and culture in Germany throughout 2024","publisher":{"@id":"https:\/\/www.zeitgeistirland24.com\/#organization"},"potentialAction":[{"@type":"SearchAction","target":{"@type":"EntryPoint","urlTemplate":"https:\/\/www.zeitgeistirland24.com\/?s={search_term_string}"},"query-input":{"@type":"PropertyValueSpecification","valueRequired":true,"valueName":"search_term_string"}}],"inLanguage":"de-DE"},{"@type":"Organization","@id":"https:\/\/www.zeitgeistirland24.com\/#organization","name":"Zeitgeist Irland 24","url":"https:\/\/www.zeitgeistirland24.com\/","logo":{"@type":"ImageObject","inLanguage":"de-DE","@id":"https:\/\/www.zeitgeistirland24.com\/#\/schema\/logo\/image\/","url":"https:\/\/www.zeitgeistirland24.com\/app\/uploads\/2023\/11\/zeitgeist-logo.png","contentUrl":"https:\/\/www.zeitgeistirland24.com\/app\/uploads\/2023\/11\/zeitgeist-logo.png","width":640,"height":352,"caption":"Zeitgeist Irland 24"},"image":{"@id":"https:\/\/www.zeitgeistirland24.com\/#\/schema\/logo\/image\/"},"sameAs":["https:\/\/www.facebook.com\/DepartmentofCultureIRL\/","https:\/\/x.com\/DeptCultureIRL","https:\/\/www.instagram.com\/tourism.culture.gaeltacht"]}]}},"uagb_featured_image_src":{"full":false,"thumbnail":false,"medium":false,"medium_large":false,"large":false,"1536x1536":false,"2048x2048":false,"gform-image-choice-sm":false,"gform-image-choice-md":false,"gform-image-choice-lg":false},"uagb_author_info":{"display_name":"Dawid","author_link":"https:\/\/www.zeitgeistirland24.com\/de\/author\/dawid\/"},"uagb_comment_info":0,"uagb_excerpt":"Unsere Podcast-Reihe pr\u00e4sentiert die K\u00fcnstler*innen von Zeitgeist Irland 24 Erleben Sie mit uns eine Podcast-Serie von Neil Hoare f\u00fcr Zeitgeist Irland 24, inwelcher Kreativit\u00e4t, Schaffen und Vorstellungskraft diskutiert werden. Hier &hellip; Continued","_links":{"self":[{"href":"https:\/\/www.zeitgeistirland24.com\/de\/wp-json\/wp\/v2\/pages\/262","targetHints":{"allow":["GET"]}}],"collection":[{"href":"https:\/\/www.zeitgeistirland24.com\/de\/wp-json\/wp\/v2\/pages"}],"about":[{"href":"https:\/\/www.zeitgeistirland24.com\/de\/wp-json\/wp\/v2\/types\/page"}],"author":[{"embeddable":true,"href":"https:\/\/www.zeitgeistirland24.com\/de\/wp-json\/wp\/v2\/users\/1"}],"replies":[{"embeddable":true,"href":"https:\/\/www.zeitgeistirland24.com\/de\/wp-json\/wp\/v2\/comments?post=262"}],"version-history":[{"count":52,"href":"https:\/\/www.zeitgeistirland24.com\/de\/wp-json\/wp\/v2\/pages\/262\/revisions"}],"predecessor-version":[{"id":4100,"href":"https:\/\/www.zeitgeistirland24.com\/de\/wp-json\/wp\/v2\/pages\/262\/revisions\/4100"}],"wp:attachment":[{"href":"https:\/\/www.zeitgeistirland24.com\/de\/wp-json\/wp\/v2\/media?parent=262"}],"curies":[{"name":"wp","href":"https:\/\/api.w.org\/{rel}","templated":true}]}}