{"id":1321,"date":"2023-12-02T18:28:03","date_gmt":"2023-12-02T18:28:03","guid":{"rendered":"https:\/\/www.zeitgeistirland24.com\/?post_type=tribe_events&#038;p=1321"},"modified":"2024-06-24T12:50:11","modified_gmt":"2024-06-24T11:50:11","slug":"luftschloss","status":"publish","type":"tribe_events","link":"https:\/\/www.zeitgeistirland24.com\/de\/event\/luftschloss\/","title":{"rendered":"Luftschloss"},"content":{"rendered":"<p>Im Juli 2024 wird die K\u00fcnstlerin Clare Scott ein tempor\u00e4res, ortsspezifisches Werk oder eine &#8220;Interferenz&#8221; im SomoS-Raum in Berlin erforschen, entwickeln und schaffen. In den ersten zwei Wochen wird das Werk entwickelt und zusammengebaut, w\u00e4hrend in der dritte Woche (15.-20. Juli) das fertige Werk zu sehen sein wird. Das Werk wird aus wiederverwerteten Materialien aus der Umgebung hergestellt und von der Umgebung, dem Raum, den Mitarbeitenden und anderen K\u00fcnstler*innen inspiriert. Beitr\u00e4ge des SomoS-Kurators und anderer Personen sind ebenso willkommen wie Spenden von gefundenen Materialien. Neben den \u00fcblichen Anliegen der K\u00fcnstlerin, den Raum, das Kunstobjekt und die Entscheidungsfindung in neuen Umgebungen zu hinterfragen, zielt die Arbeit darauf ab, die irische Kreativit\u00e4t mit dem deutschen Standort zu verbinden und die M\u00f6glichkeiten der Verbindung zwischen K\u00fcnstler*innen, Kolleg*innen und dem Publikum zu maximieren.<\/p>\n<p>Ein K\u00fcnstlergespr\u00e4ch findet am 20. Juli um 19 Uhr im SomoS statt.<\/p>\n","protected":false},"excerpt":{"rendered":"<p>Eine tempor\u00e4re, ortsspezifische Arbeit im Somos, Berlin.<\/p>\n","protected":false},"author":14,"featured_media":847,"comment_status":"closed","ping_status":"closed","template":"","meta":{"_acf_changed":false,"_uag_custom_page_level_css":"","_tribe_events_status":"","_tribe_events_status_reason":"","_tribe_events_is_hybrid":"","_tribe_events_is_virtual":"","_tribe_events_virtual_video_source":"","_tribe_events_virtual_embed_video":"","_tribe_events_virtual_linked_button_text":"","_tribe_events_virtual_linked_button":"","_tribe_events_virtual_show_embed_at":"","_tribe_events_virtual_show_embed_to":[],"_tribe_events_virtual_show_on_event":"","_tribe_events_virtual_show_on_views":"","_tribe_events_virtual_url":"","footnotes":""},"tags":[],"tribe_events_cat":[47],"class_list":["post-1321","tribe_events","type-tribe_events","status-publish","has-post-thumbnail","hentry","tribe_events_cat-visual-art-de","cat_visual-art-de"],"acf":[],"yoast_head":"<!-- This site is optimized with the Yoast SEO plugin v25.0 - https:\/\/yoast.com\/wordpress\/plugins\/seo\/ -->\n<title>Luftschloss - Zeitgeist Irland 24<\/title>\n<meta name=\"robots\" content=\"index, follow, max-snippet:-1, max-image-preview:large, max-video-preview:-1\" \/>\n<link rel=\"canonical\" href=\"https:\/\/www.zeitgeistirland24.com\/de\/event\/luftschloss\/\" \/>\n<meta property=\"og:locale\" content=\"de_DE\" \/>\n<meta property=\"og:type\" content=\"article\" \/>\n<meta property=\"og:title\" content=\"Luftschloss - Zeitgeist Irland 24\" \/>\n<meta property=\"og:description\" content=\"Eine tempor\u00e4re, ortsspezifische Arbeit im Somos, Berlin.\" \/>\n<meta property=\"og:url\" content=\"https:\/\/www.zeitgeistirland24.com\/de\/event\/luftschloss\/\" \/>\n<meta property=\"og:site_name\" content=\"Zeitgeist Irland 24\" \/>\n<meta property=\"article:publisher\" content=\"https:\/\/www.facebook.com\/DepartmentofCultureIRL\/\" \/>\n<meta property=\"article:modified_time\" content=\"2024-06-24T11:50:11+00:00\" \/>\n<meta property=\"og:image\" content=\"https:\/\/www.zeitgeistirland24.com\/app\/uploads\/2023\/11\/LUFTSCHLOSS_Clare_Scott_Luan_Gallery_2020.jpg\" \/>\n\t<meta property=\"og:image:width\" content=\"960\" \/>\n\t<meta property=\"og:image:height\" content=\"640\" \/>\n\t<meta property=\"og:image:type\" content=\"image\/jpeg\" \/>\n<meta name=\"twitter:card\" content=\"summary_large_image\" \/>\n<meta name=\"twitter:site\" content=\"@DeptCultureIRL\" \/>\n<meta name=\"twitter:label1\" content=\"Est. reading time\" \/>\n\t<meta name=\"twitter:data1\" content=\"1 minute\" \/>\n<script type=\"application\/ld+json\" class=\"yoast-schema-graph\">{\"@context\":\"https:\/\/schema.org\",\"@graph\":[{\"@type\":\"WebPage\",\"@id\":\"https:\/\/www.zeitgeistirland24.com\/de\/event\/luftschloss\/\",\"url\":\"https:\/\/www.zeitgeistirland24.com\/de\/event\/luftschloss\/\",\"name\":\"Luftschloss - Zeitgeist Irland 24\",\"isPartOf\":{\"@id\":\"https:\/\/www.zeitgeistirland24.com\/#website\"},\"primaryImageOfPage\":{\"@id\":\"https:\/\/www.zeitgeistirland24.com\/de\/event\/luftschloss\/#primaryimage\"},\"image\":{\"@id\":\"https:\/\/www.zeitgeistirland24.com\/de\/event\/luftschloss\/#primaryimage\"},\"thumbnailUrl\":\"https:\/\/www.zeitgeistirland24.com\/app\/uploads\/2023\/11\/LUFTSCHLOSS_Clare_Scott_Luan_Gallery_2020.jpg\",\"datePublished\":\"2023-12-02T18:28:03+00:00\",\"dateModified\":\"2024-06-24T11:50:11+00:00\",\"breadcrumb\":{\"@id\":\"https:\/\/www.zeitgeistirland24.com\/de\/event\/luftschloss\/#breadcrumb\"},\"inLanguage\":\"de-DE\",\"potentialAction\":[{\"@type\":\"ReadAction\",\"target\":[\"https:\/\/www.zeitgeistirland24.com\/de\/event\/luftschloss\/\"]}]},{\"@type\":\"ImageObject\",\"inLanguage\":\"de-DE\",\"@id\":\"https:\/\/www.zeitgeistirland24.com\/de\/event\/luftschloss\/#primaryimage\",\"url\":\"https:\/\/www.zeitgeistirland24.com\/app\/uploads\/2023\/11\/LUFTSCHLOSS_Clare_Scott_Luan_Gallery_2020.jpg\",\"contentUrl\":\"https:\/\/www.zeitgeistirland24.com\/app\/uploads\/2023\/11\/LUFTSCHLOSS_Clare_Scott_Luan_Gallery_2020.jpg\",\"width\":960,\"height\":640,\"caption\":\"Image courtesy Clare Scott\"},{\"@type\":\"BreadcrumbList\",\"@id\":\"https:\/\/www.zeitgeistirland24.com\/de\/event\/luftschloss\/#breadcrumb\",\"itemListElement\":[{\"@type\":\"ListItem\",\"position\":1,\"name\":\"Home\",\"item\":\"https:\/\/www.zeitgeistirland24.com\/de\/\"},{\"@type\":\"ListItem\",\"position\":2,\"name\":\"Events\",\"item\":\"https:\/\/www.zeitgeistirland24.com\/events\/\"},{\"@type\":\"ListItem\",\"position\":3,\"name\":\"Luftschloss\"}]},{\"@type\":\"WebSite\",\"@id\":\"https:\/\/www.zeitgeistirland24.com\/#website\",\"url\":\"https:\/\/www.zeitgeistirland24.com\/\",\"name\":\"Zeitgeist Irland 24\",\"description\":\"A season of Irish arts and culture in Germany throughout 2024\",\"publisher\":{\"@id\":\"https:\/\/www.zeitgeistirland24.com\/#organization\"},\"potentialAction\":[{\"@type\":\"SearchAction\",\"target\":{\"@type\":\"EntryPoint\",\"urlTemplate\":\"https:\/\/www.zeitgeistirland24.com\/?s={search_term_string}\"},\"query-input\":{\"@type\":\"PropertyValueSpecification\",\"valueRequired\":true,\"valueName\":\"search_term_string\"}}],\"inLanguage\":\"de-DE\"},{\"@type\":\"Organization\",\"@id\":\"https:\/\/www.zeitgeistirland24.com\/#organization\",\"name\":\"Zeitgeist Irland 24\",\"url\":\"https:\/\/www.zeitgeistirland24.com\/\",\"logo\":{\"@type\":\"ImageObject\",\"inLanguage\":\"de-DE\",\"@id\":\"https:\/\/www.zeitgeistirland24.com\/#\/schema\/logo\/image\/\",\"url\":\"https:\/\/www.zeitgeistirland24.com\/app\/uploads\/2023\/11\/zeitgeist-logo.png\",\"contentUrl\":\"https:\/\/www.zeitgeistirland24.com\/app\/uploads\/2023\/11\/zeitgeist-logo.png\",\"width\":640,\"height\":352,\"caption\":\"Zeitgeist Irland 24\"},\"image\":{\"@id\":\"https:\/\/www.zeitgeistirland24.com\/#\/schema\/logo\/image\/\"},\"sameAs\":[\"https:\/\/www.facebook.com\/DepartmentofCultureIRL\/\",\"https:\/\/x.com\/DeptCultureIRL\",\"https:\/\/www.instagram.com\/tourism.culture.gaeltacht\"]}]}<\/script>\n<!-- \/ Yoast SEO plugin. -->","yoast_head_json":{"title":"Luftschloss - Zeitgeist Irland 24","robots":{"index":"index","follow":"follow","max-snippet":"max-snippet:-1","max-image-preview":"max-image-preview:large","max-video-preview":"max-video-preview:-1"},"canonical":"https:\/\/www.zeitgeistirland24.com\/de\/event\/luftschloss\/","og_locale":"de_DE","og_type":"article","og_title":"Luftschloss - Zeitgeist Irland 24","og_description":"Eine tempor\u00e4re, ortsspezifische Arbeit im Somos, Berlin.","og_url":"https:\/\/www.zeitgeistirland24.com\/de\/event\/luftschloss\/","og_site_name":"Zeitgeist Irland 24","article_publisher":"https:\/\/www.facebook.com\/DepartmentofCultureIRL\/","article_modified_time":"2024-06-24T11:50:11+00:00","og_image":[{"width":960,"height":640,"url":"https:\/\/www.zeitgeistirland24.com\/app\/uploads\/2023\/11\/LUFTSCHLOSS_Clare_Scott_Luan_Gallery_2020.jpg","type":"image\/jpeg"}],"twitter_card":"summary_large_image","twitter_site":"@DeptCultureIRL","twitter_misc":{"Est. reading time":"1 minute"},"schema":{"@context":"https:\/\/schema.org","@graph":[{"@type":"WebPage","@id":"https:\/\/www.zeitgeistirland24.com\/de\/event\/luftschloss\/","url":"https:\/\/www.zeitgeistirland24.com\/de\/event\/luftschloss\/","name":"Luftschloss - Zeitgeist Irland 24","isPartOf":{"@id":"https:\/\/www.zeitgeistirland24.com\/#website"},"primaryImageOfPage":{"@id":"https:\/\/www.zeitgeistirland24.com\/de\/event\/luftschloss\/#primaryimage"},"image":{"@id":"https:\/\/www.zeitgeistirland24.com\/de\/event\/luftschloss\/#primaryimage"},"thumbnailUrl":"https:\/\/www.zeitgeistirland24.com\/app\/uploads\/2023\/11\/LUFTSCHLOSS_Clare_Scott_Luan_Gallery_2020.jpg","datePublished":"2023-12-02T18:28:03+00:00","dateModified":"2024-06-24T11:50:11+00:00","breadcrumb":{"@id":"https:\/\/www.zeitgeistirland24.com\/de\/event\/luftschloss\/#breadcrumb"},"inLanguage":"de-DE","potentialAction":[{"@type":"ReadAction","target":["https:\/\/www.zeitgeistirland24.com\/de\/event\/luftschloss\/"]}]},{"@type":"ImageObject","inLanguage":"de-DE","@id":"https:\/\/www.zeitgeistirland24.com\/de\/event\/luftschloss\/#primaryimage","url":"https:\/\/www.zeitgeistirland24.com\/app\/uploads\/2023\/11\/LUFTSCHLOSS_Clare_Scott_Luan_Gallery_2020.jpg","contentUrl":"https:\/\/www.zeitgeistirland24.com\/app\/uploads\/2023\/11\/LUFTSCHLOSS_Clare_Scott_Luan_Gallery_2020.jpg","width":960,"height":640,"caption":"Image courtesy Clare Scott"},{"@type":"BreadcrumbList","@id":"https:\/\/www.zeitgeistirland24.com\/de\/event\/luftschloss\/#breadcrumb","itemListElement":[{"@type":"ListItem","position":1,"name":"Home","item":"https:\/\/www.zeitgeistirland24.com\/de\/"},{"@type":"ListItem","position":2,"name":"Events","item":"https:\/\/www.zeitgeistirland24.com\/events\/"},{"@type":"ListItem","position":3,"name":"Luftschloss"}]},{"@type":"WebSite","@id":"https:\/\/www.zeitgeistirland24.com\/#website","url":"https:\/\/www.zeitgeistirland24.com\/","name":"Zeitgeist Irland 24","description":"A season of Irish arts and culture in Germany throughout 2024","publisher":{"@id":"https:\/\/www.zeitgeistirland24.com\/#organization"},"potentialAction":[{"@type":"SearchAction","target":{"@type":"EntryPoint","urlTemplate":"https:\/\/www.zeitgeistirland24.com\/?s={search_term_string}"},"query-input":{"@type":"PropertyValueSpecification","valueRequired":true,"valueName":"search_term_string"}}],"inLanguage":"de-DE"},{"@type":"Organization","@id":"https:\/\/www.zeitgeistirland24.com\/#organization","name":"Zeitgeist Irland 24","url":"https:\/\/www.zeitgeistirland24.com\/","logo":{"@type":"ImageObject","inLanguage":"de-DE","@id":"https:\/\/www.zeitgeistirland24.com\/#\/schema\/logo\/image\/","url":"https:\/\/www.zeitgeistirland24.com\/app\/uploads\/2023\/11\/zeitgeist-logo.png","contentUrl":"https:\/\/www.zeitgeistirland24.com\/app\/uploads\/2023\/11\/zeitgeist-logo.png","width":640,"height":352,"caption":"Zeitgeist Irland 24"},"image":{"@id":"https:\/\/www.zeitgeistirland24.com\/#\/schema\/logo\/image\/"},"sameAs":["https:\/\/www.facebook.com\/DepartmentofCultureIRL\/","https:\/\/x.com\/DeptCultureIRL","https:\/\/www.instagram.com\/tourism.culture.gaeltacht"]}]}},"uagb_featured_image_src":{"full":["https:\/\/www.zeitgeistirland24.com\/app\/uploads\/2023\/11\/LUFTSCHLOSS_Clare_Scott_Luan_Gallery_2020.jpg",960,640,false],"thumbnail":["https:\/\/www.zeitgeistirland24.com\/app\/uploads\/2023\/11\/LUFTSCHLOSS_Clare_Scott_Luan_Gallery_2020-150x150.jpg",150,150,true],"medium":["https:\/\/www.zeitgeistirland24.com\/app\/uploads\/2023\/11\/LUFTSCHLOSS_Clare_Scott_Luan_Gallery_2020-300x200.jpg",300,200,true],"medium_large":["https:\/\/www.zeitgeistirland24.com\/app\/uploads\/2023\/11\/LUFTSCHLOSS_Clare_Scott_Luan_Gallery_2020-768x512.jpg",768,512,true],"large":["https:\/\/www.zeitgeistirland24.com\/app\/uploads\/2023\/11\/LUFTSCHLOSS_Clare_Scott_Luan_Gallery_2020.jpg",960,640,false],"1536x1536":["https:\/\/www.zeitgeistirland24.com\/app\/uploads\/2023\/11\/LUFTSCHLOSS_Clare_Scott_Luan_Gallery_2020.jpg",960,640,false],"2048x2048":["https:\/\/www.zeitgeistirland24.com\/app\/uploads\/2023\/11\/LUFTSCHLOSS_Clare_Scott_Luan_Gallery_2020.jpg",960,640,false],"gform-image-choice-sm":["https:\/\/www.zeitgeistirland24.com\/app\/uploads\/2023\/11\/LUFTSCHLOSS_Clare_Scott_Luan_Gallery_2020.jpg",300,200,false],"gform-image-choice-md":["https:\/\/www.zeitgeistirland24.com\/app\/uploads\/2023\/11\/LUFTSCHLOSS_Clare_Scott_Luan_Gallery_2020.jpg",400,267,false],"gform-image-choice-lg":["https:\/\/www.zeitgeistirland24.com\/app\/uploads\/2023\/11\/LUFTSCHLOSS_Clare_Scott_Luan_Gallery_2020.jpg",600,400,false]},"uagb_author_info":{"display_name":"Marlen Jacobs Hagen","author_link":"https:\/\/www.zeitgeistirland24.com\/de\/author\/marlenj\/"},"uagb_comment_info":0,"uagb_excerpt":"Eine tempor\u00e4re, ortsspezifische Arbeit im Somos, Berlin.","_links":{"self":[{"href":"https:\/\/www.zeitgeistirland24.com\/de\/wp-json\/wp\/v2\/tribe_events\/1321","targetHints":{"allow":["GET"]}}],"collection":[{"href":"https:\/\/www.zeitgeistirland24.com\/de\/wp-json\/wp\/v2\/tribe_events"}],"about":[{"href":"https:\/\/www.zeitgeistirland24.com\/de\/wp-json\/wp\/v2\/types\/tribe_events"}],"author":[{"embeddable":true,"href":"https:\/\/www.zeitgeistirland24.com\/de\/wp-json\/wp\/v2\/users\/14"}],"replies":[{"embeddable":true,"href":"https:\/\/www.zeitgeistirland24.com\/de\/wp-json\/wp\/v2\/comments?post=1321"}],"version-history":[{"count":3,"href":"https:\/\/www.zeitgeistirland24.com\/de\/wp-json\/wp\/v2\/tribe_events\/1321\/revisions"}],"predecessor-version":[{"id":3043,"href":"https:\/\/www.zeitgeistirland24.com\/de\/wp-json\/wp\/v2\/tribe_events\/1321\/revisions\/3043"}],"wp:featuredmedia":[{"embeddable":true,"href":"https:\/\/www.zeitgeistirland24.com\/de\/wp-json\/wp\/v2\/media\/847"}],"wp:attachment":[{"href":"https:\/\/www.zeitgeistirland24.com\/de\/wp-json\/wp\/v2\/media?parent=1321"}],"wp:term":[{"taxonomy":"post_tag","embeddable":true,"href":"https:\/\/www.zeitgeistirland24.com\/de\/wp-json\/wp\/v2\/tags?post=1321"},{"taxonomy":"tribe_events_cat","embeddable":true,"href":"https:\/\/www.zeitgeistirland24.com\/de\/wp-json\/wp\/v2\/tribe_events_cat?post=1321"}],"curies":[{"name":"wp","href":"https:\/\/api.w.org\/{rel}","templated":true}]}}