{"id":2468,"date":"2024-04-02T12:14:30","date_gmt":"2024-04-02T11:14:30","guid":{"rendered":"https:\/\/www.zeitgeistirland24.com\/?post_type=tribe_events&#038;p=2468"},"modified":"2024-04-02T12:14:30","modified_gmt":"2024-04-02T11:14:30","slug":"michelle-daly-deutschlandtour","status":"publish","type":"tribe_events","link":"https:\/\/www.zeitgeistirland24.com\/de\/event\/michelle-daly-deutschlandtour\/","title":{"rendered":"Michelle Daly Deutschlandtour"},"content":{"rendered":"<p>Die in Berlin lebende Dubliner S\u00e4ngerin, die f\u00fcr ihren vielseitigen Stil bekannt ist, der Soul, Jazz, Rhythm &amp; Blues und Oper umfasst, begibt sich auf eine Album Tournee durch Deutschland. Begleitet von Berliner Musikern wird sie zur\u00fcckgenommene Arrangements von Titeln aus ihrem Deb\u00fctalbum &#8220;January Skies&#8221; spielen, darunter den &#8220;Breakfast Track of the Week&#8221; von Jazz FM UK, &#8220;My Mama Told Me&#8221;, und Songs aus ihrer EP Melodramas. Au\u00dferdem wird sie einige Klassiker pr\u00e4sentieren, die ihre eigene Musik beeinflusst haben, sowie neues, in K\u00fcrze aufgenommenes Originalmaterial. Das Album, das sie gemeinsam mit dem australischen Filmkomponisten Michael Edwards (Morcheeba, Moloko, Game of Thrones Soundtrack) geschrieben hat, ist inspiriert vom Songwriting der 60er\/70er Jahre und dem Trip-Hop der 90er Jahre und behandelt Themen wie Zielstrebigkeit, Patriarchat, \u00dcbergangsriten, verlorener Glaube, Schicksal, verpasste Chancen und Fantasie versus Realit\u00e4t.   <\/p>\n<p>Konzertdaten:<\/p>\n<p>12.05. Alte-Utting &#8211; Munich<\/p>\n<p>13.05. Pony Bar &#8211; Hamburg<\/p>\n<p>17.05. Prinz Willy &#8211; Kiel<\/p>\n<p>18.05. Flohrs &#8211; Ahlefeld-Bistensee<\/p>\n<p>20.06. Quasimodo Sommerfest &#8211; Berlin<\/p>\n<p>&nbsp;<\/p>\n","protected":false},"excerpt":{"rendered":"<p>Singer\/Songwriterin Michelle Daly geht mit ihrem neuen Album &#8216;January Skies&#8217; auf Tour<\/p>\n","protected":false},"author":12,"featured_media":2455,"comment_status":"closed","ping_status":"closed","template":"","meta":{"_acf_changed":false,"_uag_custom_page_level_css":"","_tribe_events_status":"","_tribe_events_status_reason":"","_tribe_events_is_hybrid":"","_tribe_events_is_virtual":"","_tribe_events_virtual_video_source":"","_tribe_events_virtual_embed_video":"","_tribe_events_virtual_linked_button_text":"","_tribe_events_virtual_linked_button":"","_tribe_events_virtual_show_embed_at":"","_tribe_events_virtual_show_embed_to":[],"_tribe_events_virtual_show_on_event":"","_tribe_events_virtual_show_on_views":"","_tribe_events_virtual_url":"","footnotes":""},"tags":[],"tribe_events_cat":[67,61],"class_list":["post-2468","tribe_events","type-tribe_events","status-publish","has-post-thumbnail","hentry","tribe_events_cat-music-jazz-de","tribe_events_cat-music-pop-rock-electronic-de","cat_music-jazz-de","cat_music-pop-rock-electronic-de"],"acf":[],"yoast_head":"<!-- This site is optimized with the Yoast SEO plugin v25.0 - https:\/\/yoast.com\/wordpress\/plugins\/seo\/ -->\n<title>Michelle Daly Deutschlandtour - Zeitgeist Irland 24<\/title>\n<meta name=\"robots\" content=\"index, follow, max-snippet:-1, max-image-preview:large, max-video-preview:-1\" \/>\n<link rel=\"canonical\" href=\"https:\/\/www.zeitgeistirland24.com\/de\/event\/michelle-daly-deutschlandtour\/\" \/>\n<meta property=\"og:locale\" content=\"de_DE\" \/>\n<meta property=\"og:type\" content=\"article\" \/>\n<meta property=\"og:title\" content=\"Michelle Daly Deutschlandtour - Zeitgeist Irland 24\" \/>\n<meta property=\"og:description\" content=\"Singer\/Songwriterin Michelle Daly geht mit ihrem neuen Album &#039;January Skies&#039; auf Tour\" \/>\n<meta property=\"og:url\" content=\"https:\/\/www.zeitgeistirland24.com\/de\/event\/michelle-daly-deutschlandtour\/\" \/>\n<meta property=\"og:site_name\" content=\"Zeitgeist Irland 24\" \/>\n<meta property=\"article:publisher\" content=\"https:\/\/www.facebook.com\/DepartmentofCultureIRL\/\" \/>\n<meta property=\"og:image\" content=\"https:\/\/www.zeitgeistirland24.com\/app\/uploads\/2024\/04\/Michelle_Daly_Portrait_c_Victoria_Cadisch.jpg\" \/>\n\t<meta property=\"og:image:width\" content=\"960\" \/>\n\t<meta property=\"og:image:height\" content=\"640\" \/>\n\t<meta property=\"og:image:type\" content=\"image\/jpeg\" \/>\n<meta name=\"twitter:card\" content=\"summary_large_image\" \/>\n<meta name=\"twitter:site\" content=\"@DeptCultureIRL\" \/>\n<meta name=\"twitter:label1\" content=\"Est. reading time\" \/>\n\t<meta name=\"twitter:data1\" content=\"1 minute\" \/>\n<script type=\"application\/ld+json\" class=\"yoast-schema-graph\">{\"@context\":\"https:\/\/schema.org\",\"@graph\":[{\"@type\":\"WebPage\",\"@id\":\"https:\/\/www.zeitgeistirland24.com\/de\/event\/michelle-daly-deutschlandtour\/\",\"url\":\"https:\/\/www.zeitgeistirland24.com\/de\/event\/michelle-daly-deutschlandtour\/\",\"name\":\"Michelle Daly Deutschlandtour - Zeitgeist Irland 24\",\"isPartOf\":{\"@id\":\"https:\/\/www.zeitgeistirland24.com\/#website\"},\"primaryImageOfPage\":{\"@id\":\"https:\/\/www.zeitgeistirland24.com\/de\/event\/michelle-daly-deutschlandtour\/#primaryimage\"},\"image\":{\"@id\":\"https:\/\/www.zeitgeistirland24.com\/de\/event\/michelle-daly-deutschlandtour\/#primaryimage\"},\"thumbnailUrl\":\"https:\/\/www.zeitgeistirland24.com\/app\/uploads\/2024\/04\/Michelle_Daly_Portrait_c_Victoria_Cadisch.jpg\",\"datePublished\":\"2024-04-02T11:14:30+00:00\",\"breadcrumb\":{\"@id\":\"https:\/\/www.zeitgeistirland24.com\/de\/event\/michelle-daly-deutschlandtour\/#breadcrumb\"},\"inLanguage\":\"de-DE\",\"potentialAction\":[{\"@type\":\"ReadAction\",\"target\":[\"https:\/\/www.zeitgeistirland24.com\/de\/event\/michelle-daly-deutschlandtour\/\"]}]},{\"@type\":\"ImageObject\",\"inLanguage\":\"de-DE\",\"@id\":\"https:\/\/www.zeitgeistirland24.com\/de\/event\/michelle-daly-deutschlandtour\/#primaryimage\",\"url\":\"https:\/\/www.zeitgeistirland24.com\/app\/uploads\/2024\/04\/Michelle_Daly_Portrait_c_Victoria_Cadisch.jpg\",\"contentUrl\":\"https:\/\/www.zeitgeistirland24.com\/app\/uploads\/2024\/04\/Michelle_Daly_Portrait_c_Victoria_Cadisch.jpg\",\"width\":960,\"height\":640},{\"@type\":\"BreadcrumbList\",\"@id\":\"https:\/\/www.zeitgeistirland24.com\/de\/event\/michelle-daly-deutschlandtour\/#breadcrumb\",\"itemListElement\":[{\"@type\":\"ListItem\",\"position\":1,\"name\":\"Home\",\"item\":\"https:\/\/www.zeitgeistirland24.com\/de\/\"},{\"@type\":\"ListItem\",\"position\":2,\"name\":\"Events\",\"item\":\"https:\/\/www.zeitgeistirland24.com\/events\/\"},{\"@type\":\"ListItem\",\"position\":3,\"name\":\"Michelle Daly Deutschlandtour\"}]},{\"@type\":\"WebSite\",\"@id\":\"https:\/\/www.zeitgeistirland24.com\/#website\",\"url\":\"https:\/\/www.zeitgeistirland24.com\/\",\"name\":\"Zeitgeist Irland 24\",\"description\":\"A season of Irish arts and culture in Germany throughout 2024\",\"publisher\":{\"@id\":\"https:\/\/www.zeitgeistirland24.com\/#organization\"},\"potentialAction\":[{\"@type\":\"SearchAction\",\"target\":{\"@type\":\"EntryPoint\",\"urlTemplate\":\"https:\/\/www.zeitgeistirland24.com\/?s={search_term_string}\"},\"query-input\":{\"@type\":\"PropertyValueSpecification\",\"valueRequired\":true,\"valueName\":\"search_term_string\"}}],\"inLanguage\":\"de-DE\"},{\"@type\":\"Organization\",\"@id\":\"https:\/\/www.zeitgeistirland24.com\/#organization\",\"name\":\"Zeitgeist Irland 24\",\"url\":\"https:\/\/www.zeitgeistirland24.com\/\",\"logo\":{\"@type\":\"ImageObject\",\"inLanguage\":\"de-DE\",\"@id\":\"https:\/\/www.zeitgeistirland24.com\/#\/schema\/logo\/image\/\",\"url\":\"https:\/\/www.zeitgeistirland24.com\/app\/uploads\/2023\/11\/zeitgeist-logo.png\",\"contentUrl\":\"https:\/\/www.zeitgeistirland24.com\/app\/uploads\/2023\/11\/zeitgeist-logo.png\",\"width\":640,\"height\":352,\"caption\":\"Zeitgeist Irland 24\"},\"image\":{\"@id\":\"https:\/\/www.zeitgeistirland24.com\/#\/schema\/logo\/image\/\"},\"sameAs\":[\"https:\/\/www.facebook.com\/DepartmentofCultureIRL\/\",\"https:\/\/x.com\/DeptCultureIRL\",\"https:\/\/www.instagram.com\/tourism.culture.gaeltacht\"]}]}<\/script>\n<!-- \/ Yoast SEO plugin. -->","yoast_head_json":{"title":"Michelle Daly Deutschlandtour - Zeitgeist Irland 24","robots":{"index":"index","follow":"follow","max-snippet":"max-snippet:-1","max-image-preview":"max-image-preview:large","max-video-preview":"max-video-preview:-1"},"canonical":"https:\/\/www.zeitgeistirland24.com\/de\/event\/michelle-daly-deutschlandtour\/","og_locale":"de_DE","og_type":"article","og_title":"Michelle Daly Deutschlandtour - Zeitgeist Irland 24","og_description":"Singer\/Songwriterin Michelle Daly geht mit ihrem neuen Album 'January Skies' auf Tour","og_url":"https:\/\/www.zeitgeistirland24.com\/de\/event\/michelle-daly-deutschlandtour\/","og_site_name":"Zeitgeist Irland 24","article_publisher":"https:\/\/www.facebook.com\/DepartmentofCultureIRL\/","og_image":[{"width":960,"height":640,"url":"https:\/\/www.zeitgeistirland24.com\/app\/uploads\/2024\/04\/Michelle_Daly_Portrait_c_Victoria_Cadisch.jpg","type":"image\/jpeg"}],"twitter_card":"summary_large_image","twitter_site":"@DeptCultureIRL","twitter_misc":{"Est. reading time":"1 minute"},"schema":{"@context":"https:\/\/schema.org","@graph":[{"@type":"WebPage","@id":"https:\/\/www.zeitgeistirland24.com\/de\/event\/michelle-daly-deutschlandtour\/","url":"https:\/\/www.zeitgeistirland24.com\/de\/event\/michelle-daly-deutschlandtour\/","name":"Michelle Daly Deutschlandtour - Zeitgeist Irland 24","isPartOf":{"@id":"https:\/\/www.zeitgeistirland24.com\/#website"},"primaryImageOfPage":{"@id":"https:\/\/www.zeitgeistirland24.com\/de\/event\/michelle-daly-deutschlandtour\/#primaryimage"},"image":{"@id":"https:\/\/www.zeitgeistirland24.com\/de\/event\/michelle-daly-deutschlandtour\/#primaryimage"},"thumbnailUrl":"https:\/\/www.zeitgeistirland24.com\/app\/uploads\/2024\/04\/Michelle_Daly_Portrait_c_Victoria_Cadisch.jpg","datePublished":"2024-04-02T11:14:30+00:00","breadcrumb":{"@id":"https:\/\/www.zeitgeistirland24.com\/de\/event\/michelle-daly-deutschlandtour\/#breadcrumb"},"inLanguage":"de-DE","potentialAction":[{"@type":"ReadAction","target":["https:\/\/www.zeitgeistirland24.com\/de\/event\/michelle-daly-deutschlandtour\/"]}]},{"@type":"ImageObject","inLanguage":"de-DE","@id":"https:\/\/www.zeitgeistirland24.com\/de\/event\/michelle-daly-deutschlandtour\/#primaryimage","url":"https:\/\/www.zeitgeistirland24.com\/app\/uploads\/2024\/04\/Michelle_Daly_Portrait_c_Victoria_Cadisch.jpg","contentUrl":"https:\/\/www.zeitgeistirland24.com\/app\/uploads\/2024\/04\/Michelle_Daly_Portrait_c_Victoria_Cadisch.jpg","width":960,"height":640},{"@type":"BreadcrumbList","@id":"https:\/\/www.zeitgeistirland24.com\/de\/event\/michelle-daly-deutschlandtour\/#breadcrumb","itemListElement":[{"@type":"ListItem","position":1,"name":"Home","item":"https:\/\/www.zeitgeistirland24.com\/de\/"},{"@type":"ListItem","position":2,"name":"Events","item":"https:\/\/www.zeitgeistirland24.com\/events\/"},{"@type":"ListItem","position":3,"name":"Michelle Daly Deutschlandtour"}]},{"@type":"WebSite","@id":"https:\/\/www.zeitgeistirland24.com\/#website","url":"https:\/\/www.zeitgeistirland24.com\/","name":"Zeitgeist Irland 24","description":"A season of Irish arts and culture in Germany throughout 2024","publisher":{"@id":"https:\/\/www.zeitgeistirland24.com\/#organization"},"potentialAction":[{"@type":"SearchAction","target":{"@type":"EntryPoint","urlTemplate":"https:\/\/www.zeitgeistirland24.com\/?s={search_term_string}"},"query-input":{"@type":"PropertyValueSpecification","valueRequired":true,"valueName":"search_term_string"}}],"inLanguage":"de-DE"},{"@type":"Organization","@id":"https:\/\/www.zeitgeistirland24.com\/#organization","name":"Zeitgeist Irland 24","url":"https:\/\/www.zeitgeistirland24.com\/","logo":{"@type":"ImageObject","inLanguage":"de-DE","@id":"https:\/\/www.zeitgeistirland24.com\/#\/schema\/logo\/image\/","url":"https:\/\/www.zeitgeistirland24.com\/app\/uploads\/2023\/11\/zeitgeist-logo.png","contentUrl":"https:\/\/www.zeitgeistirland24.com\/app\/uploads\/2023\/11\/zeitgeist-logo.png","width":640,"height":352,"caption":"Zeitgeist Irland 24"},"image":{"@id":"https:\/\/www.zeitgeistirland24.com\/#\/schema\/logo\/image\/"},"sameAs":["https:\/\/www.facebook.com\/DepartmentofCultureIRL\/","https:\/\/x.com\/DeptCultureIRL","https:\/\/www.instagram.com\/tourism.culture.gaeltacht"]}]}},"uagb_featured_image_src":{"full":["https:\/\/www.zeitgeistirland24.com\/app\/uploads\/2024\/04\/Michelle_Daly_Portrait_c_Victoria_Cadisch.jpg",960,640,false],"thumbnail":["https:\/\/www.zeitgeistirland24.com\/app\/uploads\/2024\/04\/Michelle_Daly_Portrait_c_Victoria_Cadisch-150x150.jpg",150,150,true],"medium":["https:\/\/www.zeitgeistirland24.com\/app\/uploads\/2024\/04\/Michelle_Daly_Portrait_c_Victoria_Cadisch-300x200.jpg",300,200,true],"medium_large":["https:\/\/www.zeitgeistirland24.com\/app\/uploads\/2024\/04\/Michelle_Daly_Portrait_c_Victoria_Cadisch-768x512.jpg",768,512,true],"large":["https:\/\/www.zeitgeistirland24.com\/app\/uploads\/2024\/04\/Michelle_Daly_Portrait_c_Victoria_Cadisch.jpg",960,640,false],"1536x1536":["https:\/\/www.zeitgeistirland24.com\/app\/uploads\/2024\/04\/Michelle_Daly_Portrait_c_Victoria_Cadisch.jpg",960,640,false],"2048x2048":["https:\/\/www.zeitgeistirland24.com\/app\/uploads\/2024\/04\/Michelle_Daly_Portrait_c_Victoria_Cadisch.jpg",960,640,false],"gform-image-choice-sm":["https:\/\/www.zeitgeistirland24.com\/app\/uploads\/2024\/04\/Michelle_Daly_Portrait_c_Victoria_Cadisch.jpg",300,200,false],"gform-image-choice-md":["https:\/\/www.zeitgeistirland24.com\/app\/uploads\/2024\/04\/Michelle_Daly_Portrait_c_Victoria_Cadisch.jpg",400,267,false],"gform-image-choice-lg":["https:\/\/www.zeitgeistirland24.com\/app\/uploads\/2024\/04\/Michelle_Daly_Portrait_c_Victoria_Cadisch.jpg",600,400,false]},"uagb_author_info":{"display_name":"Ciaran Walsh","author_link":"https:\/\/www.zeitgeistirland24.com\/de\/author\/ciaranw\/"},"uagb_comment_info":0,"uagb_excerpt":"Singer\/Songwriterin Michelle Daly geht mit ihrem neuen Album 'January Skies' auf Tour","_links":{"self":[{"href":"https:\/\/www.zeitgeistirland24.com\/de\/wp-json\/wp\/v2\/tribe_events\/2468","targetHints":{"allow":["GET"]}}],"collection":[{"href":"https:\/\/www.zeitgeistirland24.com\/de\/wp-json\/wp\/v2\/tribe_events"}],"about":[{"href":"https:\/\/www.zeitgeistirland24.com\/de\/wp-json\/wp\/v2\/types\/tribe_events"}],"author":[{"embeddable":true,"href":"https:\/\/www.zeitgeistirland24.com\/de\/wp-json\/wp\/v2\/users\/12"}],"replies":[{"embeddable":true,"href":"https:\/\/www.zeitgeistirland24.com\/de\/wp-json\/wp\/v2\/comments?post=2468"}],"version-history":[{"count":1,"href":"https:\/\/www.zeitgeistirland24.com\/de\/wp-json\/wp\/v2\/tribe_events\/2468\/revisions"}],"predecessor-version":[{"id":2469,"href":"https:\/\/www.zeitgeistirland24.com\/de\/wp-json\/wp\/v2\/tribe_events\/2468\/revisions\/2469"}],"wp:featuredmedia":[{"embeddable":true,"href":"https:\/\/www.zeitgeistirland24.com\/de\/wp-json\/wp\/v2\/media\/2455"}],"wp:attachment":[{"href":"https:\/\/www.zeitgeistirland24.com\/de\/wp-json\/wp\/v2\/media?parent=2468"}],"wp:term":[{"taxonomy":"post_tag","embeddable":true,"href":"https:\/\/www.zeitgeistirland24.com\/de\/wp-json\/wp\/v2\/tags?post=2468"},{"taxonomy":"tribe_events_cat","embeddable":true,"href":"https:\/\/www.zeitgeistirland24.com\/de\/wp-json\/wp\/v2\/tribe_events_cat?post=2468"}],"curies":[{"name":"wp","href":"https:\/\/api.w.org\/{rel}","templated":true}]}}