{"id":3457,"date":"2024-08-12T14:12:46","date_gmt":"2024-08-12T13:12:46","guid":{"rendered":"https:\/\/www.zeitgeistirland24.com\/event\/anima-mundi-5\/"},"modified":"2024-10-21T15:11:28","modified_gmt":"2024-10-21T14:11:28","slug":"anima-mundi-5","status":"publish","type":"tribe_events","link":"https:\/\/www.zeitgeistirland24.com\/de\/event\/anima-mundi-5\/","title":{"rendered":"Anima Mundi #5"},"content":{"rendered":"<p>Anima Mundi ist ein europ\u00e4isches Austauschprojekt und Netzwerk von Non-Profit-Organisationen f\u00fcr Klangkunst und zeitgen\u00f6ssische Musik aus Deutschland, Polen und Irland, das innovative klangliche Werke \u00fcber die Erfahrung von Umweltbeziehungen, Klimawandel und \u00f6kologischen Fragen produziert. Die f\u00fcnfte Ausgabe von Anima Mundi, kuratiert von Errant Sound e.V., findet vom 12. September bis 1. November 2024 in Berlin und verschiedenen Teilen des nahen Brandenburgs statt und stellt die Audiowalks des irischen Projekts Sleepertown von OpenGorey in den Mittelpunkt. Die 11 Audiowalks sind w\u00e4hrend des Projektzeitraums jederzeit per Smartphone, Echoes-App und Kopfh\u00f6rer zug\u00e4nglich und k\u00f6nnen kostenlos erlebt werden. An ausgew\u00e4hlten Tagen wird es vor Ort F\u00fchrungen geben, f\u00fcr die Tickets erworben werden k\u00f6nnen. Dar\u00fcber hinaus pr\u00e4sentiert das irische Projektpartnerlabel Farpoint Recordings zwei Labelabende mit Werken verschiedener K\u00fcnstler, darunter zwei neue Plattenver\u00f6ffentlichungen.<\/p>\n<p style=\"margin-top: 0cm;\">Programm:<br \/>\n12. September, Berlin, Liebig 12 \u2013 Er\u00f6ffnungsabend mit Soundperformance von Joseph Young<\/p>\n<p>15. September, L\u00fcbbenau (Spreewald) \u2013 SLEEPERTOWN &#8211; Audio Walk (gef\u00fchrt) von Pierre Jolivet und \u0141ukasz Jastrubczak<\/p>\n<p>22. September, Eberswalde \u2013 SLEEPERTOWN &#8211; Audio Walk (gef\u00fchrt) von John Powell &amp; Michael Petry und Carmen Torrano Mellado<\/p>\n<p>28. September, Berlin, Engelbecken\/Fischerinsel \u2013 SLEEPERTOWN &#8211; Audio Walk (gef\u00fchrt) von Dani Gill und Richard Carr<\/p>\n<p>12. Oktober, Berlin, Oranienplatz\/Engelbecken &#8211; SLEEPERTOWN &#8211; Audio Walk (gef\u00fchrt) von Joseph Young<\/p>\n<p>12. Oktober, Berlin, Morphine Raum \u2013 FARPOINT RECORDINGS Label-Event mit Anthony Kelly, David Stalling, Joseph Young, Phil Maguire und Niamh O&#8217;Brien (inkl. Plattenver\u00f6ffentlichungen)<\/p>\n<p>26. Oktober, Cottbus \u2013 SLEEPERTOWN \u2013 Audio-Spaziergang (gef\u00fchrt) von Younes Baba-Ali und Hubert Wi\u0144czyk<\/p>\n<p>01. November, Berlin, Galil\u00e4akirche \u2013 Abschlussabend mit einer Sound-Performance von Patryk Lichota und einem Konzert von Larissa O&#8217;Grady<\/p>\n","protected":false},"excerpt":{"rendered":"<p>Umweltbeziehungen durch Klangkunst und kulturellen Austausch, mit Audio-Walks und Label-Nights von Sleepertown und Farpoint Recordings<\/p>\n","protected":false},"author":12,"featured_media":3445,"comment_status":"closed","ping_status":"closed","template":"","meta":{"_acf_changed":false,"_uag_custom_page_level_css":"","_tribe_events_status":"","_tribe_events_status_reason":"","_tribe_events_is_hybrid":"","_tribe_events_is_virtual":"","_tribe_events_virtual_video_source":"","_tribe_events_virtual_embed_video":"","_tribe_events_virtual_linked_button_text":"","_tribe_events_virtual_linked_button":"","_tribe_events_virtual_show_embed_at":"","_tribe_events_virtual_show_embed_to":[],"_tribe_events_virtual_show_on_event":"","_tribe_events_virtual_show_on_views":"","_tribe_events_virtual_url":"","footnotes":""},"tags":[],"tribe_events_cat":[47,59,63],"class_list":["post-3457","tribe_events","type-tribe_events","status-publish","has-post-thumbnail","hentry","tribe_events_cat-visual-art-de","tribe_events_cat-music-experimental-de","tribe_events_cat-music-trad-folk-de","cat_visual-art-de","cat_music-experimental-de","cat_music-trad-folk-de"],"acf":[],"yoast_head":"<!-- This site is optimized with the Yoast SEO plugin v25.0 - https:\/\/yoast.com\/wordpress\/plugins\/seo\/ -->\n<title>Anima Mundi #5 - Zeitgeist Irland 24<\/title>\n<meta name=\"robots\" content=\"index, follow, max-snippet:-1, max-image-preview:large, max-video-preview:-1\" \/>\n<link rel=\"canonical\" href=\"https:\/\/www.zeitgeistirland24.com\/de\/event\/anima-mundi-5\/\" \/>\n<meta property=\"og:locale\" content=\"de_DE\" \/>\n<meta property=\"og:type\" content=\"article\" \/>\n<meta property=\"og:title\" content=\"Anima Mundi #5 - Zeitgeist Irland 24\" \/>\n<meta property=\"og:description\" content=\"Umweltbeziehungen durch Klangkunst und kulturellen Austausch, mit Audio-Walks und Label-Nights von Sleepertown und Farpoint Recordings\" \/>\n<meta property=\"og:url\" content=\"https:\/\/www.zeitgeistirland24.com\/de\/event\/anima-mundi-5\/\" \/>\n<meta property=\"og:site_name\" content=\"Zeitgeist Irland 24\" \/>\n<meta property=\"article:publisher\" content=\"https:\/\/www.facebook.com\/DepartmentofCultureIRL\/\" \/>\n<meta property=\"article:modified_time\" content=\"2024-10-21T14:11:28+00:00\" \/>\n<meta property=\"og:image\" content=\"https:\/\/www.zeitgeistirland24.com\/app\/uploads\/2024\/08\/ZI24-Anima-Mundi-5_image-courtesy-FarpointRecordings.png\" \/>\n\t<meta property=\"og:image:width\" content=\"960\" \/>\n\t<meta property=\"og:image:height\" content=\"640\" \/>\n\t<meta property=\"og:image:type\" content=\"image\/png\" \/>\n<meta name=\"twitter:card\" content=\"summary_large_image\" \/>\n<meta name=\"twitter:site\" content=\"@DeptCultureIRL\" \/>\n<meta name=\"twitter:label1\" content=\"Est. reading time\" \/>\n\t<meta name=\"twitter:data1\" content=\"2 minutes\" \/>\n<script type=\"application\/ld+json\" class=\"yoast-schema-graph\">{\"@context\":\"https:\/\/schema.org\",\"@graph\":[{\"@type\":\"WebPage\",\"@id\":\"https:\/\/www.zeitgeistirland24.com\/de\/event\/anima-mundi-5\/\",\"url\":\"https:\/\/www.zeitgeistirland24.com\/de\/event\/anima-mundi-5\/\",\"name\":\"Anima Mundi #5 - Zeitgeist Irland 24\",\"isPartOf\":{\"@id\":\"https:\/\/www.zeitgeistirland24.com\/#website\"},\"primaryImageOfPage\":{\"@id\":\"https:\/\/www.zeitgeistirland24.com\/de\/event\/anima-mundi-5\/#primaryimage\"},\"image\":{\"@id\":\"https:\/\/www.zeitgeistirland24.com\/de\/event\/anima-mundi-5\/#primaryimage\"},\"thumbnailUrl\":\"https:\/\/www.zeitgeistirland24.com\/app\/uploads\/2024\/08\/ZI24-Anima-Mundi-5_image-courtesy-FarpointRecordings.png\",\"datePublished\":\"2024-08-12T13:12:46+00:00\",\"dateModified\":\"2024-10-21T14:11:28+00:00\",\"breadcrumb\":{\"@id\":\"https:\/\/www.zeitgeistirland24.com\/de\/event\/anima-mundi-5\/#breadcrumb\"},\"inLanguage\":\"de-DE\",\"potentialAction\":[{\"@type\":\"ReadAction\",\"target\":[\"https:\/\/www.zeitgeistirland24.com\/de\/event\/anima-mundi-5\/\"]}]},{\"@type\":\"ImageObject\",\"inLanguage\":\"de-DE\",\"@id\":\"https:\/\/www.zeitgeistirland24.com\/de\/event\/anima-mundi-5\/#primaryimage\",\"url\":\"https:\/\/www.zeitgeistirland24.com\/app\/uploads\/2024\/08\/ZI24-Anima-Mundi-5_image-courtesy-FarpointRecordings.png\",\"contentUrl\":\"https:\/\/www.zeitgeistirland24.com\/app\/uploads\/2024\/08\/ZI24-Anima-Mundi-5_image-courtesy-FarpointRecordings.png\",\"width\":960,\"height\":640,\"caption\":\"Image courtesy Farpoint Recordings\"},{\"@type\":\"BreadcrumbList\",\"@id\":\"https:\/\/www.zeitgeistirland24.com\/de\/event\/anima-mundi-5\/#breadcrumb\",\"itemListElement\":[{\"@type\":\"ListItem\",\"position\":1,\"name\":\"Home\",\"item\":\"https:\/\/www.zeitgeistirland24.com\/de\/\"},{\"@type\":\"ListItem\",\"position\":2,\"name\":\"Events\",\"item\":\"https:\/\/www.zeitgeistirland24.com\/events\/\"},{\"@type\":\"ListItem\",\"position\":3,\"name\":\"Anima Mundi #5\"}]},{\"@type\":\"WebSite\",\"@id\":\"https:\/\/www.zeitgeistirland24.com\/#website\",\"url\":\"https:\/\/www.zeitgeistirland24.com\/\",\"name\":\"Zeitgeist Irland 24\",\"description\":\"A season of Irish arts and culture in Germany throughout 2024\",\"publisher\":{\"@id\":\"https:\/\/www.zeitgeistirland24.com\/#organization\"},\"potentialAction\":[{\"@type\":\"SearchAction\",\"target\":{\"@type\":\"EntryPoint\",\"urlTemplate\":\"https:\/\/www.zeitgeistirland24.com\/?s={search_term_string}\"},\"query-input\":{\"@type\":\"PropertyValueSpecification\",\"valueRequired\":true,\"valueName\":\"search_term_string\"}}],\"inLanguage\":\"de-DE\"},{\"@type\":\"Organization\",\"@id\":\"https:\/\/www.zeitgeistirland24.com\/#organization\",\"name\":\"Zeitgeist Irland 24\",\"url\":\"https:\/\/www.zeitgeistirland24.com\/\",\"logo\":{\"@type\":\"ImageObject\",\"inLanguage\":\"de-DE\",\"@id\":\"https:\/\/www.zeitgeistirland24.com\/#\/schema\/logo\/image\/\",\"url\":\"https:\/\/www.zeitgeistirland24.com\/app\/uploads\/2023\/11\/zeitgeist-logo.png\",\"contentUrl\":\"https:\/\/www.zeitgeistirland24.com\/app\/uploads\/2023\/11\/zeitgeist-logo.png\",\"width\":640,\"height\":352,\"caption\":\"Zeitgeist Irland 24\"},\"image\":{\"@id\":\"https:\/\/www.zeitgeistirland24.com\/#\/schema\/logo\/image\/\"},\"sameAs\":[\"https:\/\/www.facebook.com\/DepartmentofCultureIRL\/\",\"https:\/\/x.com\/DeptCultureIRL\",\"https:\/\/www.instagram.com\/tourism.culture.gaeltacht\"]}]}<\/script>\n<!-- \/ Yoast SEO plugin. -->","yoast_head_json":{"title":"Anima Mundi #5 - Zeitgeist Irland 24","robots":{"index":"index","follow":"follow","max-snippet":"max-snippet:-1","max-image-preview":"max-image-preview:large","max-video-preview":"max-video-preview:-1"},"canonical":"https:\/\/www.zeitgeistirland24.com\/de\/event\/anima-mundi-5\/","og_locale":"de_DE","og_type":"article","og_title":"Anima Mundi #5 - Zeitgeist Irland 24","og_description":"Umweltbeziehungen durch Klangkunst und kulturellen Austausch, mit Audio-Walks und Label-Nights von Sleepertown und Farpoint Recordings","og_url":"https:\/\/www.zeitgeistirland24.com\/de\/event\/anima-mundi-5\/","og_site_name":"Zeitgeist Irland 24","article_publisher":"https:\/\/www.facebook.com\/DepartmentofCultureIRL\/","article_modified_time":"2024-10-21T14:11:28+00:00","og_image":[{"width":960,"height":640,"url":"https:\/\/www.zeitgeistirland24.com\/app\/uploads\/2024\/08\/ZI24-Anima-Mundi-5_image-courtesy-FarpointRecordings.png","type":"image\/png"}],"twitter_card":"summary_large_image","twitter_site":"@DeptCultureIRL","twitter_misc":{"Est. reading time":"2 minutes"},"schema":{"@context":"https:\/\/schema.org","@graph":[{"@type":"WebPage","@id":"https:\/\/www.zeitgeistirland24.com\/de\/event\/anima-mundi-5\/","url":"https:\/\/www.zeitgeistirland24.com\/de\/event\/anima-mundi-5\/","name":"Anima Mundi #5 - Zeitgeist Irland 24","isPartOf":{"@id":"https:\/\/www.zeitgeistirland24.com\/#website"},"primaryImageOfPage":{"@id":"https:\/\/www.zeitgeistirland24.com\/de\/event\/anima-mundi-5\/#primaryimage"},"image":{"@id":"https:\/\/www.zeitgeistirland24.com\/de\/event\/anima-mundi-5\/#primaryimage"},"thumbnailUrl":"https:\/\/www.zeitgeistirland24.com\/app\/uploads\/2024\/08\/ZI24-Anima-Mundi-5_image-courtesy-FarpointRecordings.png","datePublished":"2024-08-12T13:12:46+00:00","dateModified":"2024-10-21T14:11:28+00:00","breadcrumb":{"@id":"https:\/\/www.zeitgeistirland24.com\/de\/event\/anima-mundi-5\/#breadcrumb"},"inLanguage":"de-DE","potentialAction":[{"@type":"ReadAction","target":["https:\/\/www.zeitgeistirland24.com\/de\/event\/anima-mundi-5\/"]}]},{"@type":"ImageObject","inLanguage":"de-DE","@id":"https:\/\/www.zeitgeistirland24.com\/de\/event\/anima-mundi-5\/#primaryimage","url":"https:\/\/www.zeitgeistirland24.com\/app\/uploads\/2024\/08\/ZI24-Anima-Mundi-5_image-courtesy-FarpointRecordings.png","contentUrl":"https:\/\/www.zeitgeistirland24.com\/app\/uploads\/2024\/08\/ZI24-Anima-Mundi-5_image-courtesy-FarpointRecordings.png","width":960,"height":640,"caption":"Image courtesy Farpoint Recordings"},{"@type":"BreadcrumbList","@id":"https:\/\/www.zeitgeistirland24.com\/de\/event\/anima-mundi-5\/#breadcrumb","itemListElement":[{"@type":"ListItem","position":1,"name":"Home","item":"https:\/\/www.zeitgeistirland24.com\/de\/"},{"@type":"ListItem","position":2,"name":"Events","item":"https:\/\/www.zeitgeistirland24.com\/events\/"},{"@type":"ListItem","position":3,"name":"Anima Mundi #5"}]},{"@type":"WebSite","@id":"https:\/\/www.zeitgeistirland24.com\/#website","url":"https:\/\/www.zeitgeistirland24.com\/","name":"Zeitgeist Irland 24","description":"A season of Irish arts and culture in Germany throughout 2024","publisher":{"@id":"https:\/\/www.zeitgeistirland24.com\/#organization"},"potentialAction":[{"@type":"SearchAction","target":{"@type":"EntryPoint","urlTemplate":"https:\/\/www.zeitgeistirland24.com\/?s={search_term_string}"},"query-input":{"@type":"PropertyValueSpecification","valueRequired":true,"valueName":"search_term_string"}}],"inLanguage":"de-DE"},{"@type":"Organization","@id":"https:\/\/www.zeitgeistirland24.com\/#organization","name":"Zeitgeist Irland 24","url":"https:\/\/www.zeitgeistirland24.com\/","logo":{"@type":"ImageObject","inLanguage":"de-DE","@id":"https:\/\/www.zeitgeistirland24.com\/#\/schema\/logo\/image\/","url":"https:\/\/www.zeitgeistirland24.com\/app\/uploads\/2023\/11\/zeitgeist-logo.png","contentUrl":"https:\/\/www.zeitgeistirland24.com\/app\/uploads\/2023\/11\/zeitgeist-logo.png","width":640,"height":352,"caption":"Zeitgeist Irland 24"},"image":{"@id":"https:\/\/www.zeitgeistirland24.com\/#\/schema\/logo\/image\/"},"sameAs":["https:\/\/www.facebook.com\/DepartmentofCultureIRL\/","https:\/\/x.com\/DeptCultureIRL","https:\/\/www.instagram.com\/tourism.culture.gaeltacht"]}]}},"uagb_featured_image_src":{"full":["https:\/\/www.zeitgeistirland24.com\/app\/uploads\/2024\/08\/ZI24-Anima-Mundi-5_image-courtesy-FarpointRecordings.png",960,640,false],"thumbnail":["https:\/\/www.zeitgeistirland24.com\/app\/uploads\/2024\/08\/ZI24-Anima-Mundi-5_image-courtesy-FarpointRecordings-150x150.png",150,150,true],"medium":["https:\/\/www.zeitgeistirland24.com\/app\/uploads\/2024\/08\/ZI24-Anima-Mundi-5_image-courtesy-FarpointRecordings-300x200.png",300,200,true],"medium_large":["https:\/\/www.zeitgeistirland24.com\/app\/uploads\/2024\/08\/ZI24-Anima-Mundi-5_image-courtesy-FarpointRecordings-768x512.png",768,512,true],"large":["https:\/\/www.zeitgeistirland24.com\/app\/uploads\/2024\/08\/ZI24-Anima-Mundi-5_image-courtesy-FarpointRecordings.png",960,640,false],"1536x1536":["https:\/\/www.zeitgeistirland24.com\/app\/uploads\/2024\/08\/ZI24-Anima-Mundi-5_image-courtesy-FarpointRecordings.png",960,640,false],"2048x2048":["https:\/\/www.zeitgeistirland24.com\/app\/uploads\/2024\/08\/ZI24-Anima-Mundi-5_image-courtesy-FarpointRecordings.png",960,640,false],"gform-image-choice-sm":["https:\/\/www.zeitgeistirland24.com\/app\/uploads\/2024\/08\/ZI24-Anima-Mundi-5_image-courtesy-FarpointRecordings.png",300,200,false],"gform-image-choice-md":["https:\/\/www.zeitgeistirland24.com\/app\/uploads\/2024\/08\/ZI24-Anima-Mundi-5_image-courtesy-FarpointRecordings.png",400,267,false],"gform-image-choice-lg":["https:\/\/www.zeitgeistirland24.com\/app\/uploads\/2024\/08\/ZI24-Anima-Mundi-5_image-courtesy-FarpointRecordings.png",600,400,false]},"uagb_author_info":{"display_name":"Ciaran Walsh","author_link":"https:\/\/www.zeitgeistirland24.com\/de\/author\/ciaranw\/"},"uagb_comment_info":0,"uagb_excerpt":"Umweltbeziehungen durch Klangkunst und kulturellen Austausch, mit Audio-Walks und Label-Nights von Sleepertown und Farpoint Recordings","_links":{"self":[{"href":"https:\/\/www.zeitgeistirland24.com\/de\/wp-json\/wp\/v2\/tribe_events\/3457","targetHints":{"allow":["GET"]}}],"collection":[{"href":"https:\/\/www.zeitgeistirland24.com\/de\/wp-json\/wp\/v2\/tribe_events"}],"about":[{"href":"https:\/\/www.zeitgeistirland24.com\/de\/wp-json\/wp\/v2\/types\/tribe_events"}],"author":[{"embeddable":true,"href":"https:\/\/www.zeitgeistirland24.com\/de\/wp-json\/wp\/v2\/users\/12"}],"replies":[{"embeddable":true,"href":"https:\/\/www.zeitgeistirland24.com\/de\/wp-json\/wp\/v2\/comments?post=3457"}],"version-history":[{"count":3,"href":"https:\/\/www.zeitgeistirland24.com\/de\/wp-json\/wp\/v2\/tribe_events\/3457\/revisions"}],"predecessor-version":[{"id":3825,"href":"https:\/\/www.zeitgeistirland24.com\/de\/wp-json\/wp\/v2\/tribe_events\/3457\/revisions\/3825"}],"wp:featuredmedia":[{"embeddable":true,"href":"https:\/\/www.zeitgeistirland24.com\/de\/wp-json\/wp\/v2\/media\/3445"}],"wp:attachment":[{"href":"https:\/\/www.zeitgeistirland24.com\/de\/wp-json\/wp\/v2\/media?parent=3457"}],"wp:term":[{"taxonomy":"post_tag","embeddable":true,"href":"https:\/\/www.zeitgeistirland24.com\/de\/wp-json\/wp\/v2\/tags?post=3457"},{"taxonomy":"tribe_events_cat","embeddable":true,"href":"https:\/\/www.zeitgeistirland24.com\/de\/wp-json\/wp\/v2\/tribe_events_cat?post=3457"}],"curies":[{"name":"wp","href":"https:\/\/api.w.org\/{rel}","templated":true}]}}