{"id":3653,"date":"2024-09-24T09:12:02","date_gmt":"2024-09-24T08:12:02","guid":{"rendered":"https:\/\/www.zeitgeistirland24.com\/event\/deutsche-filmpremiere-if-i-fall-dont-pick-me-up\/"},"modified":"2024-10-21T15:43:02","modified_gmt":"2024-10-21T14:43:02","slug":"deutsche-filmpremiere-if-i-fall-dont-pick-me-up","status":"publish","type":"tribe_events","link":"https:\/\/www.zeitgeistirland24.com\/de\/event\/deutsche-filmpremiere-if-i-fall-dont-pick-me-up\/","title":{"rendered":"Deutsche Filmpremiere: If I Fall, Don&#8217;t Pick Me Up"},"content":{"rendered":"<p><em>If I Fall, Don&#8217;t Pick Me Up<\/em>, der neue Film des irischen Filmemachers Declan Clarke, der von der irischen Botschaft in Deutschland im Rahmen von Zeitgeist Irland 24 in Auftrag gegeben wurde, feiert seine Deutschlandpremiere beim UNDERDOX Filmfestival in M\u00fcnchen. Der Kunstdokumentarfilm, der vollst\u00e4ndig auf 16-mm-Film gedreht wurde, untersucht die Beziehung zwischen dem ber\u00fchmten irischen Autor Samuel Beckett und dem renommierten deutschen Theaterregisseur Walter D. Asmus und betrachtet ein Verm\u00e4chtnis, das auf Interpretation und Performance basiert: Was bleibt, wenn die urspr\u00fcnglichen Schauspieler die B\u00fchne verlassen haben?<\/p>\n<p><em>If I Fall, Don&#8217;t Pick Me Up <\/em>beleuchtet Becketts Arbeit in Deutschland, darunter seine Aufenthalte an der Akademie der K\u00fcnste in Berlin und seine bahnbrechenden Arbeiten f\u00fcr das Fernsehen beim S\u00fcddeutschen Rundfunk, bei denen er von Asmus unterst\u00fctzt wurde. Der Film wurde von der irischen Botschaft in Deutschland in Auftrag gegeben, um diese Verbindung zwischen Deutschland und Irland zu erkunden, und erhielt im Juni eine besondere Erw\u00e4hnung im internationalen Wettbewerb des renommierten Filmfestivals FID Marseille.<\/p>\n<p>Vorf\u00fchrung<br \/>\n11.10., 18:30 Uhr \u2013 Werkstattkino<\/p>\n","protected":false},"excerpt":{"rendered":"<p>Der neue Film des K\u00fcnstlers Declan Clarke erkundet die Beziehung zwischen dem irischen Schriftsteller Samuel Beckett und dem deutschen Theaterregisseur Walter D. Asmus<\/p>\n","protected":false},"author":12,"featured_media":3648,"comment_status":"closed","ping_status":"closed","template":"","meta":{"_acf_changed":false,"_uag_custom_page_level_css":"","_tribe_events_status":"","_tribe_events_status_reason":"","_tribe_events_is_hybrid":"","_tribe_events_is_virtual":"","_tribe_events_virtual_video_source":"","_tribe_events_virtual_embed_video":"","_tribe_events_virtual_linked_button_text":"","_tribe_events_virtual_linked_button":"","_tribe_events_virtual_show_embed_at":"","_tribe_events_virtual_show_embed_to":[],"_tribe_events_virtual_show_on_event":"","_tribe_events_virtual_show_on_views":"","_tribe_events_virtual_url":"","footnotes":""},"tags":[],"tribe_events_cat":[45],"class_list":["post-3653","tribe_events","type-tribe_events","status-publish","has-post-thumbnail","hentry","tribe_events_cat-film-de","cat_film-de"],"acf":[],"yoast_head":"<!-- This site is optimized with the Yoast SEO plugin v25.0 - https:\/\/yoast.com\/wordpress\/plugins\/seo\/ -->\n<title>Deutsche Filmpremiere: If I Fall, Don&#039;t Pick Me Up - Zeitgeist Irland 24<\/title>\n<meta name=\"robots\" content=\"index, follow, max-snippet:-1, max-image-preview:large, max-video-preview:-1\" \/>\n<link rel=\"canonical\" href=\"https:\/\/www.zeitgeistirland24.com\/de\/event\/deutsche-filmpremiere-if-i-fall-dont-pick-me-up\/\" \/>\n<meta property=\"og:locale\" content=\"de_DE\" \/>\n<meta property=\"og:type\" content=\"article\" \/>\n<meta property=\"og:title\" content=\"Deutsche Filmpremiere: If I Fall, Don&#039;t Pick Me Up - Zeitgeist Irland 24\" \/>\n<meta property=\"og:description\" content=\"Der neue Film des K\u00fcnstlers Declan Clarke erkundet die Beziehung zwischen dem irischen Schriftsteller Samuel Beckett und dem deutschen Theaterregisseur Walter D. Asmus\" \/>\n<meta property=\"og:url\" content=\"https:\/\/www.zeitgeistirland24.com\/de\/event\/deutsche-filmpremiere-if-i-fall-dont-pick-me-up\/\" \/>\n<meta property=\"og:site_name\" content=\"Zeitgeist Irland 24\" \/>\n<meta property=\"article:publisher\" content=\"https:\/\/www.facebook.com\/DepartmentofCultureIRL\/\" \/>\n<meta property=\"article:modified_time\" content=\"2024-10-21T14:43:02+00:00\" \/>\n<meta property=\"og:image\" content=\"https:\/\/www.zeitgeistirland24.com\/app\/uploads\/2024\/09\/ZI24-webimage-960-x-640_if-i-fall-dont-pick-me-up.png\" \/>\n\t<meta property=\"og:image:width\" content=\"960\" \/>\n\t<meta property=\"og:image:height\" content=\"640\" \/>\n\t<meta property=\"og:image:type\" content=\"image\/png\" \/>\n<meta name=\"twitter:card\" content=\"summary_large_image\" \/>\n<meta name=\"twitter:site\" content=\"@DeptCultureIRL\" \/>\n<meta name=\"twitter:label1\" content=\"Est. reading time\" \/>\n\t<meta name=\"twitter:data1\" content=\"1 minute\" \/>\n<script type=\"application\/ld+json\" class=\"yoast-schema-graph\">{\"@context\":\"https:\/\/schema.org\",\"@graph\":[{\"@type\":\"WebPage\",\"@id\":\"https:\/\/www.zeitgeistirland24.com\/de\/event\/deutsche-filmpremiere-if-i-fall-dont-pick-me-up\/\",\"url\":\"https:\/\/www.zeitgeistirland24.com\/de\/event\/deutsche-filmpremiere-if-i-fall-dont-pick-me-up\/\",\"name\":\"Deutsche Filmpremiere: If I Fall, Don't Pick Me Up - Zeitgeist Irland 24\",\"isPartOf\":{\"@id\":\"https:\/\/www.zeitgeistirland24.com\/#website\"},\"primaryImageOfPage\":{\"@id\":\"https:\/\/www.zeitgeistirland24.com\/de\/event\/deutsche-filmpremiere-if-i-fall-dont-pick-me-up\/#primaryimage\"},\"image\":{\"@id\":\"https:\/\/www.zeitgeistirland24.com\/de\/event\/deutsche-filmpremiere-if-i-fall-dont-pick-me-up\/#primaryimage\"},\"thumbnailUrl\":\"https:\/\/www.zeitgeistirland24.com\/app\/uploads\/2024\/09\/ZI24-webimage-960-x-640_if-i-fall-dont-pick-me-up.png\",\"datePublished\":\"2024-09-24T08:12:02+00:00\",\"dateModified\":\"2024-10-21T14:43:02+00:00\",\"breadcrumb\":{\"@id\":\"https:\/\/www.zeitgeistirland24.com\/de\/event\/deutsche-filmpremiere-if-i-fall-dont-pick-me-up\/#breadcrumb\"},\"inLanguage\":\"de-DE\",\"potentialAction\":[{\"@type\":\"ReadAction\",\"target\":[\"https:\/\/www.zeitgeistirland24.com\/de\/event\/deutsche-filmpremiere-if-i-fall-dont-pick-me-up\/\"]}]},{\"@type\":\"ImageObject\",\"inLanguage\":\"de-DE\",\"@id\":\"https:\/\/www.zeitgeistirland24.com\/de\/event\/deutsche-filmpremiere-if-i-fall-dont-pick-me-up\/#primaryimage\",\"url\":\"https:\/\/www.zeitgeistirland24.com\/app\/uploads\/2024\/09\/ZI24-webimage-960-x-640_if-i-fall-dont-pick-me-up.png\",\"contentUrl\":\"https:\/\/www.zeitgeistirland24.com\/app\/uploads\/2024\/09\/ZI24-webimage-960-x-640_if-i-fall-dont-pick-me-up.png\",\"width\":960,\"height\":640,\"caption\":\"Film still courtesy the artist\"},{\"@type\":\"BreadcrumbList\",\"@id\":\"https:\/\/www.zeitgeistirland24.com\/de\/event\/deutsche-filmpremiere-if-i-fall-dont-pick-me-up\/#breadcrumb\",\"itemListElement\":[{\"@type\":\"ListItem\",\"position\":1,\"name\":\"Home\",\"item\":\"https:\/\/www.zeitgeistirland24.com\/de\/\"},{\"@type\":\"ListItem\",\"position\":2,\"name\":\"Events\",\"item\":\"https:\/\/www.zeitgeistirland24.com\/events\/\"},{\"@type\":\"ListItem\",\"position\":3,\"name\":\"Deutsche Filmpremiere: If I Fall, Don&#8217;t Pick Me Up\"}]},{\"@type\":\"WebSite\",\"@id\":\"https:\/\/www.zeitgeistirland24.com\/#website\",\"url\":\"https:\/\/www.zeitgeistirland24.com\/\",\"name\":\"Zeitgeist Irland 24\",\"description\":\"A season of Irish arts and culture in Germany throughout 2024\",\"publisher\":{\"@id\":\"https:\/\/www.zeitgeistirland24.com\/#organization\"},\"potentialAction\":[{\"@type\":\"SearchAction\",\"target\":{\"@type\":\"EntryPoint\",\"urlTemplate\":\"https:\/\/www.zeitgeistirland24.com\/?s={search_term_string}\"},\"query-input\":{\"@type\":\"PropertyValueSpecification\",\"valueRequired\":true,\"valueName\":\"search_term_string\"}}],\"inLanguage\":\"de-DE\"},{\"@type\":\"Organization\",\"@id\":\"https:\/\/www.zeitgeistirland24.com\/#organization\",\"name\":\"Zeitgeist Irland 24\",\"url\":\"https:\/\/www.zeitgeistirland24.com\/\",\"logo\":{\"@type\":\"ImageObject\",\"inLanguage\":\"de-DE\",\"@id\":\"https:\/\/www.zeitgeistirland24.com\/#\/schema\/logo\/image\/\",\"url\":\"https:\/\/www.zeitgeistirland24.com\/app\/uploads\/2023\/11\/zeitgeist-logo.png\",\"contentUrl\":\"https:\/\/www.zeitgeistirland24.com\/app\/uploads\/2023\/11\/zeitgeist-logo.png\",\"width\":640,\"height\":352,\"caption\":\"Zeitgeist Irland 24\"},\"image\":{\"@id\":\"https:\/\/www.zeitgeistirland24.com\/#\/schema\/logo\/image\/\"},\"sameAs\":[\"https:\/\/www.facebook.com\/DepartmentofCultureIRL\/\",\"https:\/\/x.com\/DeptCultureIRL\",\"https:\/\/www.instagram.com\/tourism.culture.gaeltacht\"]}]}<\/script>\n<!-- \/ Yoast SEO plugin. -->","yoast_head_json":{"title":"Deutsche Filmpremiere: If I Fall, Don't Pick Me Up - Zeitgeist Irland 24","robots":{"index":"index","follow":"follow","max-snippet":"max-snippet:-1","max-image-preview":"max-image-preview:large","max-video-preview":"max-video-preview:-1"},"canonical":"https:\/\/www.zeitgeistirland24.com\/de\/event\/deutsche-filmpremiere-if-i-fall-dont-pick-me-up\/","og_locale":"de_DE","og_type":"article","og_title":"Deutsche Filmpremiere: If I Fall, Don't Pick Me Up - Zeitgeist Irland 24","og_description":"Der neue Film des K\u00fcnstlers Declan Clarke erkundet die Beziehung zwischen dem irischen Schriftsteller Samuel Beckett und dem deutschen Theaterregisseur Walter D. Asmus","og_url":"https:\/\/www.zeitgeistirland24.com\/de\/event\/deutsche-filmpremiere-if-i-fall-dont-pick-me-up\/","og_site_name":"Zeitgeist Irland 24","article_publisher":"https:\/\/www.facebook.com\/DepartmentofCultureIRL\/","article_modified_time":"2024-10-21T14:43:02+00:00","og_image":[{"width":960,"height":640,"url":"https:\/\/www.zeitgeistirland24.com\/app\/uploads\/2024\/09\/ZI24-webimage-960-x-640_if-i-fall-dont-pick-me-up.png","type":"image\/png"}],"twitter_card":"summary_large_image","twitter_site":"@DeptCultureIRL","twitter_misc":{"Est. reading time":"1 minute"},"schema":{"@context":"https:\/\/schema.org","@graph":[{"@type":"WebPage","@id":"https:\/\/www.zeitgeistirland24.com\/de\/event\/deutsche-filmpremiere-if-i-fall-dont-pick-me-up\/","url":"https:\/\/www.zeitgeistirland24.com\/de\/event\/deutsche-filmpremiere-if-i-fall-dont-pick-me-up\/","name":"Deutsche Filmpremiere: If I Fall, Don't Pick Me Up - Zeitgeist Irland 24","isPartOf":{"@id":"https:\/\/www.zeitgeistirland24.com\/#website"},"primaryImageOfPage":{"@id":"https:\/\/www.zeitgeistirland24.com\/de\/event\/deutsche-filmpremiere-if-i-fall-dont-pick-me-up\/#primaryimage"},"image":{"@id":"https:\/\/www.zeitgeistirland24.com\/de\/event\/deutsche-filmpremiere-if-i-fall-dont-pick-me-up\/#primaryimage"},"thumbnailUrl":"https:\/\/www.zeitgeistirland24.com\/app\/uploads\/2024\/09\/ZI24-webimage-960-x-640_if-i-fall-dont-pick-me-up.png","datePublished":"2024-09-24T08:12:02+00:00","dateModified":"2024-10-21T14:43:02+00:00","breadcrumb":{"@id":"https:\/\/www.zeitgeistirland24.com\/de\/event\/deutsche-filmpremiere-if-i-fall-dont-pick-me-up\/#breadcrumb"},"inLanguage":"de-DE","potentialAction":[{"@type":"ReadAction","target":["https:\/\/www.zeitgeistirland24.com\/de\/event\/deutsche-filmpremiere-if-i-fall-dont-pick-me-up\/"]}]},{"@type":"ImageObject","inLanguage":"de-DE","@id":"https:\/\/www.zeitgeistirland24.com\/de\/event\/deutsche-filmpremiere-if-i-fall-dont-pick-me-up\/#primaryimage","url":"https:\/\/www.zeitgeistirland24.com\/app\/uploads\/2024\/09\/ZI24-webimage-960-x-640_if-i-fall-dont-pick-me-up.png","contentUrl":"https:\/\/www.zeitgeistirland24.com\/app\/uploads\/2024\/09\/ZI24-webimage-960-x-640_if-i-fall-dont-pick-me-up.png","width":960,"height":640,"caption":"Film still courtesy the artist"},{"@type":"BreadcrumbList","@id":"https:\/\/www.zeitgeistirland24.com\/de\/event\/deutsche-filmpremiere-if-i-fall-dont-pick-me-up\/#breadcrumb","itemListElement":[{"@type":"ListItem","position":1,"name":"Home","item":"https:\/\/www.zeitgeistirland24.com\/de\/"},{"@type":"ListItem","position":2,"name":"Events","item":"https:\/\/www.zeitgeistirland24.com\/events\/"},{"@type":"ListItem","position":3,"name":"Deutsche Filmpremiere: If I Fall, Don&#8217;t Pick Me Up"}]},{"@type":"WebSite","@id":"https:\/\/www.zeitgeistirland24.com\/#website","url":"https:\/\/www.zeitgeistirland24.com\/","name":"Zeitgeist Irland 24","description":"A season of Irish arts and culture in Germany throughout 2024","publisher":{"@id":"https:\/\/www.zeitgeistirland24.com\/#organization"},"potentialAction":[{"@type":"SearchAction","target":{"@type":"EntryPoint","urlTemplate":"https:\/\/www.zeitgeistirland24.com\/?s={search_term_string}"},"query-input":{"@type":"PropertyValueSpecification","valueRequired":true,"valueName":"search_term_string"}}],"inLanguage":"de-DE"},{"@type":"Organization","@id":"https:\/\/www.zeitgeistirland24.com\/#organization","name":"Zeitgeist Irland 24","url":"https:\/\/www.zeitgeistirland24.com\/","logo":{"@type":"ImageObject","inLanguage":"de-DE","@id":"https:\/\/www.zeitgeistirland24.com\/#\/schema\/logo\/image\/","url":"https:\/\/www.zeitgeistirland24.com\/app\/uploads\/2023\/11\/zeitgeist-logo.png","contentUrl":"https:\/\/www.zeitgeistirland24.com\/app\/uploads\/2023\/11\/zeitgeist-logo.png","width":640,"height":352,"caption":"Zeitgeist Irland 24"},"image":{"@id":"https:\/\/www.zeitgeistirland24.com\/#\/schema\/logo\/image\/"},"sameAs":["https:\/\/www.facebook.com\/DepartmentofCultureIRL\/","https:\/\/x.com\/DeptCultureIRL","https:\/\/www.instagram.com\/tourism.culture.gaeltacht"]}]}},"uagb_featured_image_src":{"full":["https:\/\/www.zeitgeistirland24.com\/app\/uploads\/2024\/09\/ZI24-webimage-960-x-640_if-i-fall-dont-pick-me-up.png",960,640,false],"thumbnail":["https:\/\/www.zeitgeistirland24.com\/app\/uploads\/2024\/09\/ZI24-webimage-960-x-640_if-i-fall-dont-pick-me-up-150x150.png",150,150,true],"medium":["https:\/\/www.zeitgeistirland24.com\/app\/uploads\/2024\/09\/ZI24-webimage-960-x-640_if-i-fall-dont-pick-me-up-300x200.png",300,200,true],"medium_large":["https:\/\/www.zeitgeistirland24.com\/app\/uploads\/2024\/09\/ZI24-webimage-960-x-640_if-i-fall-dont-pick-me-up-768x512.png",768,512,true],"large":["https:\/\/www.zeitgeistirland24.com\/app\/uploads\/2024\/09\/ZI24-webimage-960-x-640_if-i-fall-dont-pick-me-up.png",960,640,false],"1536x1536":["https:\/\/www.zeitgeistirland24.com\/app\/uploads\/2024\/09\/ZI24-webimage-960-x-640_if-i-fall-dont-pick-me-up.png",960,640,false],"2048x2048":["https:\/\/www.zeitgeistirland24.com\/app\/uploads\/2024\/09\/ZI24-webimage-960-x-640_if-i-fall-dont-pick-me-up.png",960,640,false],"gform-image-choice-sm":["https:\/\/www.zeitgeistirland24.com\/app\/uploads\/2024\/09\/ZI24-webimage-960-x-640_if-i-fall-dont-pick-me-up.png",300,200,false],"gform-image-choice-md":["https:\/\/www.zeitgeistirland24.com\/app\/uploads\/2024\/09\/ZI24-webimage-960-x-640_if-i-fall-dont-pick-me-up.png",400,267,false],"gform-image-choice-lg":["https:\/\/www.zeitgeistirland24.com\/app\/uploads\/2024\/09\/ZI24-webimage-960-x-640_if-i-fall-dont-pick-me-up.png",600,400,false]},"uagb_author_info":{"display_name":"Ciaran Walsh","author_link":"https:\/\/www.zeitgeistirland24.com\/de\/author\/ciaranw\/"},"uagb_comment_info":0,"uagb_excerpt":"Der neue Film des K\u00fcnstlers Declan Clarke erkundet die Beziehung zwischen dem irischen Schriftsteller Samuel Beckett und dem deutschen Theaterregisseur Walter D. Asmus","_links":{"self":[{"href":"https:\/\/www.zeitgeistirland24.com\/de\/wp-json\/wp\/v2\/tribe_events\/3653","targetHints":{"allow":["GET"]}}],"collection":[{"href":"https:\/\/www.zeitgeistirland24.com\/de\/wp-json\/wp\/v2\/tribe_events"}],"about":[{"href":"https:\/\/www.zeitgeistirland24.com\/de\/wp-json\/wp\/v2\/types\/tribe_events"}],"author":[{"embeddable":true,"href":"https:\/\/www.zeitgeistirland24.com\/de\/wp-json\/wp\/v2\/users\/12"}],"replies":[{"embeddable":true,"href":"https:\/\/www.zeitgeistirland24.com\/de\/wp-json\/wp\/v2\/comments?post=3653"}],"version-history":[{"count":2,"href":"https:\/\/www.zeitgeistirland24.com\/de\/wp-json\/wp\/v2\/tribe_events\/3653\/revisions"}],"predecessor-version":[{"id":3826,"href":"https:\/\/www.zeitgeistirland24.com\/de\/wp-json\/wp\/v2\/tribe_events\/3653\/revisions\/3826"}],"wp:featuredmedia":[{"embeddable":true,"href":"https:\/\/www.zeitgeistirland24.com\/de\/wp-json\/wp\/v2\/media\/3648"}],"wp:attachment":[{"href":"https:\/\/www.zeitgeistirland24.com\/de\/wp-json\/wp\/v2\/media?parent=3653"}],"wp:term":[{"taxonomy":"post_tag","embeddable":true,"href":"https:\/\/www.zeitgeistirland24.com\/de\/wp-json\/wp\/v2\/tags?post=3653"},{"taxonomy":"tribe_events_cat","embeddable":true,"href":"https:\/\/www.zeitgeistirland24.com\/de\/wp-json\/wp\/v2\/tribe_events_cat?post=3653"}],"curies":[{"name":"wp","href":"https:\/\/api.w.org\/{rel}","templated":true}]}}