{"id":697,"date":"2023-11-29T20:41:33","date_gmt":"2023-11-29T20:41:33","guid":{"rendered":"https:\/\/www.zeitgeistirland24.com\/?post_type=tribe_events&#038;p=697"},"modified":"2024-02-21T16:01:38","modified_gmt":"2024-02-21T16:01:38","slug":"musici-ireland","status":"publish","type":"tribe_events","link":"https:\/\/www.zeitgeistirland24.com\/de\/event\/musici-ireland\/","title":{"rendered":"&#8220;Ceili\u00faradh ar L\u00e1 Fh\u00e9ile P\u00e1draig&#8221; mit Musici Ireland"},"content":{"rendered":"<p>&#8220;A Mother&#8217;s Voice&#8221; &#8211; ihre hochgelobte Originalproduktion mit Musik von Linda und Irene Buckley, zusammen mit den Stimmen von drei noch lebenden \u00dcberlebenden, Animationen und einer Kunstinstallation. Es handelt sich dabei um ein umfassendes Publikumserlebnis, eine Mischung aus Aktivismus und Kunst. Es ist eine Gedenkveranstaltung f\u00fcr die vielen Frauen, die um 1900 in Irland von den Mutter- und Babyheimen betroffen waren. A Mother&#8217;s Voice ist eine multidisziplin\u00e4re Produktion zu Ehren dieser Frauen, eine Zusammenarbeit zwischen K\u00fcnstlern und lebenden \u00dcberlebenden, um Licht in diese verschleierte \u00c4ra der j\u00fcngeren Geschichte Irlands zu bringen.<\/p>\n<p>&#8220;Irland und Amerika &#8211; Verbindungen \u00fcber den Atlantik&#8221; Ein wundersch\u00f6nes Konzert mit Streichquartettmusik, darunter: Dvorak &#8220;American&#8221;, Jessie Montgomery &#8220;Strum&#8221; und &#8220;Square Movement&#8221; f\u00fcr Violine und Viola der irischen Komponistin Amanda Feery.<\/p>\n<p>&#8220;\u00d3 sl\u00e1n is c\u00e9ad on taobh so uaim&#8221; &#8211; Ein Konzert mit Streichquartett und klassischer Gitarrenmusik, das die irische Musik feiert, in Zusammenarbeit mit den Frankfurter Musikern Stefan Hladek und Rachelle Hunt.<\/p>\n<p>Zu den Interpret*innen geh\u00f6ren: Mia Cooper, Jane Hackett, Rachelle Hunt, Beth McNinch, Katie Tertell und Stefan Hladek.<\/p>\n","protected":false},"excerpt":{"rendered":"<p>Eine Mini-Konzertreihe, pr\u00e4sentiert von Irlands f\u00fchrenden multidisziplin\u00e4ren Musikensembles zur Feier des St. Patrick&#8217;s Wochenendes<\/p>\n","protected":false},"author":14,"featured_media":1401,"comment_status":"closed","ping_status":"closed","template":"","meta":{"_acf_changed":false,"_uag_custom_page_level_css":"","_tribe_events_status":"","_tribe_events_status_reason":"","_tribe_events_is_hybrid":"","_tribe_events_is_virtual":"","_tribe_events_virtual_video_source":"","_tribe_events_virtual_embed_video":"","_tribe_events_virtual_linked_button_text":"","_tribe_events_virtual_linked_button":"","_tribe_events_virtual_show_embed_at":"","_tribe_events_virtual_show_embed_to":[],"_tribe_events_virtual_show_on_event":"","_tribe_events_virtual_show_on_views":"","_tribe_events_virtual_url":"","footnotes":""},"tags":[],"tribe_events_cat":[46,57],"class_list":["post-697","tribe_events","type-tribe_events","status-publish","has-post-thumbnail","hentry","tribe_events_cat-mulitidisciplinary-de","tribe_events_cat-music-classical-de","cat_mulitidisciplinary-de","cat_music-classical-de"],"acf":[],"yoast_head":"<!-- This site is optimized with the Yoast SEO plugin v25.0 - https:\/\/yoast.com\/wordpress\/plugins\/seo\/ -->\n<title>&quot;Ceili\u00faradh ar L\u00e1 Fh\u00e9ile P\u00e1draig&quot; mit Musici Ireland - Zeitgeist Irland 24<\/title>\n<meta name=\"robots\" content=\"index, follow, max-snippet:-1, max-image-preview:large, max-video-preview:-1\" \/>\n<link rel=\"canonical\" href=\"https:\/\/www.zeitgeistirland24.com\/de\/event\/musici-ireland\/\" \/>\n<meta property=\"og:locale\" content=\"de_DE\" \/>\n<meta property=\"og:type\" content=\"article\" \/>\n<meta property=\"og:title\" content=\"&quot;Ceili\u00faradh ar L\u00e1 Fh\u00e9ile P\u00e1draig&quot; mit Musici Ireland - Zeitgeist Irland 24\" \/>\n<meta property=\"og:description\" content=\"Eine Mini-Konzertreihe, pr\u00e4sentiert von Irlands f\u00fchrenden multidisziplin\u00e4ren Musikensembles zur Feier des St. Patrick&#039;s Wochenendes\" \/>\n<meta property=\"og:url\" content=\"https:\/\/www.zeitgeistirland24.com\/de\/event\/musici-ireland\/\" \/>\n<meta property=\"og:site_name\" content=\"Zeitgeist Irland 24\" \/>\n<meta property=\"article:publisher\" content=\"https:\/\/www.facebook.com\/DepartmentofCultureIRL\/\" \/>\n<meta property=\"article:modified_time\" content=\"2024-02-21T16:01:38+00:00\" \/>\n<meta property=\"og:image\" content=\"https:\/\/www.zeitgeistirland24.com\/app\/uploads\/2023\/12\/2_Musici_Ireland_Jed_Niezgoda_A_Mothers_Voice_960w.jpg\" \/>\n\t<meta property=\"og:image:width\" content=\"960\" \/>\n\t<meta property=\"og:image:height\" content=\"640\" \/>\n\t<meta property=\"og:image:type\" content=\"image\/jpeg\" \/>\n<meta name=\"twitter:card\" content=\"summary_large_image\" \/>\n<meta name=\"twitter:site\" content=\"@DeptCultureIRL\" \/>\n<meta name=\"twitter:label1\" content=\"Est. reading time\" \/>\n\t<meta name=\"twitter:data1\" content=\"1 minute\" \/>\n<script type=\"application\/ld+json\" class=\"yoast-schema-graph\">{\"@context\":\"https:\/\/schema.org\",\"@graph\":[{\"@type\":\"WebPage\",\"@id\":\"https:\/\/www.zeitgeistirland24.com\/de\/event\/musici-ireland\/\",\"url\":\"https:\/\/www.zeitgeistirland24.com\/de\/event\/musici-ireland\/\",\"name\":\"\\\"Ceili\u00faradh ar L\u00e1 Fh\u00e9ile P\u00e1draig\\\" mit Musici Ireland - Zeitgeist Irland 24\",\"isPartOf\":{\"@id\":\"https:\/\/www.zeitgeistirland24.com\/#website\"},\"primaryImageOfPage\":{\"@id\":\"https:\/\/www.zeitgeistirland24.com\/de\/event\/musici-ireland\/#primaryimage\"},\"image\":{\"@id\":\"https:\/\/www.zeitgeistirland24.com\/de\/event\/musici-ireland\/#primaryimage\"},\"thumbnailUrl\":\"https:\/\/www.zeitgeistirland24.com\/app\/uploads\/2023\/12\/2_Musici_Ireland_Jed_Niezgoda_A_Mothers_Voice_960w.jpg\",\"datePublished\":\"2023-11-29T20:41:33+00:00\",\"dateModified\":\"2024-02-21T16:01:38+00:00\",\"breadcrumb\":{\"@id\":\"https:\/\/www.zeitgeistirland24.com\/de\/event\/musici-ireland\/#breadcrumb\"},\"inLanguage\":\"de-DE\",\"potentialAction\":[{\"@type\":\"ReadAction\",\"target\":[\"https:\/\/www.zeitgeistirland24.com\/de\/event\/musici-ireland\/\"]}]},{\"@type\":\"ImageObject\",\"inLanguage\":\"de-DE\",\"@id\":\"https:\/\/www.zeitgeistirland24.com\/de\/event\/musici-ireland\/#primaryimage\",\"url\":\"https:\/\/www.zeitgeistirland24.com\/app\/uploads\/2023\/12\/2_Musici_Ireland_Jed_Niezgoda_A_Mothers_Voice_960w.jpg\",\"contentUrl\":\"https:\/\/www.zeitgeistirland24.com\/app\/uploads\/2023\/12\/2_Musici_Ireland_Jed_Niezgoda_A_Mothers_Voice_960w.jpg\",\"width\":960,\"height\":640,\"caption\":\"A_Mothers_Voice\"},{\"@type\":\"BreadcrumbList\",\"@id\":\"https:\/\/www.zeitgeistirland24.com\/de\/event\/musici-ireland\/#breadcrumb\",\"itemListElement\":[{\"@type\":\"ListItem\",\"position\":1,\"name\":\"Home\",\"item\":\"https:\/\/www.zeitgeistirland24.com\/de\/\"},{\"@type\":\"ListItem\",\"position\":2,\"name\":\"Events\",\"item\":\"https:\/\/www.zeitgeistirland24.com\/events\/\"},{\"@type\":\"ListItem\",\"position\":3,\"name\":\"&#8220;Ceili\u00faradh ar L\u00e1 Fh\u00e9ile P\u00e1draig&#8221; mit Musici Ireland\"}]},{\"@type\":\"WebSite\",\"@id\":\"https:\/\/www.zeitgeistirland24.com\/#website\",\"url\":\"https:\/\/www.zeitgeistirland24.com\/\",\"name\":\"Zeitgeist Irland 24\",\"description\":\"A season of Irish arts and culture in Germany throughout 2024\",\"publisher\":{\"@id\":\"https:\/\/www.zeitgeistirland24.com\/#organization\"},\"potentialAction\":[{\"@type\":\"SearchAction\",\"target\":{\"@type\":\"EntryPoint\",\"urlTemplate\":\"https:\/\/www.zeitgeistirland24.com\/?s={search_term_string}\"},\"query-input\":{\"@type\":\"PropertyValueSpecification\",\"valueRequired\":true,\"valueName\":\"search_term_string\"}}],\"inLanguage\":\"de-DE\"},{\"@type\":\"Organization\",\"@id\":\"https:\/\/www.zeitgeistirland24.com\/#organization\",\"name\":\"Zeitgeist Irland 24\",\"url\":\"https:\/\/www.zeitgeistirland24.com\/\",\"logo\":{\"@type\":\"ImageObject\",\"inLanguage\":\"de-DE\",\"@id\":\"https:\/\/www.zeitgeistirland24.com\/#\/schema\/logo\/image\/\",\"url\":\"https:\/\/www.zeitgeistirland24.com\/app\/uploads\/2023\/11\/zeitgeist-logo.png\",\"contentUrl\":\"https:\/\/www.zeitgeistirland24.com\/app\/uploads\/2023\/11\/zeitgeist-logo.png\",\"width\":640,\"height\":352,\"caption\":\"Zeitgeist Irland 24\"},\"image\":{\"@id\":\"https:\/\/www.zeitgeistirland24.com\/#\/schema\/logo\/image\/\"},\"sameAs\":[\"https:\/\/www.facebook.com\/DepartmentofCultureIRL\/\",\"https:\/\/x.com\/DeptCultureIRL\",\"https:\/\/www.instagram.com\/tourism.culture.gaeltacht\"]}]}<\/script>\n<!-- \/ Yoast SEO plugin. -->","yoast_head_json":{"title":"\"Ceili\u00faradh ar L\u00e1 Fh\u00e9ile P\u00e1draig\" mit Musici Ireland - Zeitgeist Irland 24","robots":{"index":"index","follow":"follow","max-snippet":"max-snippet:-1","max-image-preview":"max-image-preview:large","max-video-preview":"max-video-preview:-1"},"canonical":"https:\/\/www.zeitgeistirland24.com\/de\/event\/musici-ireland\/","og_locale":"de_DE","og_type":"article","og_title":"\"Ceili\u00faradh ar L\u00e1 Fh\u00e9ile P\u00e1draig\" mit Musici Ireland - Zeitgeist Irland 24","og_description":"Eine Mini-Konzertreihe, pr\u00e4sentiert von Irlands f\u00fchrenden multidisziplin\u00e4ren Musikensembles zur Feier des St. Patrick's Wochenendes","og_url":"https:\/\/www.zeitgeistirland24.com\/de\/event\/musici-ireland\/","og_site_name":"Zeitgeist Irland 24","article_publisher":"https:\/\/www.facebook.com\/DepartmentofCultureIRL\/","article_modified_time":"2024-02-21T16:01:38+00:00","og_image":[{"width":960,"height":640,"url":"https:\/\/www.zeitgeistirland24.com\/app\/uploads\/2023\/12\/2_Musici_Ireland_Jed_Niezgoda_A_Mothers_Voice_960w.jpg","type":"image\/jpeg"}],"twitter_card":"summary_large_image","twitter_site":"@DeptCultureIRL","twitter_misc":{"Est. reading time":"1 minute"},"schema":{"@context":"https:\/\/schema.org","@graph":[{"@type":"WebPage","@id":"https:\/\/www.zeitgeistirland24.com\/de\/event\/musici-ireland\/","url":"https:\/\/www.zeitgeistirland24.com\/de\/event\/musici-ireland\/","name":"\"Ceili\u00faradh ar L\u00e1 Fh\u00e9ile P\u00e1draig\" mit Musici Ireland - Zeitgeist Irland 24","isPartOf":{"@id":"https:\/\/www.zeitgeistirland24.com\/#website"},"primaryImageOfPage":{"@id":"https:\/\/www.zeitgeistirland24.com\/de\/event\/musici-ireland\/#primaryimage"},"image":{"@id":"https:\/\/www.zeitgeistirland24.com\/de\/event\/musici-ireland\/#primaryimage"},"thumbnailUrl":"https:\/\/www.zeitgeistirland24.com\/app\/uploads\/2023\/12\/2_Musici_Ireland_Jed_Niezgoda_A_Mothers_Voice_960w.jpg","datePublished":"2023-11-29T20:41:33+00:00","dateModified":"2024-02-21T16:01:38+00:00","breadcrumb":{"@id":"https:\/\/www.zeitgeistirland24.com\/de\/event\/musici-ireland\/#breadcrumb"},"inLanguage":"de-DE","potentialAction":[{"@type":"ReadAction","target":["https:\/\/www.zeitgeistirland24.com\/de\/event\/musici-ireland\/"]}]},{"@type":"ImageObject","inLanguage":"de-DE","@id":"https:\/\/www.zeitgeistirland24.com\/de\/event\/musici-ireland\/#primaryimage","url":"https:\/\/www.zeitgeistirland24.com\/app\/uploads\/2023\/12\/2_Musici_Ireland_Jed_Niezgoda_A_Mothers_Voice_960w.jpg","contentUrl":"https:\/\/www.zeitgeistirland24.com\/app\/uploads\/2023\/12\/2_Musici_Ireland_Jed_Niezgoda_A_Mothers_Voice_960w.jpg","width":960,"height":640,"caption":"A_Mothers_Voice"},{"@type":"BreadcrumbList","@id":"https:\/\/www.zeitgeistirland24.com\/de\/event\/musici-ireland\/#breadcrumb","itemListElement":[{"@type":"ListItem","position":1,"name":"Home","item":"https:\/\/www.zeitgeistirland24.com\/de\/"},{"@type":"ListItem","position":2,"name":"Events","item":"https:\/\/www.zeitgeistirland24.com\/events\/"},{"@type":"ListItem","position":3,"name":"&#8220;Ceili\u00faradh ar L\u00e1 Fh\u00e9ile P\u00e1draig&#8221; mit Musici Ireland"}]},{"@type":"WebSite","@id":"https:\/\/www.zeitgeistirland24.com\/#website","url":"https:\/\/www.zeitgeistirland24.com\/","name":"Zeitgeist Irland 24","description":"A season of Irish arts and culture in Germany throughout 2024","publisher":{"@id":"https:\/\/www.zeitgeistirland24.com\/#organization"},"potentialAction":[{"@type":"SearchAction","target":{"@type":"EntryPoint","urlTemplate":"https:\/\/www.zeitgeistirland24.com\/?s={search_term_string}"},"query-input":{"@type":"PropertyValueSpecification","valueRequired":true,"valueName":"search_term_string"}}],"inLanguage":"de-DE"},{"@type":"Organization","@id":"https:\/\/www.zeitgeistirland24.com\/#organization","name":"Zeitgeist Irland 24","url":"https:\/\/www.zeitgeistirland24.com\/","logo":{"@type":"ImageObject","inLanguage":"de-DE","@id":"https:\/\/www.zeitgeistirland24.com\/#\/schema\/logo\/image\/","url":"https:\/\/www.zeitgeistirland24.com\/app\/uploads\/2023\/11\/zeitgeist-logo.png","contentUrl":"https:\/\/www.zeitgeistirland24.com\/app\/uploads\/2023\/11\/zeitgeist-logo.png","width":640,"height":352,"caption":"Zeitgeist Irland 24"},"image":{"@id":"https:\/\/www.zeitgeistirland24.com\/#\/schema\/logo\/image\/"},"sameAs":["https:\/\/www.facebook.com\/DepartmentofCultureIRL\/","https:\/\/x.com\/DeptCultureIRL","https:\/\/www.instagram.com\/tourism.culture.gaeltacht"]}]}},"uagb_featured_image_src":{"full":["https:\/\/www.zeitgeistirland24.com\/app\/uploads\/2023\/12\/2_Musici_Ireland_Jed_Niezgoda_A_Mothers_Voice_960w.jpg",960,640,false],"thumbnail":["https:\/\/www.zeitgeistirland24.com\/app\/uploads\/2023\/12\/2_Musici_Ireland_Jed_Niezgoda_A_Mothers_Voice_960w-150x150.jpg",150,150,true],"medium":["https:\/\/www.zeitgeistirland24.com\/app\/uploads\/2023\/12\/2_Musici_Ireland_Jed_Niezgoda_A_Mothers_Voice_960w-300x200.jpg",300,200,true],"medium_large":["https:\/\/www.zeitgeistirland24.com\/app\/uploads\/2023\/12\/2_Musici_Ireland_Jed_Niezgoda_A_Mothers_Voice_960w-768x512.jpg",768,512,true],"large":["https:\/\/www.zeitgeistirland24.com\/app\/uploads\/2023\/12\/2_Musici_Ireland_Jed_Niezgoda_A_Mothers_Voice_960w.jpg",960,640,false],"1536x1536":["https:\/\/www.zeitgeistirland24.com\/app\/uploads\/2023\/12\/2_Musici_Ireland_Jed_Niezgoda_A_Mothers_Voice_960w.jpg",960,640,false],"2048x2048":["https:\/\/www.zeitgeistirland24.com\/app\/uploads\/2023\/12\/2_Musici_Ireland_Jed_Niezgoda_A_Mothers_Voice_960w.jpg",960,640,false],"gform-image-choice-sm":["https:\/\/www.zeitgeistirland24.com\/app\/uploads\/2023\/12\/2_Musici_Ireland_Jed_Niezgoda_A_Mothers_Voice_960w.jpg",300,200,false],"gform-image-choice-md":["https:\/\/www.zeitgeistirland24.com\/app\/uploads\/2023\/12\/2_Musici_Ireland_Jed_Niezgoda_A_Mothers_Voice_960w.jpg",400,267,false],"gform-image-choice-lg":["https:\/\/www.zeitgeistirland24.com\/app\/uploads\/2023\/12\/2_Musici_Ireland_Jed_Niezgoda_A_Mothers_Voice_960w.jpg",600,400,false]},"uagb_author_info":{"display_name":"Marlen Jacobs Hagen","author_link":"https:\/\/www.zeitgeistirland24.com\/de\/author\/marlenj\/"},"uagb_comment_info":0,"uagb_excerpt":"Eine Mini-Konzertreihe, pr\u00e4sentiert von Irlands f\u00fchrenden multidisziplin\u00e4ren Musikensembles zur Feier des St. Patrick's Wochenendes","_links":{"self":[{"href":"https:\/\/www.zeitgeistirland24.com\/de\/wp-json\/wp\/v2\/tribe_events\/697","targetHints":{"allow":["GET"]}}],"collection":[{"href":"https:\/\/www.zeitgeistirland24.com\/de\/wp-json\/wp\/v2\/tribe_events"}],"about":[{"href":"https:\/\/www.zeitgeistirland24.com\/de\/wp-json\/wp\/v2\/types\/tribe_events"}],"author":[{"embeddable":true,"href":"https:\/\/www.zeitgeistirland24.com\/de\/wp-json\/wp\/v2\/users\/14"}],"replies":[{"embeddable":true,"href":"https:\/\/www.zeitgeistirland24.com\/de\/wp-json\/wp\/v2\/comments?post=697"}],"version-history":[{"count":5,"href":"https:\/\/www.zeitgeistirland24.com\/de\/wp-json\/wp\/v2\/tribe_events\/697\/revisions"}],"predecessor-version":[{"id":2284,"href":"https:\/\/www.zeitgeistirland24.com\/de\/wp-json\/wp\/v2\/tribe_events\/697\/revisions\/2284"}],"wp:featuredmedia":[{"embeddable":true,"href":"https:\/\/www.zeitgeistirland24.com\/de\/wp-json\/wp\/v2\/media\/1401"}],"wp:attachment":[{"href":"https:\/\/www.zeitgeistirland24.com\/de\/wp-json\/wp\/v2\/media?parent=697"}],"wp:term":[{"taxonomy":"post_tag","embeddable":true,"href":"https:\/\/www.zeitgeistirland24.com\/de\/wp-json\/wp\/v2\/tags?post=697"},{"taxonomy":"tribe_events_cat","embeddable":true,"href":"https:\/\/www.zeitgeistirland24.com\/de\/wp-json\/wp\/v2\/tribe_events_cat?post=697"}],"curies":[{"name":"wp","href":"https:\/\/api.w.org\/{rel}","templated":true}]}}