{"id":769,"date":"2023-12-01T14:17:53","date_gmt":"2023-12-01T14:17:53","guid":{"rendered":"https:\/\/www.zeitgeistirland24.com\/?post_type=tribe_events&#038;p=769"},"modified":"2023-12-06T13:19:31","modified_gmt":"2023-12-06T13:19:31","slug":"a-s-fanning-louis-brennan-and-the-travelling-circus-of-misery","status":"publish","type":"tribe_events","link":"https:\/\/www.zeitgeistirland24.com\/de\/event\/a-s-fanning-louis-brennan-and-the-travelling-circus-of-misery\/","title":{"rendered":"A.S. Fanning &amp; Louis Brennan and the Travelling Circus of Misery"},"content":{"rendered":"<p>Die irischen Songwriter A.S. Fanning und Louis Brennan bereiten sich auf eine au\u00dfergew\u00f6hnliche Konzerttournee durch Deutschland im Fr\u00fchjahr 2024 vor. <\/p>\n<p>A.S. Fanning und Louis Brennan stammen beide aus Dublin und leben heute in Berlin bzw. London. Die Tournee verspricht eine einzigartige Gelegenheit, zwei der besten irischen Songwriter der Gegenwart an einem Abend zu erleben. <\/p>\n<p>A.S. Fanning und Louis Brennan kn\u00fcpfen an die reiche Tradition der irischen Exilliteratur an und setzen sich in ihren Werken mit den Themen Vertreibung, Tod, Identit\u00e4t, Postkolonialismus und der conditio humana auseinander \u2013 Themen, die tief in der irischen k\u00fcnstlerischen Psyche verwurzelt sind. Von der Trag\u00f6die bis zur Farce \u2013 ihre Beherrschung des geschriebenen Wortes zeigt sich in der sorgf\u00e4ltig ausgearbeiteten Klangarchitektur und den Texten. Das Publikum kann eine Achterbahnfahrt durch musikalische und emotionale Landschaften von zwei Singer-Songwritern auf h\u00f6chstem Niveau erwarten.<\/p>\n<p>28.02. Berlin -Silent Green Kuppelhalle<br \/>\n29.02. Frankfurt &#8211; Ponyhof<br \/>\n01.03. Neu-Ulm &#8211; Gold<br \/>\n02.03. Karlsruhe &#8211; Cafe Nun<br \/>\n03.03. M\u00fcnchen &#8211; Substanz<br \/>\n04.03. TBC<br \/>\n05.03. Dresden &#8211; Ostpol<br \/>\n06.03. Chemnitz &#8211; aaltra<br \/>\n07.03. TBC<br \/>\n08.03. Crailsheim &#8211; 7180 Bar<br \/>\n09.03. Jena &#8211; Bands privat e.V.<br \/>\n10.03. M\u00fcnster &#8211; Pension Schmidt<\/p>\n","protected":false},"excerpt":{"rendered":"<p>Ein Abend mit zwei Songwritern, die mit einer gemeinsamen Band auftreten.<\/p>\n","protected":false},"author":14,"featured_media":1814,"comment_status":"closed","ping_status":"closed","template":"","meta":{"_acf_changed":false,"_uag_custom_page_level_css":"","_tribe_events_status":"","_tribe_events_status_reason":"","_tribe_events_is_hybrid":"","_tribe_events_is_virtual":"","_tribe_events_virtual_video_source":"","_tribe_events_virtual_embed_video":"","_tribe_events_virtual_linked_button_text":"","_tribe_events_virtual_linked_button":"","_tribe_events_virtual_show_embed_at":"","_tribe_events_virtual_show_embed_to":[],"_tribe_events_virtual_show_on_event":"","_tribe_events_virtual_show_on_views":"","_tribe_events_virtual_url":"","footnotes":""},"tags":[],"tribe_events_cat":[61],"class_list":["post-769","tribe_events","type-tribe_events","status-publish","has-post-thumbnail","hentry","tribe_events_cat-music-pop-rock-electronic-de","cat_music-pop-rock-electronic-de"],"acf":[],"yoast_head":"<!-- This site is optimized with the Yoast SEO plugin v25.0 - https:\/\/yoast.com\/wordpress\/plugins\/seo\/ -->\n<title>A.S. Fanning &amp; Louis Brennan and the Travelling Circus of Misery - Zeitgeist Irland 24<\/title>\n<meta name=\"robots\" content=\"index, follow, max-snippet:-1, max-image-preview:large, max-video-preview:-1\" \/>\n<link rel=\"canonical\" href=\"https:\/\/www.zeitgeistirland24.com\/de\/event\/a-s-fanning-louis-brennan-and-the-travelling-circus-of-misery\/\" \/>\n<meta property=\"og:locale\" content=\"de_DE\" \/>\n<meta property=\"og:type\" content=\"article\" \/>\n<meta property=\"og:title\" content=\"A.S. Fanning &amp; Louis Brennan and the Travelling Circus of Misery - Zeitgeist Irland 24\" \/>\n<meta property=\"og:description\" content=\"Ein Abend mit zwei Songwritern, die mit einer gemeinsamen Band auftreten.\" \/>\n<meta property=\"og:url\" content=\"https:\/\/www.zeitgeistirland24.com\/de\/event\/a-s-fanning-louis-brennan-and-the-travelling-circus-of-misery\/\" \/>\n<meta property=\"og:site_name\" content=\"Zeitgeist Irland 24\" \/>\n<meta property=\"article:publisher\" content=\"https:\/\/www.facebook.com\/DepartmentofCultureIRL\/\" \/>\n<meta property=\"article:modified_time\" content=\"2023-12-06T13:19:31+00:00\" \/>\n<meta property=\"og:image\" content=\"https:\/\/www.zeitgeistirland24.com\/app\/uploads\/2023\/11\/ASFANNING1_CreditNeilHoare_small.jpg\" \/>\n\t<meta property=\"og:image:width\" content=\"960\" \/>\n\t<meta property=\"og:image:height\" content=\"640\" \/>\n\t<meta property=\"og:image:type\" content=\"image\/jpeg\" \/>\n<meta name=\"twitter:card\" content=\"summary_large_image\" \/>\n<meta name=\"twitter:site\" content=\"@DeptCultureIRL\" \/>\n<meta name=\"twitter:label1\" content=\"Est. reading time\" \/>\n\t<meta name=\"twitter:data1\" content=\"1 minute\" \/>\n<script type=\"application\/ld+json\" class=\"yoast-schema-graph\">{\"@context\":\"https:\/\/schema.org\",\"@graph\":[{\"@type\":\"WebPage\",\"@id\":\"https:\/\/www.zeitgeistirland24.com\/de\/event\/a-s-fanning-louis-brennan-and-the-travelling-circus-of-misery\/\",\"url\":\"https:\/\/www.zeitgeistirland24.com\/de\/event\/a-s-fanning-louis-brennan-and-the-travelling-circus-of-misery\/\",\"name\":\"A.S. Fanning &amp; Louis Brennan and the Travelling Circus of Misery - Zeitgeist Irland 24\",\"isPartOf\":{\"@id\":\"https:\/\/www.zeitgeistirland24.com\/#website\"},\"primaryImageOfPage\":{\"@id\":\"https:\/\/www.zeitgeistirland24.com\/de\/event\/a-s-fanning-louis-brennan-and-the-travelling-circus-of-misery\/#primaryimage\"},\"image\":{\"@id\":\"https:\/\/www.zeitgeistirland24.com\/de\/event\/a-s-fanning-louis-brennan-and-the-travelling-circus-of-misery\/#primaryimage\"},\"thumbnailUrl\":\"https:\/\/www.zeitgeistirland24.com\/app\/uploads\/2023\/12\/ASF_LB_CreditJanieJones2-scaled.jpeg\",\"datePublished\":\"2023-12-01T14:17:53+00:00\",\"dateModified\":\"2023-12-06T13:19:31+00:00\",\"breadcrumb\":{\"@id\":\"https:\/\/www.zeitgeistirland24.com\/de\/event\/a-s-fanning-louis-brennan-and-the-travelling-circus-of-misery\/#breadcrumb\"},\"inLanguage\":\"de-DE\",\"potentialAction\":[{\"@type\":\"ReadAction\",\"target\":[\"https:\/\/www.zeitgeistirland24.com\/de\/event\/a-s-fanning-louis-brennan-and-the-travelling-circus-of-misery\/\"]}]},{\"@type\":\"ImageObject\",\"inLanguage\":\"de-DE\",\"@id\":\"https:\/\/www.zeitgeistirland24.com\/de\/event\/a-s-fanning-louis-brennan-and-the-travelling-circus-of-misery\/#primaryimage\",\"url\":\"https:\/\/www.zeitgeistirland24.com\/app\/uploads\/2023\/12\/ASF_LB_CreditJanieJones2-scaled.jpeg\",\"contentUrl\":\"https:\/\/www.zeitgeistirland24.com\/app\/uploads\/2023\/12\/ASF_LB_CreditJanieJones2-scaled.jpeg\",\"width\":2560,\"height\":1707,\"caption\":\"Photo by Janie Jones\"},{\"@type\":\"BreadcrumbList\",\"@id\":\"https:\/\/www.zeitgeistirland24.com\/de\/event\/a-s-fanning-louis-brennan-and-the-travelling-circus-of-misery\/#breadcrumb\",\"itemListElement\":[{\"@type\":\"ListItem\",\"position\":1,\"name\":\"Home\",\"item\":\"https:\/\/www.zeitgeistirland24.com\/de\/\"},{\"@type\":\"ListItem\",\"position\":2,\"name\":\"Events\",\"item\":\"https:\/\/www.zeitgeistirland24.com\/events\/\"},{\"@type\":\"ListItem\",\"position\":3,\"name\":\"A.S. Fanning &amp; Louis Brennan and the Travelling Circus of Misery\"}]},{\"@type\":\"WebSite\",\"@id\":\"https:\/\/www.zeitgeistirland24.com\/#website\",\"url\":\"https:\/\/www.zeitgeistirland24.com\/\",\"name\":\"Zeitgeist Irland 24\",\"description\":\"A season of Irish arts and culture in Germany throughout 2024\",\"publisher\":{\"@id\":\"https:\/\/www.zeitgeistirland24.com\/#organization\"},\"potentialAction\":[{\"@type\":\"SearchAction\",\"target\":{\"@type\":\"EntryPoint\",\"urlTemplate\":\"https:\/\/www.zeitgeistirland24.com\/?s={search_term_string}\"},\"query-input\":{\"@type\":\"PropertyValueSpecification\",\"valueRequired\":true,\"valueName\":\"search_term_string\"}}],\"inLanguage\":\"de-DE\"},{\"@type\":\"Organization\",\"@id\":\"https:\/\/www.zeitgeistirland24.com\/#organization\",\"name\":\"Zeitgeist Irland 24\",\"url\":\"https:\/\/www.zeitgeistirland24.com\/\",\"logo\":{\"@type\":\"ImageObject\",\"inLanguage\":\"de-DE\",\"@id\":\"https:\/\/www.zeitgeistirland24.com\/#\/schema\/logo\/image\/\",\"url\":\"https:\/\/www.zeitgeistirland24.com\/app\/uploads\/2023\/11\/zeitgeist-logo.png\",\"contentUrl\":\"https:\/\/www.zeitgeistirland24.com\/app\/uploads\/2023\/11\/zeitgeist-logo.png\",\"width\":640,\"height\":352,\"caption\":\"Zeitgeist Irland 24\"},\"image\":{\"@id\":\"https:\/\/www.zeitgeistirland24.com\/#\/schema\/logo\/image\/\"},\"sameAs\":[\"https:\/\/www.facebook.com\/DepartmentofCultureIRL\/\",\"https:\/\/x.com\/DeptCultureIRL\",\"https:\/\/www.instagram.com\/tourism.culture.gaeltacht\"]}]}<\/script>\n<!-- \/ Yoast SEO plugin. -->","yoast_head_json":{"title":"A.S. Fanning &amp; Louis Brennan and the Travelling Circus of Misery - Zeitgeist Irland 24","robots":{"index":"index","follow":"follow","max-snippet":"max-snippet:-1","max-image-preview":"max-image-preview:large","max-video-preview":"max-video-preview:-1"},"canonical":"https:\/\/www.zeitgeistirland24.com\/de\/event\/a-s-fanning-louis-brennan-and-the-travelling-circus-of-misery\/","og_locale":"de_DE","og_type":"article","og_title":"A.S. Fanning &amp; Louis Brennan and the Travelling Circus of Misery - Zeitgeist Irland 24","og_description":"Ein Abend mit zwei Songwritern, die mit einer gemeinsamen Band auftreten.","og_url":"https:\/\/www.zeitgeistirland24.com\/de\/event\/a-s-fanning-louis-brennan-and-the-travelling-circus-of-misery\/","og_site_name":"Zeitgeist Irland 24","article_publisher":"https:\/\/www.facebook.com\/DepartmentofCultureIRL\/","article_modified_time":"2023-12-06T13:19:31+00:00","og_image":[{"width":960,"height":640,"url":"https:\/\/www.zeitgeistirland24.com\/app\/uploads\/2023\/11\/ASFANNING1_CreditNeilHoare_small.jpg","type":"image\/jpeg"}],"twitter_card":"summary_large_image","twitter_site":"@DeptCultureIRL","twitter_misc":{"Est. reading time":"1 minute"},"schema":{"@context":"https:\/\/schema.org","@graph":[{"@type":"WebPage","@id":"https:\/\/www.zeitgeistirland24.com\/de\/event\/a-s-fanning-louis-brennan-and-the-travelling-circus-of-misery\/","url":"https:\/\/www.zeitgeistirland24.com\/de\/event\/a-s-fanning-louis-brennan-and-the-travelling-circus-of-misery\/","name":"A.S. Fanning &amp; Louis Brennan and the Travelling Circus of Misery - Zeitgeist Irland 24","isPartOf":{"@id":"https:\/\/www.zeitgeistirland24.com\/#website"},"primaryImageOfPage":{"@id":"https:\/\/www.zeitgeistirland24.com\/de\/event\/a-s-fanning-louis-brennan-and-the-travelling-circus-of-misery\/#primaryimage"},"image":{"@id":"https:\/\/www.zeitgeistirland24.com\/de\/event\/a-s-fanning-louis-brennan-and-the-travelling-circus-of-misery\/#primaryimage"},"thumbnailUrl":"https:\/\/www.zeitgeistirland24.com\/app\/uploads\/2023\/12\/ASF_LB_CreditJanieJones2-scaled.jpeg","datePublished":"2023-12-01T14:17:53+00:00","dateModified":"2023-12-06T13:19:31+00:00","breadcrumb":{"@id":"https:\/\/www.zeitgeistirland24.com\/de\/event\/a-s-fanning-louis-brennan-and-the-travelling-circus-of-misery\/#breadcrumb"},"inLanguage":"de-DE","potentialAction":[{"@type":"ReadAction","target":["https:\/\/www.zeitgeistirland24.com\/de\/event\/a-s-fanning-louis-brennan-and-the-travelling-circus-of-misery\/"]}]},{"@type":"ImageObject","inLanguage":"de-DE","@id":"https:\/\/www.zeitgeistirland24.com\/de\/event\/a-s-fanning-louis-brennan-and-the-travelling-circus-of-misery\/#primaryimage","url":"https:\/\/www.zeitgeistirland24.com\/app\/uploads\/2023\/12\/ASF_LB_CreditJanieJones2-scaled.jpeg","contentUrl":"https:\/\/www.zeitgeistirland24.com\/app\/uploads\/2023\/12\/ASF_LB_CreditJanieJones2-scaled.jpeg","width":2560,"height":1707,"caption":"Photo by Janie Jones"},{"@type":"BreadcrumbList","@id":"https:\/\/www.zeitgeistirland24.com\/de\/event\/a-s-fanning-louis-brennan-and-the-travelling-circus-of-misery\/#breadcrumb","itemListElement":[{"@type":"ListItem","position":1,"name":"Home","item":"https:\/\/www.zeitgeistirland24.com\/de\/"},{"@type":"ListItem","position":2,"name":"Events","item":"https:\/\/www.zeitgeistirland24.com\/events\/"},{"@type":"ListItem","position":3,"name":"A.S. Fanning &amp; Louis Brennan and the Travelling Circus of Misery"}]},{"@type":"WebSite","@id":"https:\/\/www.zeitgeistirland24.com\/#website","url":"https:\/\/www.zeitgeistirland24.com\/","name":"Zeitgeist Irland 24","description":"A season of Irish arts and culture in Germany throughout 2024","publisher":{"@id":"https:\/\/www.zeitgeistirland24.com\/#organization"},"potentialAction":[{"@type":"SearchAction","target":{"@type":"EntryPoint","urlTemplate":"https:\/\/www.zeitgeistirland24.com\/?s={search_term_string}"},"query-input":{"@type":"PropertyValueSpecification","valueRequired":true,"valueName":"search_term_string"}}],"inLanguage":"de-DE"},{"@type":"Organization","@id":"https:\/\/www.zeitgeistirland24.com\/#organization","name":"Zeitgeist Irland 24","url":"https:\/\/www.zeitgeistirland24.com\/","logo":{"@type":"ImageObject","inLanguage":"de-DE","@id":"https:\/\/www.zeitgeistirland24.com\/#\/schema\/logo\/image\/","url":"https:\/\/www.zeitgeistirland24.com\/app\/uploads\/2023\/11\/zeitgeist-logo.png","contentUrl":"https:\/\/www.zeitgeistirland24.com\/app\/uploads\/2023\/11\/zeitgeist-logo.png","width":640,"height":352,"caption":"Zeitgeist Irland 24"},"image":{"@id":"https:\/\/www.zeitgeistirland24.com\/#\/schema\/logo\/image\/"},"sameAs":["https:\/\/www.facebook.com\/DepartmentofCultureIRL\/","https:\/\/x.com\/DeptCultureIRL","https:\/\/www.instagram.com\/tourism.culture.gaeltacht"]}]}},"uagb_featured_image_src":{"full":["https:\/\/www.zeitgeistirland24.com\/app\/uploads\/2023\/12\/ASF_LB_CreditJanieJones2-scaled.jpeg",2560,1707,false],"thumbnail":["https:\/\/www.zeitgeistirland24.com\/app\/uploads\/2023\/12\/ASF_LB_CreditJanieJones2-150x150.jpeg",150,150,true],"medium":["https:\/\/www.zeitgeistirland24.com\/app\/uploads\/2023\/12\/ASF_LB_CreditJanieJones2-300x200.jpeg",300,200,true],"medium_large":["https:\/\/www.zeitgeistirland24.com\/app\/uploads\/2023\/12\/ASF_LB_CreditJanieJones2-768x512.jpeg",768,512,true],"large":["https:\/\/www.zeitgeistirland24.com\/app\/uploads\/2023\/12\/ASF_LB_CreditJanieJones2-1024x683.jpeg",1024,683,true],"1536x1536":["https:\/\/www.zeitgeistirland24.com\/app\/uploads\/2023\/12\/ASF_LB_CreditJanieJones2-1536x1024.jpeg",1536,1024,true],"2048x2048":["https:\/\/www.zeitgeistirland24.com\/app\/uploads\/2023\/12\/ASF_LB_CreditJanieJones2-2048x1365.jpeg",2048,1365,true],"gform-image-choice-sm":["https:\/\/www.zeitgeistirland24.com\/app\/uploads\/2023\/12\/ASF_LB_CreditJanieJones2-scaled.jpeg",300,200,false],"gform-image-choice-md":["https:\/\/www.zeitgeistirland24.com\/app\/uploads\/2023\/12\/ASF_LB_CreditJanieJones2-scaled.jpeg",400,267,false],"gform-image-choice-lg":["https:\/\/www.zeitgeistirland24.com\/app\/uploads\/2023\/12\/ASF_LB_CreditJanieJones2-scaled.jpeg",600,400,false]},"uagb_author_info":{"display_name":"Marlen Jacobs Hagen","author_link":"https:\/\/www.zeitgeistirland24.com\/de\/author\/marlenj\/"},"uagb_comment_info":0,"uagb_excerpt":"Ein Abend mit zwei Songwritern, die mit einer gemeinsamen Band auftreten.","_links":{"self":[{"href":"https:\/\/www.zeitgeistirland24.com\/de\/wp-json\/wp\/v2\/tribe_events\/769","targetHints":{"allow":["GET"]}}],"collection":[{"href":"https:\/\/www.zeitgeistirland24.com\/de\/wp-json\/wp\/v2\/tribe_events"}],"about":[{"href":"https:\/\/www.zeitgeistirland24.com\/de\/wp-json\/wp\/v2\/types\/tribe_events"}],"author":[{"embeddable":true,"href":"https:\/\/www.zeitgeistirland24.com\/de\/wp-json\/wp\/v2\/users\/14"}],"replies":[{"embeddable":true,"href":"https:\/\/www.zeitgeistirland24.com\/de\/wp-json\/wp\/v2\/comments?post=769"}],"version-history":[{"count":4,"href":"https:\/\/www.zeitgeistirland24.com\/de\/wp-json\/wp\/v2\/tribe_events\/769\/revisions"}],"predecessor-version":[{"id":1701,"href":"https:\/\/www.zeitgeistirland24.com\/de\/wp-json\/wp\/v2\/tribe_events\/769\/revisions\/1701"}],"wp:featuredmedia":[{"embeddable":true,"href":"https:\/\/www.zeitgeistirland24.com\/de\/wp-json\/wp\/v2\/media\/1814"}],"wp:attachment":[{"href":"https:\/\/www.zeitgeistirland24.com\/de\/wp-json\/wp\/v2\/media?parent=769"}],"wp:term":[{"taxonomy":"post_tag","embeddable":true,"href":"https:\/\/www.zeitgeistirland24.com\/de\/wp-json\/wp\/v2\/tags?post=769"},{"taxonomy":"tribe_events_cat","embeddable":true,"href":"https:\/\/www.zeitgeistirland24.com\/de\/wp-json\/wp\/v2\/tribe_events_cat?post=769"}],"curies":[{"name":"wp","href":"https:\/\/api.w.org\/{rel}","templated":true}]}}