{"id":2967,"date":"2024-06-14T09:56:31","date_gmt":"2024-06-14T08:56:31","guid":{"rendered":"https:\/\/www.zeitgeistirland24.com\/?post_type=tribe_events&#038;p=2967"},"modified":"2024-06-20T17:02:51","modified_gmt":"2024-06-20T16:02:51","slug":"bloomsday-in-uckermark","status":"publish","type":"tribe_events","link":"https:\/\/www.zeitgeistirland24.com\/ga\/event\/bloomsday-in-uckermark\/","title":{"rendered":"Bloomsday in Uckermark"},"content":{"rendered":"<p>Warnitz in the Uckermark (Brandenburg) is celebrating the 120th anniversary of the day in 1904 described by Irish author James Joyce in his world-famous novel Ulysses, on which his hero Leopold Bloom wandered around Dublin from 8am until after midnight thinking and experiencing all sorts of things. At the same time it is the 70th anniversary of the first ever Bloomsday celebrated in Ireland then by authors Patrick Kavanagh, John Ryan and Flann O&#8217;Brien.<\/p>\n<p>Irish language writer and critic Liam Mac C\u00f3il joins a panel of invited speakers and readers to mark the day with a full and varied programme of events throughout the day, kicking off with a &#8216;Bloomsday lunch&#8217; at 14:00: Gorgonzola Sandwiches \u201cthe feety savour of green cheese\u201d &amp; Burgunder Rotwein \u201cmild fire of wine\u201d.<\/p>\n","protected":false},"excerpt":{"rendered":"<p>A celebratory day in Brandenburg dedicated to James Joyce\u2019s classic novel Ulysses<\/p>\n","protected":false},"author":12,"featured_media":2990,"comment_status":"closed","ping_status":"closed","template":"","meta":{"_acf_changed":false,"_uag_custom_page_level_css":"","_tribe_events_status":"","_tribe_events_status_reason":"","_tribe_events_is_hybrid":"","_tribe_events_is_virtual":"","_tribe_events_virtual_video_source":"","_tribe_events_virtual_embed_video":"","_tribe_events_virtual_linked_button_text":"","_tribe_events_virtual_linked_button":"","_tribe_events_virtual_show_embed_at":"","_tribe_events_virtual_show_embed_to":[],"_tribe_events_virtual_show_on_event":"","_tribe_events_virtual_show_on_views":"","_tribe_events_virtual_url":"","footnotes":""},"tags":[],"tribe_events_cat":[],"class_list":["post-2967","tribe_events","type-tribe_events","status-publish","has-post-thumbnail","hentry"],"acf":[],"yoast_head":"<!-- This site is optimized with the Yoast SEO plugin v25.0 - https:\/\/yoast.com\/wordpress\/plugins\/seo\/ -->\n<title>Bloomsday in Uckermark - Zeitgeist Irland 24<\/title>\n<meta name=\"robots\" content=\"index, follow, max-snippet:-1, max-image-preview:large, max-video-preview:-1\" \/>\n<link rel=\"canonical\" href=\"https:\/\/www.zeitgeistirland24.com\/event\/bloomsday-in-uckermark\/\" \/>\n<meta property=\"og:locale\" content=\"ga_IE\" \/>\n<meta property=\"og:type\" content=\"article\" \/>\n<meta property=\"og:title\" content=\"Bloomsday in Uckermark - Zeitgeist Irland 24\" \/>\n<meta property=\"og:description\" content=\"A celebratory day in Brandenburg dedicated to James Joyce\u2019s classic novel Ulysses\" \/>\n<meta property=\"og:url\" content=\"https:\/\/www.zeitgeistirland24.com\/event\/bloomsday-in-uckermark\/\" \/>\n<meta property=\"og:site_name\" content=\"Zeitgeist Irland 24\" \/>\n<meta property=\"article:publisher\" content=\"https:\/\/www.facebook.com\/DepartmentofCultureIRL\/\" \/>\n<meta property=\"article:modified_time\" content=\"2024-06-20T16:02:51+00:00\" \/>\n<meta property=\"og:image\" content=\"https:\/\/www.zeitgeistirland24.com\/app\/uploads\/2024\/05\/960-x-640-ZI24-webimage-9.png\" \/>\n\t<meta property=\"og:image:width\" content=\"960\" \/>\n\t<meta property=\"og:image:height\" content=\"640\" \/>\n\t<meta property=\"og:image:type\" content=\"image\/png\" \/>\n<meta name=\"twitter:card\" content=\"summary_large_image\" \/>\n<meta name=\"twitter:site\" content=\"@DeptCultureIRL\" \/>\n<meta name=\"twitter:label1\" content=\"Est. reading time\" \/>\n\t<meta name=\"twitter:data1\" content=\"1 minute\" \/>\n<script type=\"application\/ld+json\" class=\"yoast-schema-graph\">{\"@context\":\"https:\/\/schema.org\",\"@graph\":[{\"@type\":\"WebPage\",\"@id\":\"https:\/\/www.zeitgeistirland24.com\/event\/bloomsday-in-uckermark\/\",\"url\":\"https:\/\/www.zeitgeistirland24.com\/event\/bloomsday-in-uckermark\/\",\"name\":\"Bloomsday in Uckermark - Zeitgeist Irland 24\",\"isPartOf\":{\"@id\":\"https:\/\/www.zeitgeistirland24.com\/#website\"},\"primaryImageOfPage\":{\"@id\":\"https:\/\/www.zeitgeistirland24.com\/event\/bloomsday-in-uckermark\/#primaryimage\"},\"image\":{\"@id\":\"https:\/\/www.zeitgeistirland24.com\/event\/bloomsday-in-uckermark\/#primaryimage\"},\"thumbnailUrl\":\"https:\/\/www.zeitgeistirland24.com\/app\/uploads\/2024\/05\/960-x-640-ZI24-webimage-9.png\",\"datePublished\":\"2024-06-14T08:56:31+00:00\",\"dateModified\":\"2024-06-20T16:02:51+00:00\",\"breadcrumb\":{\"@id\":\"https:\/\/www.zeitgeistirland24.com\/event\/bloomsday-in-uckermark\/#breadcrumb\"},\"inLanguage\":\"ga-IE\",\"potentialAction\":[{\"@type\":\"ReadAction\",\"target\":[\"https:\/\/www.zeitgeistirland24.com\/event\/bloomsday-in-uckermark\/\"]}]},{\"@type\":\"ImageObject\",\"inLanguage\":\"ga-IE\",\"@id\":\"https:\/\/www.zeitgeistirland24.com\/event\/bloomsday-in-uckermark\/#primaryimage\",\"url\":\"https:\/\/www.zeitgeistirland24.com\/app\/uploads\/2024\/05\/960-x-640-ZI24-webimage-9.png\",\"contentUrl\":\"https:\/\/www.zeitgeistirland24.com\/app\/uploads\/2024\/05\/960-x-640-ZI24-webimage-9.png\",\"width\":960,\"height\":640,\"caption\":\"M\u00edne Mac C\u00f3il, Liam Mac C\u00f3il, Cornelia Jentzsch (Photo: Uta Baatz)\"},{\"@type\":\"BreadcrumbList\",\"@id\":\"https:\/\/www.zeitgeistirland24.com\/event\/bloomsday-in-uckermark\/#breadcrumb\",\"itemListElement\":[{\"@type\":\"ListItem\",\"position\":1,\"name\":\"Home\",\"item\":\"https:\/\/www.zeitgeistirland24.com\/ga\/\"},{\"@type\":\"ListItem\",\"position\":2,\"name\":\"Events\",\"item\":\"https:\/\/www.zeitgeistirland24.com\/events\/\"},{\"@type\":\"ListItem\",\"position\":3,\"name\":\"Bloomsday in Uckermark\"}]},{\"@type\":\"WebSite\",\"@id\":\"https:\/\/www.zeitgeistirland24.com\/#website\",\"url\":\"https:\/\/www.zeitgeistirland24.com\/\",\"name\":\"Zeitgeist Irland 24\",\"description\":\"A season of Irish arts and culture in Germany throughout 2024\",\"publisher\":{\"@id\":\"https:\/\/www.zeitgeistirland24.com\/#organization\"},\"potentialAction\":[{\"@type\":\"SearchAction\",\"target\":{\"@type\":\"EntryPoint\",\"urlTemplate\":\"https:\/\/www.zeitgeistirland24.com\/?s={search_term_string}\"},\"query-input\":{\"@type\":\"PropertyValueSpecification\",\"valueRequired\":true,\"valueName\":\"search_term_string\"}}],\"inLanguage\":\"ga-IE\"},{\"@type\":\"Organization\",\"@id\":\"https:\/\/www.zeitgeistirland24.com\/#organization\",\"name\":\"Zeitgeist Irland 24\",\"url\":\"https:\/\/www.zeitgeistirland24.com\/\",\"logo\":{\"@type\":\"ImageObject\",\"inLanguage\":\"ga-IE\",\"@id\":\"https:\/\/www.zeitgeistirland24.com\/#\/schema\/logo\/image\/\",\"url\":\"https:\/\/www.zeitgeistirland24.com\/app\/uploads\/2023\/11\/zeitgeist-logo.png\",\"contentUrl\":\"https:\/\/www.zeitgeistirland24.com\/app\/uploads\/2023\/11\/zeitgeist-logo.png\",\"width\":640,\"height\":352,\"caption\":\"Zeitgeist Irland 24\"},\"image\":{\"@id\":\"https:\/\/www.zeitgeistirland24.com\/#\/schema\/logo\/image\/\"},\"sameAs\":[\"https:\/\/www.facebook.com\/DepartmentofCultureIRL\/\",\"https:\/\/x.com\/DeptCultureIRL\",\"https:\/\/www.instagram.com\/tourism.culture.gaeltacht\"]}]}<\/script>\n<!-- \/ Yoast SEO plugin. -->","yoast_head_json":{"title":"Bloomsday in Uckermark - Zeitgeist Irland 24","robots":{"index":"index","follow":"follow","max-snippet":"max-snippet:-1","max-image-preview":"max-image-preview:large","max-video-preview":"max-video-preview:-1"},"canonical":"https:\/\/www.zeitgeistirland24.com\/event\/bloomsday-in-uckermark\/","og_locale":"ga_IE","og_type":"article","og_title":"Bloomsday in Uckermark - Zeitgeist Irland 24","og_description":"A celebratory day in Brandenburg dedicated to James Joyce\u2019s classic novel Ulysses","og_url":"https:\/\/www.zeitgeistirland24.com\/event\/bloomsday-in-uckermark\/","og_site_name":"Zeitgeist Irland 24","article_publisher":"https:\/\/www.facebook.com\/DepartmentofCultureIRL\/","article_modified_time":"2024-06-20T16:02:51+00:00","og_image":[{"width":960,"height":640,"url":"https:\/\/www.zeitgeistirland24.com\/app\/uploads\/2024\/05\/960-x-640-ZI24-webimage-9.png","type":"image\/png"}],"twitter_card":"summary_large_image","twitter_site":"@DeptCultureIRL","twitter_misc":{"Est. reading time":"1 minute"},"schema":{"@context":"https:\/\/schema.org","@graph":[{"@type":"WebPage","@id":"https:\/\/www.zeitgeistirland24.com\/event\/bloomsday-in-uckermark\/","url":"https:\/\/www.zeitgeistirland24.com\/event\/bloomsday-in-uckermark\/","name":"Bloomsday in Uckermark - Zeitgeist Irland 24","isPartOf":{"@id":"https:\/\/www.zeitgeistirland24.com\/#website"},"primaryImageOfPage":{"@id":"https:\/\/www.zeitgeistirland24.com\/event\/bloomsday-in-uckermark\/#primaryimage"},"image":{"@id":"https:\/\/www.zeitgeistirland24.com\/event\/bloomsday-in-uckermark\/#primaryimage"},"thumbnailUrl":"https:\/\/www.zeitgeistirland24.com\/app\/uploads\/2024\/05\/960-x-640-ZI24-webimage-9.png","datePublished":"2024-06-14T08:56:31+00:00","dateModified":"2024-06-20T16:02:51+00:00","breadcrumb":{"@id":"https:\/\/www.zeitgeistirland24.com\/event\/bloomsday-in-uckermark\/#breadcrumb"},"inLanguage":"ga-IE","potentialAction":[{"@type":"ReadAction","target":["https:\/\/www.zeitgeistirland24.com\/event\/bloomsday-in-uckermark\/"]}]},{"@type":"ImageObject","inLanguage":"ga-IE","@id":"https:\/\/www.zeitgeistirland24.com\/event\/bloomsday-in-uckermark\/#primaryimage","url":"https:\/\/www.zeitgeistirland24.com\/app\/uploads\/2024\/05\/960-x-640-ZI24-webimage-9.png","contentUrl":"https:\/\/www.zeitgeistirland24.com\/app\/uploads\/2024\/05\/960-x-640-ZI24-webimage-9.png","width":960,"height":640,"caption":"M\u00edne Mac C\u00f3il, Liam Mac C\u00f3il, Cornelia Jentzsch (Photo: Uta Baatz)"},{"@type":"BreadcrumbList","@id":"https:\/\/www.zeitgeistirland24.com\/event\/bloomsday-in-uckermark\/#breadcrumb","itemListElement":[{"@type":"ListItem","position":1,"name":"Home","item":"https:\/\/www.zeitgeistirland24.com\/ga\/"},{"@type":"ListItem","position":2,"name":"Events","item":"https:\/\/www.zeitgeistirland24.com\/events\/"},{"@type":"ListItem","position":3,"name":"Bloomsday in Uckermark"}]},{"@type":"WebSite","@id":"https:\/\/www.zeitgeistirland24.com\/#website","url":"https:\/\/www.zeitgeistirland24.com\/","name":"Zeitgeist Irland 24","description":"A season of Irish arts and culture in Germany throughout 2024","publisher":{"@id":"https:\/\/www.zeitgeistirland24.com\/#organization"},"potentialAction":[{"@type":"SearchAction","target":{"@type":"EntryPoint","urlTemplate":"https:\/\/www.zeitgeistirland24.com\/?s={search_term_string}"},"query-input":{"@type":"PropertyValueSpecification","valueRequired":true,"valueName":"search_term_string"}}],"inLanguage":"ga-IE"},{"@type":"Organization","@id":"https:\/\/www.zeitgeistirland24.com\/#organization","name":"Zeitgeist Irland 24","url":"https:\/\/www.zeitgeistirland24.com\/","logo":{"@type":"ImageObject","inLanguage":"ga-IE","@id":"https:\/\/www.zeitgeistirland24.com\/#\/schema\/logo\/image\/","url":"https:\/\/www.zeitgeistirland24.com\/app\/uploads\/2023\/11\/zeitgeist-logo.png","contentUrl":"https:\/\/www.zeitgeistirland24.com\/app\/uploads\/2023\/11\/zeitgeist-logo.png","width":640,"height":352,"caption":"Zeitgeist Irland 24"},"image":{"@id":"https:\/\/www.zeitgeistirland24.com\/#\/schema\/logo\/image\/"},"sameAs":["https:\/\/www.facebook.com\/DepartmentofCultureIRL\/","https:\/\/x.com\/DeptCultureIRL","https:\/\/www.instagram.com\/tourism.culture.gaeltacht"]}]}},"uagb_featured_image_src":{"full":["https:\/\/www.zeitgeistirland24.com\/app\/uploads\/2024\/05\/960-x-640-ZI24-webimage-9.png",960,640,false],"thumbnail":["https:\/\/www.zeitgeistirland24.com\/app\/uploads\/2024\/05\/960-x-640-ZI24-webimage-9-150x150.png",150,150,true],"medium":["https:\/\/www.zeitgeistirland24.com\/app\/uploads\/2024\/05\/960-x-640-ZI24-webimage-9-300x200.png",300,200,true],"medium_large":["https:\/\/www.zeitgeistirland24.com\/app\/uploads\/2024\/05\/960-x-640-ZI24-webimage-9-768x512.png",768,512,true],"large":["https:\/\/www.zeitgeistirland24.com\/app\/uploads\/2024\/05\/960-x-640-ZI24-webimage-9.png",960,640,false],"1536x1536":["https:\/\/www.zeitgeistirland24.com\/app\/uploads\/2024\/05\/960-x-640-ZI24-webimage-9.png",960,640,false],"2048x2048":["https:\/\/www.zeitgeistirland24.com\/app\/uploads\/2024\/05\/960-x-640-ZI24-webimage-9.png",960,640,false],"gform-image-choice-sm":["https:\/\/www.zeitgeistirland24.com\/app\/uploads\/2024\/05\/960-x-640-ZI24-webimage-9.png",300,200,false],"gform-image-choice-md":["https:\/\/www.zeitgeistirland24.com\/app\/uploads\/2024\/05\/960-x-640-ZI24-webimage-9.png",400,267,false],"gform-image-choice-lg":["https:\/\/www.zeitgeistirland24.com\/app\/uploads\/2024\/05\/960-x-640-ZI24-webimage-9.png",600,400,false]},"uagb_author_info":{"display_name":"Ciaran Walsh","author_link":"https:\/\/www.zeitgeistirland24.com\/ga\/author\/ciaranw\/"},"uagb_comment_info":0,"uagb_excerpt":"A celebratory day in Brandenburg dedicated to James Joyce\u2019s classic novel Ulysses","_links":{"self":[{"href":"https:\/\/www.zeitgeistirland24.com\/ga\/wp-json\/wp\/v2\/tribe_events\/2967","targetHints":{"allow":["GET"]}}],"collection":[{"href":"https:\/\/www.zeitgeistirland24.com\/ga\/wp-json\/wp\/v2\/tribe_events"}],"about":[{"href":"https:\/\/www.zeitgeistirland24.com\/ga\/wp-json\/wp\/v2\/types\/tribe_events"}],"author":[{"embeddable":true,"href":"https:\/\/www.zeitgeistirland24.com\/ga\/wp-json\/wp\/v2\/users\/12"}],"replies":[{"embeddable":true,"href":"https:\/\/www.zeitgeistirland24.com\/ga\/wp-json\/wp\/v2\/comments?post=2967"}],"version-history":[{"count":3,"href":"https:\/\/www.zeitgeistirland24.com\/ga\/wp-json\/wp\/v2\/tribe_events\/2967\/revisions"}],"predecessor-version":[{"id":2975,"href":"https:\/\/www.zeitgeistirland24.com\/ga\/wp-json\/wp\/v2\/tribe_events\/2967\/revisions\/2975"}],"wp:featuredmedia":[{"embeddable":true,"href":"https:\/\/www.zeitgeistirland24.com\/ga\/wp-json\/wp\/v2\/media\/2990"}],"wp:attachment":[{"href":"https:\/\/www.zeitgeistirland24.com\/ga\/wp-json\/wp\/v2\/media?parent=2967"}],"wp:term":[{"taxonomy":"post_tag","embeddable":true,"href":"https:\/\/www.zeitgeistirland24.com\/ga\/wp-json\/wp\/v2\/tags?post=2967"},{"taxonomy":"tribe_events_cat","embeddable":true,"href":"https:\/\/www.zeitgeistirland24.com\/ga\/wp-json\/wp\/v2\/tribe_events_cat?post=2967"}],"curies":[{"name":"wp","href":"https:\/\/api.w.org\/{rel}","templated":true}]}}