{"id":396,"date":"2023-11-27T21:38:44","date_gmt":"2023-11-27T21:38:44","guid":{"rendered":"https:\/\/www.zeitgeistirland24.com\/event\/the-war-of-love-in-baroque-opera\/"},"modified":"2023-11-27T21:38:44","modified_gmt":"2023-11-27T21:38:44","slug":"the-war-of-love-in-baroque-opera","status":"publish","type":"tribe_events","link":"https:\/\/www.zeitgeistirland24.com\/ga\/event\/the-war-of-love-in-baroque-opera\/","title":{"rendered":"The War of Love in Baroque Opera"},"content":{"rendered":"<p>T\u00e1 Opera Collective Ireland agus an Akademie f\u00fcr Alte Musik Berlin ag l\u00e9iri\u00fa Dido &amp; Aeneas le Purcell agus Venus &amp; Adonis le John Blow ag Kammeropera Schloss Rheinsberg 2024.<\/p>\n<p>T\u00e1 Opera Collective Ireland agus an Akademie f\u00fcr Alte Music Berlin ag l\u00e9iri\u00fa The War of Love in Baroque Opera mar ph\u00e1irt den fh\u00e9ile spreag\u00fail, F\u00e9ile Kammeroper ag Schloss Rheinsberg. Agus iad ag l\u00e9iri\u00fa dh\u00e1 cheann de na ceoldr\u00e1ma\u00ed luatha is br\u00edomhaire &#8211; Venus agus Adonis le John Blow, agus Dido agus Aeneas le Henry Purcell &#8211; t\u00e1 an comhlacht ag dul i gcomhar leis an cheolfhoireann bhar\u00f3cach a bhfuil c\u00e1il dhomhanda uirthi, Akamus, agus an ensemble gutha ceoil luath Sestina Musik, lenar l\u00e9irigh siad The Return of Ulysses (Monteverdi) agus Semele (Handel) mar ph\u00e1irt d\u2019Fh\u00e9ile Eala\u00edon Chill Chainnigh roimhe seo.<\/p>\n<p>Beidh an l\u00e9iri\u00fach\u00e1n leath-st\u00e1itsithe seo, ina l\u00e9ireofar na hamhr\u00e1naithe ceoldr\u00e1ma \u00c9ireannacha is fearr, faoi cheannas Patrick Mason agus faoi sti\u00fair Christian Curnyn agus tarl\u00f3idh s\u00e9 san amharclann iontach ag Schloss Rheinsburg, at\u00e1 250 bliain d\u2019aois, mar ph\u00e1irt den fh\u00e9ile idirn\u00e1isi\u00fanta &#8211; Kammeroper Schloss Rheinsburg 2024.<\/p>\n<p>T\u00e1 an sopr\u00e1n Anna Devin agus an barat\u00f3n Benjamin Russell sa chomp\u00e1ntas mar Venus &amp; Adonis.<\/p>\n","protected":false},"excerpt":{"rendered":"<p>T\u00e1 Opera Collective Ireland agus an Akademie f\u00fcr Alte Musik Berlin ag l\u00e9iri\u00fa Dido &amp; Aeneas le Purcell agus Venus &amp; Adonis le John Blow ag Kammeropera Schloss Rheinsberg 2024.<\/p>\n","protected":false},"author":4,"featured_media":326,"comment_status":"closed","ping_status":"closed","template":"","meta":{"_acf_changed":false,"_uag_custom_page_level_css":"","_tribe_events_status":"","_tribe_events_status_reason":"","_tribe_events_is_hybrid":"","_tribe_events_is_virtual":"","_tribe_events_virtual_video_source":"","_tribe_events_virtual_embed_video":"","_tribe_events_virtual_linked_button_text":"","_tribe_events_virtual_linked_button":"","_tribe_events_virtual_show_embed_at":"","_tribe_events_virtual_show_embed_to":[],"_tribe_events_virtual_show_on_event":"","_tribe_events_virtual_show_on_views":"","_tribe_events_virtual_url":"","footnotes":""},"tags":[],"tribe_events_cat":[58,56],"class_list":["post-396","tribe_events","type-tribe_events","status-publish","has-post-thumbnail","hentry","tribe_events_cat-music-classical-ga","tribe_events_cat-opera-ga","cat_music-classical-ga","cat_opera-ga"],"acf":[],"yoast_head":"<!-- This site is optimized with the Yoast SEO plugin v25.0 - https:\/\/yoast.com\/wordpress\/plugins\/seo\/ -->\n<title>The War of Love in Baroque Opera - Zeitgeist Irland 24<\/title>\n<meta name=\"robots\" content=\"index, follow, max-snippet:-1, max-image-preview:large, max-video-preview:-1\" \/>\n<link rel=\"canonical\" href=\"https:\/\/www.zeitgeistirland24.com\/event\/the-war-of-love-in-baroque-opera\/\" \/>\n<meta property=\"og:locale\" content=\"ga_IE\" \/>\n<meta property=\"og:type\" content=\"article\" \/>\n<meta property=\"og:title\" content=\"The War of Love in Baroque Opera - Zeitgeist Irland 24\" \/>\n<meta property=\"og:description\" content=\"T\u00e1 Opera Collective Ireland agus an Akademie f\u00fcr Alte Musik Berlin ag l\u00e9iri\u00fa Dido &amp; Aeneas le Purcell agus Venus &amp; Adonis le John Blow ag Kammeropera Schloss Rheinsberg 2024.\" \/>\n<meta property=\"og:url\" content=\"https:\/\/www.zeitgeistirland24.com\/event\/the-war-of-love-in-baroque-opera\/\" \/>\n<meta property=\"og:site_name\" content=\"Zeitgeist Irland 24\" \/>\n<meta property=\"article:publisher\" content=\"https:\/\/www.facebook.com\/DepartmentofCultureIRL\/\" \/>\n<meta name=\"twitter:card\" content=\"summary_large_image\" \/>\n<meta name=\"twitter:site\" content=\"@DeptCultureIRL\" \/>\n<meta name=\"twitter:label1\" content=\"Est. reading time\" \/>\n\t<meta name=\"twitter:data1\" content=\"1 minute\" \/>\n<script type=\"application\/ld+json\" class=\"yoast-schema-graph\">{\"@context\":\"https:\/\/schema.org\",\"@graph\":[{\"@type\":\"WebPage\",\"@id\":\"https:\/\/www.zeitgeistirland24.com\/event\/the-war-of-love-in-baroque-opera\/\",\"url\":\"https:\/\/www.zeitgeistirland24.com\/event\/the-war-of-love-in-baroque-opera\/\",\"name\":\"The War of Love in Baroque Opera - Zeitgeist Irland 24\",\"isPartOf\":{\"@id\":\"https:\/\/www.zeitgeistirland24.com\/#website\"},\"primaryImageOfPage\":{\"@id\":\"https:\/\/www.zeitgeistirland24.com\/event\/the-war-of-love-in-baroque-opera\/#primaryimage\"},\"image\":{\"@id\":\"https:\/\/www.zeitgeistirland24.com\/event\/the-war-of-love-in-baroque-opera\/#primaryimage\"},\"thumbnailUrl\":\"https:\/\/www.zeitgeistirland24.com\/app\/uploads\/2023\/11\/1_Anna_Devin_as_Poppea_in_OCI_Agrippina_c._Frances_Marshall.jpg\",\"datePublished\":\"2023-11-27T21:38:44+00:00\",\"breadcrumb\":{\"@id\":\"https:\/\/www.zeitgeistirland24.com\/event\/the-war-of-love-in-baroque-opera\/#breadcrumb\"},\"inLanguage\":\"ga-IE\",\"potentialAction\":[{\"@type\":\"ReadAction\",\"target\":[\"https:\/\/www.zeitgeistirland24.com\/event\/the-war-of-love-in-baroque-opera\/\"]}]},{\"@type\":\"ImageObject\",\"inLanguage\":\"ga-IE\",\"@id\":\"https:\/\/www.zeitgeistirland24.com\/event\/the-war-of-love-in-baroque-opera\/#primaryimage\",\"url\":\"https:\/\/www.zeitgeistirland24.com\/app\/uploads\/2023\/11\/1_Anna_Devin_as_Poppea_in_OCI_Agrippina_c._Frances_Marshall.jpg\",\"contentUrl\":\"https:\/\/www.zeitgeistirland24.com\/app\/uploads\/2023\/11\/1_Anna_Devin_as_Poppea_in_OCI_Agrippina_c._Frances_Marshall.jpg\",\"width\":960,\"height\":640,\"caption\":\"Anna Devlin as Poppea in Agrippina. Photo: Frances Marschall\"},{\"@type\":\"BreadcrumbList\",\"@id\":\"https:\/\/www.zeitgeistirland24.com\/event\/the-war-of-love-in-baroque-opera\/#breadcrumb\",\"itemListElement\":[{\"@type\":\"ListItem\",\"position\":1,\"name\":\"Home\",\"item\":\"https:\/\/www.zeitgeistirland24.com\/ga\/\"},{\"@type\":\"ListItem\",\"position\":2,\"name\":\"Events\",\"item\":\"https:\/\/www.zeitgeistirland24.com\/events\/\"},{\"@type\":\"ListItem\",\"position\":3,\"name\":\"The War of Love in Baroque Opera\"}]},{\"@type\":\"WebSite\",\"@id\":\"https:\/\/www.zeitgeistirland24.com\/#website\",\"url\":\"https:\/\/www.zeitgeistirland24.com\/\",\"name\":\"Zeitgeist Irland 24\",\"description\":\"A season of Irish arts and culture in Germany throughout 2024\",\"publisher\":{\"@id\":\"https:\/\/www.zeitgeistirland24.com\/#organization\"},\"potentialAction\":[{\"@type\":\"SearchAction\",\"target\":{\"@type\":\"EntryPoint\",\"urlTemplate\":\"https:\/\/www.zeitgeistirland24.com\/?s={search_term_string}\"},\"query-input\":{\"@type\":\"PropertyValueSpecification\",\"valueRequired\":true,\"valueName\":\"search_term_string\"}}],\"inLanguage\":\"ga-IE\"},{\"@type\":\"Organization\",\"@id\":\"https:\/\/www.zeitgeistirland24.com\/#organization\",\"name\":\"Zeitgeist Irland 24\",\"url\":\"https:\/\/www.zeitgeistirland24.com\/\",\"logo\":{\"@type\":\"ImageObject\",\"inLanguage\":\"ga-IE\",\"@id\":\"https:\/\/www.zeitgeistirland24.com\/#\/schema\/logo\/image\/\",\"url\":\"https:\/\/www.zeitgeistirland24.com\/app\/uploads\/2023\/11\/zeitgeist-logo.png\",\"contentUrl\":\"https:\/\/www.zeitgeistirland24.com\/app\/uploads\/2023\/11\/zeitgeist-logo.png\",\"width\":640,\"height\":352,\"caption\":\"Zeitgeist Irland 24\"},\"image\":{\"@id\":\"https:\/\/www.zeitgeistirland24.com\/#\/schema\/logo\/image\/\"},\"sameAs\":[\"https:\/\/www.facebook.com\/DepartmentofCultureIRL\/\",\"https:\/\/x.com\/DeptCultureIRL\",\"https:\/\/www.instagram.com\/tourism.culture.gaeltacht\"]}]}<\/script>\n<!-- \/ Yoast SEO plugin. -->","yoast_head_json":{"title":"The War of Love in Baroque Opera - Zeitgeist Irland 24","robots":{"index":"index","follow":"follow","max-snippet":"max-snippet:-1","max-image-preview":"max-image-preview:large","max-video-preview":"max-video-preview:-1"},"canonical":"https:\/\/www.zeitgeistirland24.com\/event\/the-war-of-love-in-baroque-opera\/","og_locale":"ga_IE","og_type":"article","og_title":"The War of Love in Baroque Opera - Zeitgeist Irland 24","og_description":"T\u00e1 Opera Collective Ireland agus an Akademie f\u00fcr Alte Musik Berlin ag l\u00e9iri\u00fa Dido &amp; Aeneas le Purcell agus Venus &amp; Adonis le John Blow ag Kammeropera Schloss Rheinsberg 2024.","og_url":"https:\/\/www.zeitgeistirland24.com\/event\/the-war-of-love-in-baroque-opera\/","og_site_name":"Zeitgeist Irland 24","article_publisher":"https:\/\/www.facebook.com\/DepartmentofCultureIRL\/","twitter_card":"summary_large_image","twitter_site":"@DeptCultureIRL","twitter_misc":{"Est. reading time":"1 minute"},"schema":{"@context":"https:\/\/schema.org","@graph":[{"@type":"WebPage","@id":"https:\/\/www.zeitgeistirland24.com\/event\/the-war-of-love-in-baroque-opera\/","url":"https:\/\/www.zeitgeistirland24.com\/event\/the-war-of-love-in-baroque-opera\/","name":"The War of Love in Baroque Opera - Zeitgeist Irland 24","isPartOf":{"@id":"https:\/\/www.zeitgeistirland24.com\/#website"},"primaryImageOfPage":{"@id":"https:\/\/www.zeitgeistirland24.com\/event\/the-war-of-love-in-baroque-opera\/#primaryimage"},"image":{"@id":"https:\/\/www.zeitgeistirland24.com\/event\/the-war-of-love-in-baroque-opera\/#primaryimage"},"thumbnailUrl":"https:\/\/www.zeitgeistirland24.com\/app\/uploads\/2023\/11\/1_Anna_Devin_as_Poppea_in_OCI_Agrippina_c._Frances_Marshall.jpg","datePublished":"2023-11-27T21:38:44+00:00","breadcrumb":{"@id":"https:\/\/www.zeitgeistirland24.com\/event\/the-war-of-love-in-baroque-opera\/#breadcrumb"},"inLanguage":"ga-IE","potentialAction":[{"@type":"ReadAction","target":["https:\/\/www.zeitgeistirland24.com\/event\/the-war-of-love-in-baroque-opera\/"]}]},{"@type":"ImageObject","inLanguage":"ga-IE","@id":"https:\/\/www.zeitgeistirland24.com\/event\/the-war-of-love-in-baroque-opera\/#primaryimage","url":"https:\/\/www.zeitgeistirland24.com\/app\/uploads\/2023\/11\/1_Anna_Devin_as_Poppea_in_OCI_Agrippina_c._Frances_Marshall.jpg","contentUrl":"https:\/\/www.zeitgeistirland24.com\/app\/uploads\/2023\/11\/1_Anna_Devin_as_Poppea_in_OCI_Agrippina_c._Frances_Marshall.jpg","width":960,"height":640,"caption":"Anna Devlin as Poppea in Agrippina. Photo: Frances Marschall"},{"@type":"BreadcrumbList","@id":"https:\/\/www.zeitgeistirland24.com\/event\/the-war-of-love-in-baroque-opera\/#breadcrumb","itemListElement":[{"@type":"ListItem","position":1,"name":"Home","item":"https:\/\/www.zeitgeistirland24.com\/ga\/"},{"@type":"ListItem","position":2,"name":"Events","item":"https:\/\/www.zeitgeistirland24.com\/events\/"},{"@type":"ListItem","position":3,"name":"The War of Love in Baroque Opera"}]},{"@type":"WebSite","@id":"https:\/\/www.zeitgeistirland24.com\/#website","url":"https:\/\/www.zeitgeistirland24.com\/","name":"Zeitgeist Irland 24","description":"A season of Irish arts and culture in Germany throughout 2024","publisher":{"@id":"https:\/\/www.zeitgeistirland24.com\/#organization"},"potentialAction":[{"@type":"SearchAction","target":{"@type":"EntryPoint","urlTemplate":"https:\/\/www.zeitgeistirland24.com\/?s={search_term_string}"},"query-input":{"@type":"PropertyValueSpecification","valueRequired":true,"valueName":"search_term_string"}}],"inLanguage":"ga-IE"},{"@type":"Organization","@id":"https:\/\/www.zeitgeistirland24.com\/#organization","name":"Zeitgeist Irland 24","url":"https:\/\/www.zeitgeistirland24.com\/","logo":{"@type":"ImageObject","inLanguage":"ga-IE","@id":"https:\/\/www.zeitgeistirland24.com\/#\/schema\/logo\/image\/","url":"https:\/\/www.zeitgeistirland24.com\/app\/uploads\/2023\/11\/zeitgeist-logo.png","contentUrl":"https:\/\/www.zeitgeistirland24.com\/app\/uploads\/2023\/11\/zeitgeist-logo.png","width":640,"height":352,"caption":"Zeitgeist Irland 24"},"image":{"@id":"https:\/\/www.zeitgeistirland24.com\/#\/schema\/logo\/image\/"},"sameAs":["https:\/\/www.facebook.com\/DepartmentofCultureIRL\/","https:\/\/x.com\/DeptCultureIRL","https:\/\/www.instagram.com\/tourism.culture.gaeltacht"]}]}},"uagb_featured_image_src":{"full":["https:\/\/www.zeitgeistirland24.com\/app\/uploads\/2023\/11\/1_Anna_Devin_as_Poppea_in_OCI_Agrippina_c._Frances_Marshall.jpg",960,640,false],"thumbnail":["https:\/\/www.zeitgeistirland24.com\/app\/uploads\/2023\/11\/1_Anna_Devin_as_Poppea_in_OCI_Agrippina_c._Frances_Marshall-150x150.jpg",150,150,true],"medium":["https:\/\/www.zeitgeistirland24.com\/app\/uploads\/2023\/11\/1_Anna_Devin_as_Poppea_in_OCI_Agrippina_c._Frances_Marshall-300x200.jpg",300,200,true],"medium_large":["https:\/\/www.zeitgeistirland24.com\/app\/uploads\/2023\/11\/1_Anna_Devin_as_Poppea_in_OCI_Agrippina_c._Frances_Marshall-768x512.jpg",768,512,true],"large":["https:\/\/www.zeitgeistirland24.com\/app\/uploads\/2023\/11\/1_Anna_Devin_as_Poppea_in_OCI_Agrippina_c._Frances_Marshall.jpg",960,640,false],"1536x1536":["https:\/\/www.zeitgeistirland24.com\/app\/uploads\/2023\/11\/1_Anna_Devin_as_Poppea_in_OCI_Agrippina_c._Frances_Marshall.jpg",960,640,false],"2048x2048":["https:\/\/www.zeitgeistirland24.com\/app\/uploads\/2023\/11\/1_Anna_Devin_as_Poppea_in_OCI_Agrippina_c._Frances_Marshall.jpg",960,640,false],"gform-image-choice-sm":["https:\/\/www.zeitgeistirland24.com\/app\/uploads\/2023\/11\/1_Anna_Devin_as_Poppea_in_OCI_Agrippina_c._Frances_Marshall.jpg",300,200,false],"gform-image-choice-md":["https:\/\/www.zeitgeistirland24.com\/app\/uploads\/2023\/11\/1_Anna_Devin_as_Poppea_in_OCI_Agrippina_c._Frances_Marshall.jpg",400,267,false],"gform-image-choice-lg":["https:\/\/www.zeitgeistirland24.com\/app\/uploads\/2023\/11\/1_Anna_Devin_as_Poppea_in_OCI_Agrippina_c._Frances_Marshall.jpg",600,400,false]},"uagb_author_info":{"display_name":"Lisa","author_link":"https:\/\/www.zeitgeistirland24.com\/ga\/author\/lisa\/"},"uagb_comment_info":0,"uagb_excerpt":"T\u00e1 Opera Collective Ireland agus an Akademie f\u00fcr Alte Musik Berlin ag l\u00e9iri\u00fa Dido &amp; Aeneas le Purcell agus Venus &amp; Adonis le John Blow ag Kammeropera Schloss Rheinsberg 2024.","_links":{"self":[{"href":"https:\/\/www.zeitgeistirland24.com\/ga\/wp-json\/wp\/v2\/tribe_events\/396","targetHints":{"allow":["GET"]}}],"collection":[{"href":"https:\/\/www.zeitgeistirland24.com\/ga\/wp-json\/wp\/v2\/tribe_events"}],"about":[{"href":"https:\/\/www.zeitgeistirland24.com\/ga\/wp-json\/wp\/v2\/types\/tribe_events"}],"author":[{"embeddable":true,"href":"https:\/\/www.zeitgeistirland24.com\/ga\/wp-json\/wp\/v2\/users\/4"}],"replies":[{"embeddable":true,"href":"https:\/\/www.zeitgeistirland24.com\/ga\/wp-json\/wp\/v2\/comments?post=396"}],"version-history":[{"count":0,"href":"https:\/\/www.zeitgeistirland24.com\/ga\/wp-json\/wp\/v2\/tribe_events\/396\/revisions"}],"wp:featuredmedia":[{"embeddable":true,"href":"https:\/\/www.zeitgeistirland24.com\/ga\/wp-json\/wp\/v2\/media\/326"}],"wp:attachment":[{"href":"https:\/\/www.zeitgeistirland24.com\/ga\/wp-json\/wp\/v2\/media?parent=396"}],"wp:term":[{"taxonomy":"post_tag","embeddable":true,"href":"https:\/\/www.zeitgeistirland24.com\/ga\/wp-json\/wp\/v2\/tags?post=396"},{"taxonomy":"tribe_events_cat","embeddable":true,"href":"https:\/\/www.zeitgeistirland24.com\/ga\/wp-json\/wp\/v2\/tribe_events_cat?post=396"}],"curies":[{"name":"wp","href":"https:\/\/api.w.org\/{rel}","templated":true}]}}