{"id":692,"date":"2023-11-29T20:41:33","date_gmt":"2023-11-29T20:41:33","guid":{"rendered":"https:\/\/www.zeitgeistirland24.com\/?post_type=tribe_events&#038;p=692"},"modified":"2024-02-21T16:02:05","modified_gmt":"2024-02-21T16:02:05","slug":"musici-ireland","status":"publish","type":"tribe_events","link":"https:\/\/www.zeitgeistirland24.com\/ga\/event\/musici-ireland\/","title":{"rendered":"&#8220;Ceili\u00faradh ar L\u00e1 Fh\u00e9ile P\u00e1draig&#8221; with Musici Ireland"},"content":{"rendered":"<p>&#8220;A Mother&#8217;s Voice&#8221; &#8211;\u00a0\u00a0their highly acclaimed original production, features music by Linda and Irene Buckley, along with voices of three living survivors, animation, and an art installation. This is a fully immersive audience experience, a blend of activism and art. It is a commemorative dedication to the many women affected by the Mother and Baby Homes in Ireland during the 1900s. A Mother\u2019s Voice is a multidisciplinary production in honour of these women, a collaboration between artists and living survivors to shed light on this veiled era of Ireland\u2019s recent history.<\/p>\n<p>&#8220;Ireland and America &#8211; Ties across the Atlantic&#8221;\u00a0A beautiful concert of string quartet music, including: Dvorak &#8220;American&#8221;, Jessie Montgomery &#8220;Strum&#8221; and &#8220;Square Movement&#8221; for violin &amp; viola by Irish composer, Amanda Feery<\/p>\n<p>\u201c\u00d3 sl\u00e1n is c\u00e9ad on taobh so uaim\u201d &#8211;\u00a0A concert of string quartet &amp; classical guitar music celebrating Irish music, in collaboration with Frankfurt musicians Stefan Hladek and Rachelle Hunt<\/p>\n<p>Performers include: Mia Cooper, Jane Hackett, Rachelle Hunt, Beth McNinch, Katie Tertell and Stefan Hladek<\/p>\n","protected":false},"excerpt":{"rendered":"<p>A mini concert series presented by Ireland&#8217;s leading multi disciplinary music ensembles to celebrate St Patrick&#8217;s weekend<\/p>\n","protected":false},"author":14,"featured_media":1400,"comment_status":"closed","ping_status":"closed","template":"","meta":{"_acf_changed":false,"_uag_custom_page_level_css":"","_tribe_events_status":"","_tribe_events_status_reason":"","_tribe_events_is_hybrid":"","_tribe_events_is_virtual":"","_tribe_events_virtual_video_source":"","_tribe_events_virtual_embed_video":"","_tribe_events_virtual_linked_button_text":"","_tribe_events_virtual_linked_button":"","_tribe_events_virtual_show_embed_at":"","_tribe_events_virtual_show_embed_to":[],"_tribe_events_virtual_show_on_event":"","_tribe_events_virtual_show_on_views":"","_tribe_events_virtual_url":"","footnotes":""},"tags":[],"tribe_events_cat":[8,9],"class_list":["post-692","tribe_events","type-tribe_events","status-publish","has-post-thumbnail","hentry","tribe_events_cat-mulitidisciplinary","tribe_events_cat-music-classical","cat_mulitidisciplinary","cat_music-classical"],"acf":[],"yoast_head":"<!-- This site is optimized with the Yoast SEO plugin v25.0 - https:\/\/yoast.com\/wordpress\/plugins\/seo\/ -->\n<title>&quot;Ceili\u00faradh ar L\u00e1 Fh\u00e9ile P\u00e1draig&quot; with Musici Ireland - Zeitgeist Irland 24<\/title>\n<meta name=\"robots\" content=\"index, follow, max-snippet:-1, max-image-preview:large, max-video-preview:-1\" \/>\n<link rel=\"canonical\" href=\"https:\/\/www.zeitgeistirland24.com\/event\/musici-ireland\/\" \/>\n<meta property=\"og:locale\" content=\"ga_IE\" \/>\n<meta property=\"og:type\" content=\"article\" \/>\n<meta property=\"og:title\" content=\"&quot;Ceili\u00faradh ar L\u00e1 Fh\u00e9ile P\u00e1draig&quot; with Musici Ireland - Zeitgeist Irland 24\" \/>\n<meta property=\"og:description\" content=\"A mini concert series presented by Ireland&#039;s leading multi disciplinary music ensembles to celebrate St Patrick&#039;s weekend\" \/>\n<meta property=\"og:url\" content=\"https:\/\/www.zeitgeistirland24.com\/event\/musici-ireland\/\" \/>\n<meta property=\"og:site_name\" content=\"Zeitgeist Irland 24\" \/>\n<meta property=\"article:publisher\" content=\"https:\/\/www.facebook.com\/DepartmentofCultureIRL\/\" \/>\n<meta property=\"article:modified_time\" content=\"2024-02-21T16:02:05+00:00\" \/>\n<meta property=\"og:image\" content=\"https:\/\/www.zeitgeistirland24.com\/app\/uploads\/2023\/12\/2_Musici_Ireland_Jed_Niezgoda_A_Mothers_Voice_960w.jpg\" \/>\n\t<meta property=\"og:image:width\" content=\"960\" \/>\n\t<meta property=\"og:image:height\" content=\"640\" \/>\n\t<meta property=\"og:image:type\" content=\"image\/jpeg\" \/>\n<meta name=\"twitter:card\" content=\"summary_large_image\" \/>\n<meta name=\"twitter:site\" content=\"@DeptCultureIRL\" \/>\n<meta name=\"twitter:label1\" content=\"Est. reading time\" \/>\n\t<meta name=\"twitter:data1\" content=\"1 minute\" \/>\n<script type=\"application\/ld+json\" class=\"yoast-schema-graph\">{\"@context\":\"https:\/\/schema.org\",\"@graph\":[{\"@type\":\"WebPage\",\"@id\":\"https:\/\/www.zeitgeistirland24.com\/event\/musici-ireland\/\",\"url\":\"https:\/\/www.zeitgeistirland24.com\/event\/musici-ireland\/\",\"name\":\"\\\"Ceili\u00faradh ar L\u00e1 Fh\u00e9ile P\u00e1draig\\\" with Musici Ireland - Zeitgeist Irland 24\",\"isPartOf\":{\"@id\":\"https:\/\/www.zeitgeistirland24.com\/#website\"},\"primaryImageOfPage\":{\"@id\":\"https:\/\/www.zeitgeistirland24.com\/event\/musici-ireland\/#primaryimage\"},\"image\":{\"@id\":\"https:\/\/www.zeitgeistirland24.com\/event\/musici-ireland\/#primaryimage\"},\"thumbnailUrl\":\"https:\/\/www.zeitgeistirland24.com\/app\/uploads\/2023\/12\/2_Musici_Ireland_Jed_Niezgoda_A_Mothers_Voice_960w.jpg\",\"datePublished\":\"2023-11-29T20:41:33+00:00\",\"dateModified\":\"2024-02-21T16:02:05+00:00\",\"breadcrumb\":{\"@id\":\"https:\/\/www.zeitgeistirland24.com\/event\/musici-ireland\/#breadcrumb\"},\"inLanguage\":\"ga-IE\",\"potentialAction\":[{\"@type\":\"ReadAction\",\"target\":[\"https:\/\/www.zeitgeistirland24.com\/event\/musici-ireland\/\"]}]},{\"@type\":\"ImageObject\",\"inLanguage\":\"ga-IE\",\"@id\":\"https:\/\/www.zeitgeistirland24.com\/event\/musici-ireland\/#primaryimage\",\"url\":\"https:\/\/www.zeitgeistirland24.com\/app\/uploads\/2023\/12\/2_Musici_Ireland_Jed_Niezgoda_A_Mothers_Voice_960w.jpg\",\"contentUrl\":\"https:\/\/www.zeitgeistirland24.com\/app\/uploads\/2023\/12\/2_Musici_Ireland_Jed_Niezgoda_A_Mothers_Voice_960w.jpg\",\"width\":960,\"height\":640,\"caption\":\"A_Mothers_Voice\"},{\"@type\":\"BreadcrumbList\",\"@id\":\"https:\/\/www.zeitgeistirland24.com\/event\/musici-ireland\/#breadcrumb\",\"itemListElement\":[{\"@type\":\"ListItem\",\"position\":1,\"name\":\"Home\",\"item\":\"https:\/\/www.zeitgeistirland24.com\/ga\/\"},{\"@type\":\"ListItem\",\"position\":2,\"name\":\"Events\",\"item\":\"https:\/\/www.zeitgeistirland24.com\/events\/\"},{\"@type\":\"ListItem\",\"position\":3,\"name\":\"&#8220;Ceili\u00faradh ar L\u00e1 Fh\u00e9ile P\u00e1draig&#8221; with Musici Ireland\"}]},{\"@type\":\"WebSite\",\"@id\":\"https:\/\/www.zeitgeistirland24.com\/#website\",\"url\":\"https:\/\/www.zeitgeistirland24.com\/\",\"name\":\"Zeitgeist Irland 24\",\"description\":\"A season of Irish arts and culture in Germany throughout 2024\",\"publisher\":{\"@id\":\"https:\/\/www.zeitgeistirland24.com\/#organization\"},\"potentialAction\":[{\"@type\":\"SearchAction\",\"target\":{\"@type\":\"EntryPoint\",\"urlTemplate\":\"https:\/\/www.zeitgeistirland24.com\/?s={search_term_string}\"},\"query-input\":{\"@type\":\"PropertyValueSpecification\",\"valueRequired\":true,\"valueName\":\"search_term_string\"}}],\"inLanguage\":\"ga-IE\"},{\"@type\":\"Organization\",\"@id\":\"https:\/\/www.zeitgeistirland24.com\/#organization\",\"name\":\"Zeitgeist Irland 24\",\"url\":\"https:\/\/www.zeitgeistirland24.com\/\",\"logo\":{\"@type\":\"ImageObject\",\"inLanguage\":\"ga-IE\",\"@id\":\"https:\/\/www.zeitgeistirland24.com\/#\/schema\/logo\/image\/\",\"url\":\"https:\/\/www.zeitgeistirland24.com\/app\/uploads\/2023\/11\/zeitgeist-logo.png\",\"contentUrl\":\"https:\/\/www.zeitgeistirland24.com\/app\/uploads\/2023\/11\/zeitgeist-logo.png\",\"width\":640,\"height\":352,\"caption\":\"Zeitgeist Irland 24\"},\"image\":{\"@id\":\"https:\/\/www.zeitgeistirland24.com\/#\/schema\/logo\/image\/\"},\"sameAs\":[\"https:\/\/www.facebook.com\/DepartmentofCultureIRL\/\",\"https:\/\/x.com\/DeptCultureIRL\",\"https:\/\/www.instagram.com\/tourism.culture.gaeltacht\"]}]}<\/script>\n<!-- \/ Yoast SEO plugin. -->","yoast_head_json":{"title":"\"Ceili\u00faradh ar L\u00e1 Fh\u00e9ile P\u00e1draig\" with Musici Ireland - Zeitgeist Irland 24","robots":{"index":"index","follow":"follow","max-snippet":"max-snippet:-1","max-image-preview":"max-image-preview:large","max-video-preview":"max-video-preview:-1"},"canonical":"https:\/\/www.zeitgeistirland24.com\/event\/musici-ireland\/","og_locale":"ga_IE","og_type":"article","og_title":"\"Ceili\u00faradh ar L\u00e1 Fh\u00e9ile P\u00e1draig\" with Musici Ireland - Zeitgeist Irland 24","og_description":"A mini concert series presented by Ireland's leading multi disciplinary music ensembles to celebrate St Patrick's weekend","og_url":"https:\/\/www.zeitgeistirland24.com\/event\/musici-ireland\/","og_site_name":"Zeitgeist Irland 24","article_publisher":"https:\/\/www.facebook.com\/DepartmentofCultureIRL\/","article_modified_time":"2024-02-21T16:02:05+00:00","og_image":[{"width":960,"height":640,"url":"https:\/\/www.zeitgeistirland24.com\/app\/uploads\/2023\/12\/2_Musici_Ireland_Jed_Niezgoda_A_Mothers_Voice_960w.jpg","type":"image\/jpeg"}],"twitter_card":"summary_large_image","twitter_site":"@DeptCultureIRL","twitter_misc":{"Est. reading time":"1 minute"},"schema":{"@context":"https:\/\/schema.org","@graph":[{"@type":"WebPage","@id":"https:\/\/www.zeitgeistirland24.com\/event\/musici-ireland\/","url":"https:\/\/www.zeitgeistirland24.com\/event\/musici-ireland\/","name":"\"Ceili\u00faradh ar L\u00e1 Fh\u00e9ile P\u00e1draig\" with Musici Ireland - Zeitgeist Irland 24","isPartOf":{"@id":"https:\/\/www.zeitgeistirland24.com\/#website"},"primaryImageOfPage":{"@id":"https:\/\/www.zeitgeistirland24.com\/event\/musici-ireland\/#primaryimage"},"image":{"@id":"https:\/\/www.zeitgeistirland24.com\/event\/musici-ireland\/#primaryimage"},"thumbnailUrl":"https:\/\/www.zeitgeistirland24.com\/app\/uploads\/2023\/12\/2_Musici_Ireland_Jed_Niezgoda_A_Mothers_Voice_960w.jpg","datePublished":"2023-11-29T20:41:33+00:00","dateModified":"2024-02-21T16:02:05+00:00","breadcrumb":{"@id":"https:\/\/www.zeitgeistirland24.com\/event\/musici-ireland\/#breadcrumb"},"inLanguage":"ga-IE","potentialAction":[{"@type":"ReadAction","target":["https:\/\/www.zeitgeistirland24.com\/event\/musici-ireland\/"]}]},{"@type":"ImageObject","inLanguage":"ga-IE","@id":"https:\/\/www.zeitgeistirland24.com\/event\/musici-ireland\/#primaryimage","url":"https:\/\/www.zeitgeistirland24.com\/app\/uploads\/2023\/12\/2_Musici_Ireland_Jed_Niezgoda_A_Mothers_Voice_960w.jpg","contentUrl":"https:\/\/www.zeitgeistirland24.com\/app\/uploads\/2023\/12\/2_Musici_Ireland_Jed_Niezgoda_A_Mothers_Voice_960w.jpg","width":960,"height":640,"caption":"A_Mothers_Voice"},{"@type":"BreadcrumbList","@id":"https:\/\/www.zeitgeistirland24.com\/event\/musici-ireland\/#breadcrumb","itemListElement":[{"@type":"ListItem","position":1,"name":"Home","item":"https:\/\/www.zeitgeistirland24.com\/ga\/"},{"@type":"ListItem","position":2,"name":"Events","item":"https:\/\/www.zeitgeistirland24.com\/events\/"},{"@type":"ListItem","position":3,"name":"&#8220;Ceili\u00faradh ar L\u00e1 Fh\u00e9ile P\u00e1draig&#8221; with Musici Ireland"}]},{"@type":"WebSite","@id":"https:\/\/www.zeitgeistirland24.com\/#website","url":"https:\/\/www.zeitgeistirland24.com\/","name":"Zeitgeist Irland 24","description":"A season of Irish arts and culture in Germany throughout 2024","publisher":{"@id":"https:\/\/www.zeitgeistirland24.com\/#organization"},"potentialAction":[{"@type":"SearchAction","target":{"@type":"EntryPoint","urlTemplate":"https:\/\/www.zeitgeistirland24.com\/?s={search_term_string}"},"query-input":{"@type":"PropertyValueSpecification","valueRequired":true,"valueName":"search_term_string"}}],"inLanguage":"ga-IE"},{"@type":"Organization","@id":"https:\/\/www.zeitgeistirland24.com\/#organization","name":"Zeitgeist Irland 24","url":"https:\/\/www.zeitgeistirland24.com\/","logo":{"@type":"ImageObject","inLanguage":"ga-IE","@id":"https:\/\/www.zeitgeistirland24.com\/#\/schema\/logo\/image\/","url":"https:\/\/www.zeitgeistirland24.com\/app\/uploads\/2023\/11\/zeitgeist-logo.png","contentUrl":"https:\/\/www.zeitgeistirland24.com\/app\/uploads\/2023\/11\/zeitgeist-logo.png","width":640,"height":352,"caption":"Zeitgeist Irland 24"},"image":{"@id":"https:\/\/www.zeitgeistirland24.com\/#\/schema\/logo\/image\/"},"sameAs":["https:\/\/www.facebook.com\/DepartmentofCultureIRL\/","https:\/\/x.com\/DeptCultureIRL","https:\/\/www.instagram.com\/tourism.culture.gaeltacht"]}]}},"uagb_featured_image_src":{"full":["https:\/\/www.zeitgeistirland24.com\/app\/uploads\/2023\/12\/2_Musici_Ireland_Jed_Niezgoda_A_Mothers_Voice_960w.jpg",960,640,false],"thumbnail":["https:\/\/www.zeitgeistirland24.com\/app\/uploads\/2023\/12\/2_Musici_Ireland_Jed_Niezgoda_A_Mothers_Voice_960w-150x150.jpg",150,150,true],"medium":["https:\/\/www.zeitgeistirland24.com\/app\/uploads\/2023\/12\/2_Musici_Ireland_Jed_Niezgoda_A_Mothers_Voice_960w-300x200.jpg",300,200,true],"medium_large":["https:\/\/www.zeitgeistirland24.com\/app\/uploads\/2023\/12\/2_Musici_Ireland_Jed_Niezgoda_A_Mothers_Voice_960w-768x512.jpg",768,512,true],"large":["https:\/\/www.zeitgeistirland24.com\/app\/uploads\/2023\/12\/2_Musici_Ireland_Jed_Niezgoda_A_Mothers_Voice_960w.jpg",960,640,false],"1536x1536":["https:\/\/www.zeitgeistirland24.com\/app\/uploads\/2023\/12\/2_Musici_Ireland_Jed_Niezgoda_A_Mothers_Voice_960w.jpg",960,640,false],"2048x2048":["https:\/\/www.zeitgeistirland24.com\/app\/uploads\/2023\/12\/2_Musici_Ireland_Jed_Niezgoda_A_Mothers_Voice_960w.jpg",960,640,false],"gform-image-choice-sm":["https:\/\/www.zeitgeistirland24.com\/app\/uploads\/2023\/12\/2_Musici_Ireland_Jed_Niezgoda_A_Mothers_Voice_960w.jpg",300,200,false],"gform-image-choice-md":["https:\/\/www.zeitgeistirland24.com\/app\/uploads\/2023\/12\/2_Musici_Ireland_Jed_Niezgoda_A_Mothers_Voice_960w.jpg",400,267,false],"gform-image-choice-lg":["https:\/\/www.zeitgeistirland24.com\/app\/uploads\/2023\/12\/2_Musici_Ireland_Jed_Niezgoda_A_Mothers_Voice_960w.jpg",600,400,false]},"uagb_author_info":{"display_name":"Marlen Jacobs Hagen","author_link":"https:\/\/www.zeitgeistirland24.com\/ga\/author\/marlenj\/"},"uagb_comment_info":0,"uagb_excerpt":"A mini concert series presented by Ireland's leading multi disciplinary music ensembles to celebrate St Patrick's weekend","_links":{"self":[{"href":"https:\/\/www.zeitgeistirland24.com\/ga\/wp-json\/wp\/v2\/tribe_events\/692","targetHints":{"allow":["GET"]}}],"collection":[{"href":"https:\/\/www.zeitgeistirland24.com\/ga\/wp-json\/wp\/v2\/tribe_events"}],"about":[{"href":"https:\/\/www.zeitgeistirland24.com\/ga\/wp-json\/wp\/v2\/types\/tribe_events"}],"author":[{"embeddable":true,"href":"https:\/\/www.zeitgeistirland24.com\/ga\/wp-json\/wp\/v2\/users\/14"}],"replies":[{"embeddable":true,"href":"https:\/\/www.zeitgeistirland24.com\/ga\/wp-json\/wp\/v2\/comments?post=692"}],"version-history":[{"count":12,"href":"https:\/\/www.zeitgeistirland24.com\/ga\/wp-json\/wp\/v2\/tribe_events\/692\/revisions"}],"predecessor-version":[{"id":2283,"href":"https:\/\/www.zeitgeistirland24.com\/ga\/wp-json\/wp\/v2\/tribe_events\/692\/revisions\/2283"}],"wp:featuredmedia":[{"embeddable":true,"href":"https:\/\/www.zeitgeistirland24.com\/ga\/wp-json\/wp\/v2\/media\/1400"}],"wp:attachment":[{"href":"https:\/\/www.zeitgeistirland24.com\/ga\/wp-json\/wp\/v2\/media?parent=692"}],"wp:term":[{"taxonomy":"post_tag","embeddable":true,"href":"https:\/\/www.zeitgeistirland24.com\/ga\/wp-json\/wp\/v2\/tags?post=692"},{"taxonomy":"tribe_events_cat","embeddable":true,"href":"https:\/\/www.zeitgeistirland24.com\/ga\/wp-json\/wp\/v2\/tribe_events_cat?post=692"}],"curies":[{"name":"wp","href":"https:\/\/api.w.org\/{rel}","templated":true}]}}